{"id":911,"date":"2023-03-30T04:05:39","date_gmt":"2023-03-30T04:05:39","guid":{"rendered":"https:\/\/fundacionseenart.org\/?page_id=911"},"modified":"2023-04-12T20:05:57","modified_gmt":"2023-04-12T20:05:57","slug":"articulos","status":"publish","type":"page","link":"https:\/\/fundacionseenart.org\/en\/articulos\/","title":{"rendered":"Art\u00edculos"},"content":{"rendered":"<div data-elementor-type=\"wp-page\" data-elementor-id=\"911\" class=\"elementor elementor-911\">\n\t\t\t\t\t\t\t\t\t<section class=\"elementor-section elementor-top-section elementor-element elementor-element-8d796e9 elementor-section-boxed elementor-section-height-default elementor-section-height-default\" data-id=\"8d796e9\" data-element_type=\"section\" data-settings=\"{&quot;background_background&quot;:&quot;classic&quot;}\" data-e-bg-lazyload=\"\">\n\t\t\t\t\t\t\t<div class=\"elementor-background-overlay\"><\/div>\n\t\t\t\t\t\t\t<div class=\"elementor-container elementor-column-gap-default\">\n\t\t\t\t\t<div class=\"elementor-column elementor-col-100 elementor-top-column elementor-element elementor-element-3e22471\" data-id=\"3e22471\" data-element_type=\"column\">\n\t\t\t<div class=\"elementor-widget-wrap elementor-element-populated\">\n\t\t\t\t\t\t\t\t<div class=\"elementor-element elementor-element-547697c elementor-widget elementor-widget-heading\" data-id=\"547697c\" data-element_type=\"widget\" data-widget_type=\"heading.default\">\n\t\t\t\t<div class=\"elementor-widget-container\">\n\t\t\t<style>\/*! elementor - v3.12.1 - 02-04-2023 *\/\n.elementor-heading-title{padding:0;margin:0;line-height:1}.elementor-widget-heading .elementor-heading-title[class*=elementor-size-]>a{color:inherit;font-size:inherit;line-height:inherit}.elementor-widget-heading .elementor-heading-title.elementor-size-small{font-size:15px}.elementor-widget-heading .elementor-heading-title.elementor-size-medium{font-size:19px}.elementor-widget-heading .elementor-heading-title.elementor-size-large{font-size:29px}.elementor-widget-heading .elementor-heading-title.elementor-size-xl{font-size:39px}.elementor-widget-heading .elementor-heading-title.elementor-size-xxl{font-size:59px}<\/style><h1 class=\"elementor-heading-title elementor-size-default\">Recently Foundation Activities<\/h1>\t\t<\/div>\n\t\t\t\t<\/div>\n\t\t\t\t\t<\/div>\n\t\t<\/div>\n\t\t\t\t\t\t\t<\/div>\n\t\t<\/section>\n\t\t<div class=\"elementor-element elementor-element-ae20c74 e-con-boxed e-con\" data-id=\"ae20c74\" data-element_type=\"container\" data-settings=\"{&quot;content_width&quot;:&quot;boxed&quot;}\">\n\t\t\t\t\t<div class=\"e-con-inner\">\n\t\t\t\t<div class=\"elementor-element elementor-element-b0e363c elementor-grid-4 elementor-grid-tablet-2 elementor-grid-mobile-1 elementor-posts--thumbnail-top elementor-widget elementor-widget-posts\" data-id=\"b0e363c\" data-element_type=\"widget\" data-settings=\"{&quot;classic_columns&quot;:&quot;4&quot;,&quot;classic_columns_tablet&quot;:&quot;2&quot;,&quot;classic_columns_mobile&quot;:&quot;1&quot;,&quot;classic_row_gap&quot;:{&quot;unit&quot;:&quot;px&quot;,&quot;size&quot;:35,&quot;sizes&quot;:[]},&quot;classic_row_gap_tablet&quot;:{&quot;unit&quot;:&quot;px&quot;,&quot;size&quot;:&quot;&quot;,&quot;sizes&quot;:[]},&quot;classic_row_gap_mobile&quot;:{&quot;unit&quot;:&quot;px&quot;,&quot;size&quot;:&quot;&quot;,&quot;sizes&quot;:[]}}\" data-widget_type=\"posts.classic\">\n\t\t\t\t<div class=\"elementor-widget-container\">\n\t\t\t<link rel=\"stylesheet\" href=\"https:\/\/fundacionseenart.org\/wp-content\/plugins\/elementor-pro\/assets\/css\/widget-posts.min.css\">\t\t<div class=\"elementor-posts-container elementor-posts elementor-posts--skin-classic elementor-grid\">\n\t\t\t\t<article class=\"elementor-post elementor-grid-item post-1838 post type-post status-publish format-standard has-post-thumbnail hentry category-actividades\">\n\t\t\t\t<a class=\"elementor-post__thumbnail__link\" href=\"https:\/\/fundacionseenart.org\/en\/2023\/04\/12\/seenart-participa-en-reunion-entre-camara-de-comercio-del-reino-de-los-paises-bajos-y-embajada-de-los-paises-bajos-en-centroamerica\/\" >\n\t\t\t<div class=\"elementor-post__thumbnail\"><img loading=\"lazy\" decoding=\"async\" width=\"300\" height=\"225\" src=\"https:\/\/fundacionseenart.org\/wp-content\/uploads\/2023\/04\/fundacion-seen-art_001-300x225.jpg\" class=\"attachment-medium size-medium wp-image-1840\" alt=\"\" srcset=\"https:\/\/fundacionseenart.org\/wp-content\/uploads\/2023\/04\/fundacion-seen-art_001-300x225.jpg 300w, https:\/\/fundacionseenart.org\/wp-content\/uploads\/2023\/04\/fundacion-seen-art_001-768x576.jpg 768w, https:\/\/fundacionseenart.org\/wp-content\/uploads\/2023\/04\/fundacion-seen-art_001-16x12.jpg 16w, https:\/\/fundacionseenart.org\/wp-content\/uploads\/2023\/04\/fundacion-seen-art_001.jpg 960w\" sizes=\"auto, (max-width: 300px) 100vw, 300px\" \/><\/div>\n\t\t<\/a>\n\t\t\t\t<div class=\"elementor-post__text\">\n\t\t\t\t<h3 class=\"elementor-post__title\">\n\t\t\t<a href=\"https:\/\/fundacionseenart.org\/en\/2023\/04\/12\/seenart-participa-en-reunion-entre-camara-de-comercio-del-reino-de-los-paises-bajos-y-embajada-de-los-paises-bajos-en-centroamerica\/\" >\n\t\t\t\tSeenArt participates in meeting between Chamber of Commerce of the Kingdom of the Netherlands and Embassy of the Netherlands in Central America\t\t\t<\/a>\n\t\t<\/h3>\n\t\t\t\t<div class=\"elementor-post__excerpt\">\n\t\t\t<p>The Seen art Foundation, a non-profit organization that focuses on improving the quality of life of people in El Salvador, is a non-profit organization that focuses on improving the quality of life of people in El Salvador.<\/p>\n\t\t<\/div>\n\t\t\n\t\t<a class=\"elementor-post__read-more\" href=\"https:\/\/fundacionseenart.org\/en\/2023\/04\/12\/seenart-participa-en-reunion-entre-camara-de-comercio-del-reino-de-los-paises-bajos-y-embajada-de-los-paises-bajos-en-centroamerica\/\" aria-label=\"Read more about SeenArt participa en reuni\u00f3n entre C\u00e1mara de Comercio del Reino de los Pa\u00edses Bajos y Embajada de los Pa\u00edses Bajos en Centroam\u00e9rica\" >\n\t\t\tLeer m\u00e1s \u00bb\t\t<\/a>\n\n\t\t\t\t<\/div>\n\t\t\t\t<\/article>\n\t\t\t\t<article class=\"elementor-post elementor-grid-item post-1175 post type-post status-publish format-standard has-post-thumbnail hentry category-actividades\">\n\t\t\t\t<a class=\"elementor-post__thumbnail__link\" href=\"https:\/\/fundacionseenart.org\/en\/2023\/04\/01\/1175\/\" >\n\t\t\t<div class=\"elementor-post__thumbnail\"><img loading=\"lazy\" decoding=\"async\" width=\"300\" height=\"225\" src=\"https:\/\/fundacionseenart.org\/wp-content\/uploads\/2023\/04\/fundacion-seen-art_004-300x225.jpg\" class=\"attachment-medium size-medium wp-image-1828\" alt=\"\" srcset=\"https:\/\/fundacionseenart.org\/wp-content\/uploads\/2023\/04\/fundacion-seen-art_004-300x225.jpg 300w, https:\/\/fundacionseenart.org\/wp-content\/uploads\/2023\/04\/fundacion-seen-art_004-768x576.jpg 768w, https:\/\/fundacionseenart.org\/wp-content\/uploads\/2023\/04\/fundacion-seen-art_004-16x12.jpg 16w, https:\/\/fundacionseenart.org\/wp-content\/uploads\/2023\/04\/fundacion-seen-art_004.jpg 960w\" sizes=\"auto, (max-width: 300px) 100vw, 300px\" \/><\/div>\n\t\t<\/a>\n\t\t\t\t<div class=\"elementor-post__text\">\n\t\t\t\t<h3 class=\"elementor-post__title\">\n\t\t\t<a href=\"https:\/\/fundacionseenart.org\/en\/2023\/04\/01\/1175\/\" >\n\t\t\t\tCommunity Kitchens: An initiative committed to children that seeks to feed body and soul.\t\t\t<\/a>\n\t\t<\/h3>\n\t\t\t\t<div class=\"elementor-post__excerpt\">\n\t\t\t<p>Seen Art's Community Kitchens Project is a social initiative that has achieved a significant impact in several municipalities in the country. With a<\/p>\n\t\t<\/div>\n\t\t\n\t\t<a class=\"elementor-post__read-more\" href=\"https:\/\/fundacionseenart.org\/en\/2023\/04\/01\/1175\/\" aria-label=\"Read more about Comedores Comunitarios: Una iniciativa comprometida con la ni\u00f1ez que busca alimentar en cuerpo y alma.\" >\n\t\t\tLeer m\u00e1s \u00bb\t\t<\/a>\n\n\t\t\t\t<\/div>\n\t\t\t\t<\/article>\n\t\t\t\t<article class=\"elementor-post elementor-grid-item post-1691 post type-post status-publish format-standard has-post-thumbnail hentry category-actividades\">\n\t\t\t\t<a class=\"elementor-post__thumbnail__link\" href=\"https:\/\/fundacionseenart.org\/en\/2023\/04\/02\/construyendo-puentes-con-las-comunidades-la-importancia-de-trabajar-en-conjunto-con-las-alcaldias-locales\/\" >\n\t\t\t<div class=\"elementor-post__thumbnail\"><img loading=\"lazy\" decoding=\"async\" width=\"300\" height=\"168\" src=\"https:\/\/fundacionseenart.org\/wp-content\/uploads\/2023\/04\/fundacion-seen-art_007-300x168.png\" class=\"attachment-medium size-medium wp-image-1784\" alt=\"\" srcset=\"https:\/\/fundacionseenart.org\/wp-content\/uploads\/2023\/04\/fundacion-seen-art_007-300x168.png 300w, https:\/\/fundacionseenart.org\/wp-content\/uploads\/2023\/04\/fundacion-seen-art_007-1024x574.png 1024w, https:\/\/fundacionseenart.org\/wp-content\/uploads\/2023\/04\/fundacion-seen-art_007-768x430.png 768w, https:\/\/fundacionseenart.org\/wp-content\/uploads\/2023\/04\/fundacion-seen-art_007-18x10.png 18w, https:\/\/fundacionseenart.org\/wp-content\/uploads\/2023\/04\/fundacion-seen-art_007.png 1456w\" sizes=\"auto, (max-width: 300px) 100vw, 300px\" \/><\/div>\n\t\t<\/a>\n\t\t\t\t<div class=\"elementor-post__text\">\n\t\t\t\t<h3 class=\"elementor-post__title\">\n\t\t\t<a href=\"https:\/\/fundacionseenart.org\/en\/2023\/04\/02\/construyendo-puentes-con-las-comunidades-la-importancia-de-trabajar-en-conjunto-con-las-alcaldias-locales\/\" >\n\t\t\t\tBuilding bridges with communities: The importance of mayors' offices in poverty reduction.\t\t\t<\/a>\n\t\t<\/h3>\n\t\t\t\t<div class=\"elementor-post__excerpt\">\n\t\t\t<p>Collaboration is a fundamental value that we promote in our foundation, as we firmly believe that by working together with communities and institutions<\/p>\n\t\t<\/div>\n\t\t\n\t\t<a class=\"elementor-post__read-more\" href=\"https:\/\/fundacionseenart.org\/en\/2023\/04\/02\/construyendo-puentes-con-las-comunidades-la-importancia-de-trabajar-en-conjunto-con-las-alcaldias-locales\/\" aria-label=\"Read more about Construyendo puentes con las comunidades: La importancia de las alcald\u00edas en la reducci\u00f3n de la pobreza.\" >\n\t\t\tLeer m\u00e1s \u00bb\t\t<\/a>\n\n\t\t\t\t<\/div>\n\t\t\t\t<\/article>\n\t\t\t\t<article class=\"elementor-post elementor-grid-item post-1168 post type-post status-publish format-standard has-post-thumbnail hentry category-actividades\">\n\t\t\t\t<a class=\"elementor-post__thumbnail__link\" href=\"https:\/\/fundacionseenart.org\/en\/2023\/04\/01\/programa-de-futbol-esa-holland\/\" >\n\t\t\t<div class=\"elementor-post__thumbnail\"><img loading=\"lazy\" decoding=\"async\" width=\"300\" height=\"200\" src=\"https:\/\/fundacionseenart.org\/wp-content\/uploads\/2023\/04\/soccer-player-standing-with-a-ball-300x200.jpg\" class=\"attachment-medium size-medium wp-image-1636\" alt=\"Soccer player standing with a ball\" srcset=\"https:\/\/fundacionseenart.org\/wp-content\/uploads\/2023\/04\/soccer-player-standing-with-a-ball-300x200.jpg 300w, https:\/\/fundacionseenart.org\/wp-content\/uploads\/2023\/04\/soccer-player-standing-with-a-ball-1024x682.jpg 1024w, https:\/\/fundacionseenart.org\/wp-content\/uploads\/2023\/04\/soccer-player-standing-with-a-ball-768x512.jpg 768w, https:\/\/fundacionseenart.org\/wp-content\/uploads\/2023\/04\/soccer-player-standing-with-a-ball-1536x1024.jpg 1536w, https:\/\/fundacionseenart.org\/wp-content\/uploads\/2023\/04\/soccer-player-standing-with-a-ball-18x12.jpg 18w, https:\/\/fundacionseenart.org\/wp-content\/uploads\/2023\/04\/soccer-player-standing-with-a-ball.jpg 2000w\" sizes=\"auto, (max-width: 300px) 100vw, 300px\" \/><\/div>\n\t\t<\/a>\n\t\t\t\t<div class=\"elementor-post__text\">\n\t\t\t\t<h3 class=\"elementor-post__title\">\n\t\t\t<a href=\"https:\/\/fundacionseenart.org\/en\/2023\/04\/01\/programa-de-futbol-esa-holland\/\" >\n\t\t\t\tPrograma de intercambio cultural-deportivo para j\u00f3venes salvadore\u00f1os en Pa\u00edses Bajos\t\t\t<\/a>\n\t\t<\/h3>\n\t\t\t\t<div class=\"elementor-post__excerpt\">\n\t\t\t<p>La Fundaci\u00f3n Seen Art tiene la intenci\u00f3n de llevar a cabo un emocionante proyecto en el que j\u00f3venes con discapacidad intelectual y futbolistas talentosos tendr\u00e1n<\/p>\n\t\t<\/div>\n\t\t\n\t\t<a class=\"elementor-post__read-more\" href=\"https:\/\/fundacionseenart.org\/en\/2023\/04\/01\/programa-de-futbol-esa-holland\/\" aria-label=\"Read more about Programa de intercambio cultural-deportivo para j\u00f3venes salvadore\u00f1os en Pa\u00edses Bajos\" >\n\t\t\tLeer m\u00e1s \u00bb\t\t<\/a>\n\n\t\t\t\t<\/div>\n\t\t\t\t<\/article>\n\t\t\t\t<article class=\"elementor-post elementor-grid-item post-1162 post type-post status-publish format-standard has-post-thumbnail hentry category-actividades\">\n\t\t\t\t<a class=\"elementor-post__thumbnail__link\" href=\"https:\/\/fundacionseenart.org\/en\/2023\/04\/01\/primer-concurso-de-bandas-una-iniciativa-para-apoyar-el-arte-y-los-talentos-jovenes\/\" >\n\t\t\t<div class=\"elementor-post__thumbnail\"><img loading=\"lazy\" decoding=\"async\" width=\"300\" height=\"200\" src=\"https:\/\/fundacionseenart.org\/wp-content\/uploads\/2023\/04\/968db9_e22a6d183727434da8fd2c05c9a28f6bmv2_d_4272_2848_s_4_2-300x200.jpg\" class=\"attachment-medium size-medium wp-image-1694\" alt=\"\" srcset=\"https:\/\/fundacionseenart.org\/wp-content\/uploads\/2023\/04\/968db9_e22a6d183727434da8fd2c05c9a28f6bmv2_d_4272_2848_s_4_2-300x200.jpg 300w, https:\/\/fundacionseenart.org\/wp-content\/uploads\/2023\/04\/968db9_e22a6d183727434da8fd2c05c9a28f6bmv2_d_4272_2848_s_4_2-1024x683.jpg 1024w, https:\/\/fundacionseenart.org\/wp-content\/uploads\/2023\/04\/968db9_e22a6d183727434da8fd2c05c9a28f6bmv2_d_4272_2848_s_4_2-768x512.jpg 768w, https:\/\/fundacionseenart.org\/wp-content\/uploads\/2023\/04\/968db9_e22a6d183727434da8fd2c05c9a28f6bmv2_d_4272_2848_s_4_2-1536x1024.jpg 1536w, https:\/\/fundacionseenart.org\/wp-content\/uploads\/2023\/04\/968db9_e22a6d183727434da8fd2c05c9a28f6bmv2_d_4272_2848_s_4_2-2048x1365.jpg 2048w, https:\/\/fundacionseenart.org\/wp-content\/uploads\/2023\/04\/968db9_e22a6d183727434da8fd2c05c9a28f6bmv2_d_4272_2848_s_4_2-18x12.jpg 18w\" sizes=\"auto, (max-width: 300px) 100vw, 300px\" \/><\/div>\n\t\t<\/a>\n\t\t\t\t<div class=\"elementor-post__text\">\n\t\t\t\t<h3 class=\"elementor-post__title\">\n\t\t\t<a href=\"https:\/\/fundacionseenart.org\/en\/2023\/04\/01\/primer-concurso-de-bandas-una-iniciativa-para-apoyar-el-arte-y-los-talentos-jovenes\/\" >\n\t\t\t\tPrimer concurso de bandas: Una iniciativa para apoyar el arte y los talentos j\u00f3venes\t\t\t<\/a>\n\t\t<\/h3>\n\t\t\t\t<div class=\"elementor-post__excerpt\">\n\t\t\t<p>En el marco de las fiestas patronales de Santo Domingo, San Vicente, se realiz\u00f3 el primer festival de bandas, un proyecto impulsado por Seen Art<\/p>\n\t\t<\/div>\n\t\t\n\t\t<a class=\"elementor-post__read-more\" href=\"https:\/\/fundacionseenart.org\/en\/2023\/04\/01\/primer-concurso-de-bandas-una-iniciativa-para-apoyar-el-arte-y-los-talentos-jovenes\/\" aria-label=\"Read more about Primer concurso de bandas: Una iniciativa para apoyar el arte y los talentos j\u00f3venes\" >\n\t\t\tLeer m\u00e1s \u00bb\t\t<\/a>\n\n\t\t\t\t<\/div>\n\t\t\t\t<\/article>\n\t\t\t\t<article class=\"elementor-post elementor-grid-item post-1153 post type-post status-publish format-standard has-post-thumbnail hentry category-actividades\">\n\t\t\t\t<a class=\"elementor-post__thumbnail__link\" href=\"https:\/\/fundacionseenart.org\/en\/2023\/04\/01\/fundacion-seen-art-promueve-la-cultura-en-centro-escolar-en-guazapa\/\" >\n\t\t\t<div class=\"elementor-post__thumbnail\"><img loading=\"lazy\" decoding=\"async\" width=\"274\" height=\"300\" src=\"https:\/\/fundacionseenart.org\/wp-content\/uploads\/2023\/04\/968db9_9b872fe5f2b04481ba0fba1b87f9ec69_mv2_d_5152_3864_s_4_2-274x300.jpg\" class=\"attachment-medium size-medium wp-image-1154\" alt=\"\" srcset=\"https:\/\/fundacionseenart.org\/wp-content\/uploads\/2023\/04\/968db9_9b872fe5f2b04481ba0fba1b87f9ec69_mv2_d_5152_3864_s_4_2-274x300.jpg 274w, https:\/\/fundacionseenart.org\/wp-content\/uploads\/2023\/04\/968db9_9b872fe5f2b04481ba0fba1b87f9ec69_mv2_d_5152_3864_s_4_2-934x1024.jpg 934w, https:\/\/fundacionseenart.org\/wp-content\/uploads\/2023\/04\/968db9_9b872fe5f2b04481ba0fba1b87f9ec69_mv2_d_5152_3864_s_4_2-768x842.jpg 768w, https:\/\/fundacionseenart.org\/wp-content\/uploads\/2023\/04\/968db9_9b872fe5f2b04481ba0fba1b87f9ec69_mv2_d_5152_3864_s_4_2.jpg 952w\" sizes=\"auto, (max-width: 274px) 100vw, 274px\" \/><\/div>\n\t\t<\/a>\n\t\t\t\t<div class=\"elementor-post__text\">\n\t\t\t\t<h3 class=\"elementor-post__title\">\n\t\t\t<a href=\"https:\/\/fundacionseenart.org\/en\/2023\/04\/01\/fundacion-seen-art-promueve-la-cultura-en-centro-escolar-en-guazapa\/\" >\n\t\t\t\tFundaci\u00f3n Seen Art promueve la cultura en Centro Escolar en Guazapa\t\t\t<\/a>\n\t\t<\/h3>\n\t\t\t\t<div class=\"elementor-post__excerpt\">\n\t\t\t<p>Recientemente, la organizaci\u00f3n visit\u00f3 el Centro Escolar en Guazapa en El Salvador, con el apoyo del Consulado del Reino de Pa\u00edses Bajos en El Salvador<\/p>\n\t\t<\/div>\n\t\t\n\t\t<a class=\"elementor-post__read-more\" href=\"https:\/\/fundacionseenart.org\/en\/2023\/04\/01\/fundacion-seen-art-promueve-la-cultura-en-centro-escolar-en-guazapa\/\" aria-label=\"Read more about Fundaci\u00f3n Seen Art promueve la cultura en Centro Escolar en Guazapa\" >\n\t\t\tLeer m\u00e1s \u00bb\t\t<\/a>\n\n\t\t\t\t<\/div>\n\t\t\t\t<\/article>\n\t\t\t\t<article class=\"elementor-post elementor-grid-item post-1147 post type-post status-publish format-standard has-post-thumbnail hentry category-actividades\">\n\t\t\t\t<a class=\"elementor-post__thumbnail__link\" href=\"https:\/\/fundacionseenart.org\/en\/2023\/04\/01\/fundacion-seen-art-celebra-el-dia-del-nino-con-los-ninos-del-hospital-bloom\/\" >\n\t\t\t<div class=\"elementor-post__thumbnail\"><img loading=\"lazy\" decoding=\"async\" width=\"273\" height=\"300\" src=\"https:\/\/fundacionseenart.org\/wp-content\/uploads\/2023\/04\/968db9_978b301f3270449e8b1de4302f2f02e1_mv2-273x300.jpg\" class=\"attachment-medium size-medium wp-image-1149\" alt=\"\" srcset=\"https:\/\/fundacionseenart.org\/wp-content\/uploads\/2023\/04\/968db9_978b301f3270449e8b1de4302f2f02e1_mv2-273x300.jpg 273w, https:\/\/fundacionseenart.org\/wp-content\/uploads\/2023\/04\/968db9_978b301f3270449e8b1de4302f2f02e1_mv2.jpg 492w\" sizes=\"auto, (max-width: 273px) 100vw, 273px\" \/><\/div>\n\t\t<\/a>\n\t\t\t\t<div class=\"elementor-post__text\">\n\t\t\t\t<h3 class=\"elementor-post__title\">\n\t\t\t<a href=\"https:\/\/fundacionseenart.org\/en\/2023\/04\/01\/fundacion-seen-art-celebra-el-dia-del-nino-con-los-ninos-del-hospital-bloom\/\" >\n\t\t\t\tFundaci\u00f3n Seen Art celebra el d\u00eda del ni\u00f1o con los ni\u00f1os del Hospital Bloom\t\t\t<\/a>\n\t\t<\/h3>\n\t\t\t\t<div class=\"elementor-post__excerpt\">\n\t\t\t<p>La Fundaci\u00f3n Seen Art, su Presidenta, el equipo y el Consulado del Reino de los Pa\u00edses Bajos en El Salvador han unido fuerzas para celebrar<\/p>\n\t\t<\/div>\n\t\t\n\t\t<a class=\"elementor-post__read-more\" href=\"https:\/\/fundacionseenart.org\/en\/2023\/04\/01\/fundacion-seen-art-celebra-el-dia-del-nino-con-los-ninos-del-hospital-bloom\/\" aria-label=\"Read more about Fundaci\u00f3n Seen Art celebra el d\u00eda del ni\u00f1o con los ni\u00f1os del Hospital Bloom\" >\n\t\t\tLeer m\u00e1s \u00bb\t\t<\/a>\n\n\t\t\t\t<\/div>\n\t\t\t\t<\/article>\n\t\t\t\t<article class=\"elementor-post elementor-grid-item post-1124 post type-post status-publish format-standard has-post-thumbnail hentry category-actividades\">\n\t\t\t\t<a class=\"elementor-post__thumbnail__link\" href=\"https:\/\/fundacionseenart.org\/en\/2023\/04\/01\/fundacion-seen-art-se-une-al-consulado-de-paises-bajos-en-el-salvador-para-celebrar-el-dia-del-rey\/\" >\n\t\t\t<div class=\"elementor-post__thumbnail\"><img loading=\"lazy\" decoding=\"async\" width=\"274\" height=\"300\" src=\"https:\/\/fundacionseenart.org\/wp-content\/uploads\/2023\/04\/968db9_e63bbcf20588425ba8ccb7cd5affe31f_mv2-274x300.jpg\" class=\"attachment-medium size-medium wp-image-1130\" alt=\"\" srcset=\"https:\/\/fundacionseenart.org\/wp-content\/uploads\/2023\/04\/968db9_e63bbcf20588425ba8ccb7cd5affe31f_mv2-274x300.jpg 274w, https:\/\/fundacionseenart.org\/wp-content\/uploads\/2023\/04\/968db9_e63bbcf20588425ba8ccb7cd5affe31f_mv2-768x842.jpg 768w, https:\/\/fundacionseenart.org\/wp-content\/uploads\/2023\/04\/968db9_e63bbcf20588425ba8ccb7cd5affe31f_mv2.jpg 779w\" sizes=\"auto, (max-width: 274px) 100vw, 274px\" \/><\/div>\n\t\t<\/a>\n\t\t\t\t<div class=\"elementor-post__text\">\n\t\t\t\t<h3 class=\"elementor-post__title\">\n\t\t\t<a href=\"https:\/\/fundacionseenart.org\/en\/2023\/04\/01\/fundacion-seen-art-se-une-al-consulado-de-paises-bajos-en-el-salvador-para-celebrar-el-dia-del-rey\/\" >\n\t\t\t\tSeen Art se une al consulado de Pa\u00edses Bajos en El Salvador para celebrar el d\u00eda del rey\t\t\t<\/a>\n\t\t<\/h3>\n\t\t\t\t<div class=\"elementor-post__excerpt\">\n\t\t\t<p>El d\u00eda del Rey en Holanda, conocido como Koningsdag, es una celebraci\u00f3n nacional que se lleva a cabo cada 27 de abril en honor al<\/p>\n\t\t<\/div>\n\t\t\n\t\t<a class=\"elementor-post__read-more\" href=\"https:\/\/fundacionseenart.org\/en\/2023\/04\/01\/fundacion-seen-art-se-une-al-consulado-de-paises-bajos-en-el-salvador-para-celebrar-el-dia-del-rey\/\" aria-label=\"Read more about Seen Art se une al consulado de Pa\u00edses Bajos en El Salvador para celebrar el d\u00eda del rey\" >\n\t\t\tLeer m\u00e1s \u00bb\t\t<\/a>\n\n\t\t\t\t<\/div>\n\t\t\t\t<\/article>\n\t\t\t\t<article class=\"elementor-post elementor-grid-item post-1106 post type-post status-publish format-standard has-post-thumbnail hentry category-actividades\">\n\t\t\t\t<a class=\"elementor-post__thumbnail__link\" href=\"https:\/\/fundacionseenart.org\/en\/2023\/03\/31\/primer-concurso-de-bandas\/\" >\n\t\t\t<div class=\"elementor-post__thumbnail\"><img loading=\"lazy\" decoding=\"async\" width=\"300\" height=\"200\" src=\"https:\/\/fundacionseenart.org\/wp-content\/uploads\/2023\/03\/24958928_1592979794109693_1090772262179671819_o-300x200.jpg\" class=\"attachment-medium size-medium wp-image-1710\" alt=\"\" srcset=\"https:\/\/fundacionseenart.org\/wp-content\/uploads\/2023\/03\/24958928_1592979794109693_1090772262179671819_o-300x200.jpg 300w, https:\/\/fundacionseenart.org\/wp-content\/uploads\/2023\/03\/24958928_1592979794109693_1090772262179671819_o-1024x683.jpg 1024w, https:\/\/fundacionseenart.org\/wp-content\/uploads\/2023\/03\/24958928_1592979794109693_1090772262179671819_o-768x512.jpg 768w, https:\/\/fundacionseenart.org\/wp-content\/uploads\/2023\/03\/24958928_1592979794109693_1090772262179671819_o-1536x1024.jpg 1536w, https:\/\/fundacionseenart.org\/wp-content\/uploads\/2023\/03\/24958928_1592979794109693_1090772262179671819_o-18x12.jpg 18w, https:\/\/fundacionseenart.org\/wp-content\/uploads\/2023\/03\/24958928_1592979794109693_1090772262179671819_o.jpg 2048w\" sizes=\"auto, (max-width: 300px) 100vw, 300px\" \/><\/div>\n\t\t<\/a>\n\t\t\t\t<div class=\"elementor-post__text\">\n\t\t\t\t<h3 class=\"elementor-post__title\">\n\t\t\t<a href=\"https:\/\/fundacionseenart.org\/en\/2023\/03\/31\/primer-concurso-de-bandas\/\" >\n\t\t\t\tLa solidaridad se hace presente en la isla La Pirraya con la entrega de juguetes.\t\t\t<\/a>\n\t\t<\/h3>\n\t\t\t\t<div class=\"elementor-post__excerpt\">\n\t\t\t<p>La Isla La Pirraya es una comunidad ubicada en la Bah\u00eda de Jiquilisco, en el departamento de Usulut\u00e1n, que se encuentra aislada debido a que<\/p>\n\t\t<\/div>\n\t\t\n\t\t<a class=\"elementor-post__read-more\" href=\"https:\/\/fundacionseenart.org\/en\/2023\/03\/31\/primer-concurso-de-bandas\/\" aria-label=\"Read more about La solidaridad se hace presente en la isla La Pirraya con la entrega de juguetes.\" >\n\t\t\tLeer m\u00e1s \u00bb\t\t<\/a>\n\n\t\t\t\t<\/div>\n\t\t\t\t<\/article>\n\t\t\t\t<article class=\"elementor-post elementor-grid-item post-1101 post type-post status-publish format-standard has-post-thumbnail hentry category-actividades\">\n\t\t\t\t<a class=\"elementor-post__thumbnail__link\" href=\"https:\/\/fundacionseenart.org\/en\/2023\/03\/31\/jornada-medica\/\" >\n\t\t\t<div class=\"elementor-post__thumbnail\"><img loading=\"lazy\" decoding=\"async\" width=\"274\" height=\"300\" src=\"https:\/\/fundacionseenart.org\/wp-content\/uploads\/2023\/03\/968db9_dfc280087bc74657a4eb6750f05fe61f_mv2_d_4272_2848_s_4_2-274x300.webp\" class=\"attachment-medium size-medium wp-image-1102\" alt=\"\" srcset=\"https:\/\/fundacionseenart.org\/wp-content\/uploads\/2023\/03\/968db9_dfc280087bc74657a4eb6750f05fe61f_mv2_d_4272_2848_s_4_2-274x300.webp 274w, https:\/\/fundacionseenart.org\/wp-content\/uploads\/2023\/03\/968db9_dfc280087bc74657a4eb6750f05fe61f_mv2_d_4272_2848_s_4_2.webp 476w\" sizes=\"auto, (max-width: 274px) 100vw, 274px\" \/><\/div>\n\t\t<\/a>\n\t\t\t\t<div class=\"elementor-post__text\">\n\t\t\t\t<h3 class=\"elementor-post__title\">\n\t\t\t<a href=\"https:\/\/fundacionseenart.org\/en\/2023\/03\/31\/jornada-medica\/\" >\n\t\t\t\tFundaci\u00f3n Seen Art realiza primera jornada m\u00e9dica en San Vicente\t\t\t<\/a>\n\t\t<\/h3>\n\t\t\t\t<div class=\"elementor-post__excerpt\">\n\t\t\t<p>La Fundaci\u00f3n Seen Art, comprometida con mejorar la calidad de vida de las personas, llev\u00f3 a cabo su primera jornada m\u00e9dica en las instalaciones del<\/p>\n\t\t<\/div>\n\t\t\n\t\t<a class=\"elementor-post__read-more\" href=\"https:\/\/fundacionseenart.org\/en\/2023\/03\/31\/jornada-medica\/\" aria-label=\"Read more about Fundaci\u00f3n Seen Art realiza primera jornada m\u00e9dica en San Vicente\" >\n\t\t\tLeer m\u00e1s \u00bb\t\t<\/a>\n\n\t\t\t\t<\/div>\n\t\t\t\t<\/article>\n\t\t\t\t<article class=\"elementor-post elementor-grid-item post-1097 post type-post status-publish format-standard has-post-thumbnail hentry category-actividades\">\n\t\t\t\t<a class=\"elementor-post__thumbnail__link\" href=\"https:\/\/fundacionseenart.org\/en\/2023\/03\/31\/comedores-comunitarios\/\" >\n\t\t\t<div class=\"elementor-post__thumbnail\"><img loading=\"lazy\" decoding=\"async\" width=\"300\" height=\"200\" src=\"https:\/\/fundacionseenart.org\/wp-content\/uploads\/2023\/03\/15590805_368609613500823_1647448049063058688_o-1-300x200.jpg\" class=\"attachment-medium size-medium wp-image-1115\" alt=\"\" srcset=\"https:\/\/fundacionseenart.org\/wp-content\/uploads\/2023\/03\/15590805_368609613500823_1647448049063058688_o-1-300x200.jpg 300w, https:\/\/fundacionseenart.org\/wp-content\/uploads\/2023\/03\/15590805_368609613500823_1647448049063058688_o-1-1024x683.jpg 1024w, https:\/\/fundacionseenart.org\/wp-content\/uploads\/2023\/03\/15590805_368609613500823_1647448049063058688_o-1-768x512.jpg 768w, https:\/\/fundacionseenart.org\/wp-content\/uploads\/2023\/03\/15590805_368609613500823_1647448049063058688_o-1-1536x1024.jpg 1536w, https:\/\/fundacionseenart.org\/wp-content\/uploads\/2023\/03\/15590805_368609613500823_1647448049063058688_o-1.jpg 2048w\" sizes=\"auto, (max-width: 300px) 100vw, 300px\" \/><\/div>\n\t\t<\/a>\n\t\t\t\t<div class=\"elementor-post__text\">\n\t\t\t\t<h3 class=\"elementor-post__title\">\n\t\t\t<a href=\"https:\/\/fundacionseenart.org\/en\/2023\/03\/31\/comedores-comunitarios\/\" >\n\t\t\t\tValle del Sol en Apopa recibe a la Fundaci\u00f3n Seen Art en su primera entrega de juguetes.\t\t\t<\/a>\n\t\t<\/h3>\n\t\t\t\t<div class=\"elementor-post__excerpt\">\n\t\t\t<p>La temporada navide\u00f1a es una \u00e9poca de amor y alegr\u00eda que a menudo se celebra con la entrega de regalos y juguetes para ni\u00f1os y<\/p>\n\t\t<\/div>\n\t\t\n\t\t<a class=\"elementor-post__read-more\" href=\"https:\/\/fundacionseenart.org\/en\/2023\/03\/31\/comedores-comunitarios\/\" aria-label=\"Read more about Valle del Sol en Apopa recibe a la Fundaci\u00f3n Seen Art en su primera entrega de juguetes.\" >\n\t\t\tLeer m\u00e1s \u00bb\t\t<\/a>\n\n\t\t\t\t<\/div>\n\t\t\t\t<\/article>\n\t\t\t\t<article class=\"elementor-post elementor-grid-item post-864 post type-post status-publish format-standard has-post-thumbnail hentry category-actividades\">\n\t\t\t\t<a class=\"elementor-post__thumbnail__link\" href=\"https:\/\/fundacionseenart.org\/en\/2023\/03\/29\/visita-a-hospital-bloom\/\" >\n\t\t\t<div class=\"elementor-post__thumbnail\"><img loading=\"lazy\" decoding=\"async\" width=\"300\" height=\"248\" src=\"https:\/\/fundacionseenart.org\/wp-content\/uploads\/2023\/03\/968db9_a5b518c82d844a989414f5675401460a_mv2_d_6000_4000_s_4_2-300x248.webp\" class=\"attachment-medium size-medium wp-image-881\" alt=\"\" srcset=\"https:\/\/fundacionseenart.org\/wp-content\/uploads\/2023\/03\/968db9_a5b518c82d844a989414f5675401460a_mv2_d_6000_4000_s_4_2-300x248.webp 300w, https:\/\/fundacionseenart.org\/wp-content\/uploads\/2023\/03\/968db9_a5b518c82d844a989414f5675401460a_mv2_d_6000_4000_s_4_2-1024x846.webp 1024w, https:\/\/fundacionseenart.org\/wp-content\/uploads\/2023\/03\/968db9_a5b518c82d844a989414f5675401460a_mv2_d_6000_4000_s_4_2-768x634.webp 768w, https:\/\/fundacionseenart.org\/wp-content\/uploads\/2023\/03\/968db9_a5b518c82d844a989414f5675401460a_mv2_d_6000_4000_s_4_2.webp 1264w\" sizes=\"auto, (max-width: 300px) 100vw, 300px\" \/><\/div>\n\t\t<\/a>\n\t\t\t\t<div class=\"elementor-post__text\">\n\t\t\t\t<h3 class=\"elementor-post__title\">\n\t\t\t<a href=\"https:\/\/fundacionseenart.org\/en\/2023\/03\/29\/visita-a-hospital-bloom\/\" >\n\t\t\t\tLa Fundaci\u00f3n Seen Art y el Consulado de Holanda llevan alegr\u00eda a los ni\u00f1os del Hospital Bloom en El Salvador\t\t\t<\/a>\n\t\t<\/h3>\n\t\t\t\t<div class=\"elementor-post__excerpt\">\n\t\t\t<p>La Fundaci\u00f3n Seen Art, liderada por Mar\u00eda Vigil Viera, llev\u00f3 a cabo un proyecto solidario en el Hospital Bloom de El Salvador en colaboraci\u00f3n con<\/p>\n\t\t<\/div>\n\t\t\n\t\t<a class=\"elementor-post__read-more\" href=\"https:\/\/fundacionseenart.org\/en\/2023\/03\/29\/visita-a-hospital-bloom\/\" aria-label=\"Read more about La Fundaci\u00f3n Seen Art y el Consulado de Holanda llevan alegr\u00eda a los ni\u00f1os del Hospital Bloom en El Salvador\" >\n\t\t\tLeer m\u00e1s \u00bb\t\t<\/a>\n\n\t\t\t\t<\/div>\n\t\t\t\t<\/article>\n\t\t\t\t<\/div>\n\t\t\n\t\t\t\t<\/div>\n\t\t\t\t<\/div>\n\t\t\t\t\t<\/div>\n\t\t\t\t<\/div>\n\t\t\t\t\t\t\t<\/div>","protected":false},"excerpt":{"rendered":"<p>Recently Foundation Activities<\/p>","protected":false},"author":1,"featured_media":0,"parent":0,"menu_order":0,"comment_status":"closed","ping_status":"closed","template":"","meta":{"site-sidebar-layout":"no-sidebar","site-content-layout":"page-builder","ast-global-header-display":"","ast-main-header-display":"","ast-hfb-above-header-display":"","ast-hfb-below-header-display":"","ast-hfb-mobile-header-display":"","site-post-title":"disabled","ast-breadcrumbs-content":"","ast-featured-img":"disabled","footer-sml-layout":"","theme-transparent-header-meta":"","adv-header-id-meta":"","stick-header-meta":"","header-above-stick-meta":"","header-main-stick-meta":"","header-below-stick-meta":"","footnotes":""},"class_list":["post-911","page","type-page","status-publish","hentry"],"yoast_head":"<!-- This site is optimized with the Yoast SEO plugin v20.5 - https:\/\/yoast.com\/wordpress\/plugins\/seo\/ -->\n<title>Art\u00edculos - Fundaci\u00f3n Seen Art<\/title>\n<meta name=\"robots\" content=\"index, follow, max-snippet:-1, max-image-preview:large, max-video-preview:-1\" \/>\n<link rel=\"canonical\" href=\"https:\/\/fundacionseenart.org\/en\/articulos\/\" \/>\n<meta property=\"og:locale\" content=\"en_US\" \/>\n<meta property=\"og:type\" content=\"article\" \/>\n<meta property=\"og:title\" content=\"Art\u00edculos - Fundaci\u00f3n Seen Art\" \/>\n<meta property=\"og:description\" content=\"Actividades Recientes de la fundaci\u00f3n\" \/>\n<meta property=\"og:url\" content=\"https:\/\/fundacionseenart.org\/en\/articulos\/\" \/>\n<meta property=\"og:site_name\" content=\"Fundaci\u00f3n Seen Art\" \/>\n<meta property=\"article:publisher\" content=\"https:\/\/www.facebook.com\/fundacionseenartsv?ref=br_tf\" \/>\n<meta property=\"article:modified_time\" content=\"2023-04-12T20:05:57+00:00\" \/>\n<meta name=\"twitter:card\" content=\"summary_large_image\" \/>\n<meta name=\"twitter:site\" content=\"@FundacionSeen\" \/>\n<meta name=\"twitter:label1\" content=\"Est. reading time\" \/>\n\t<meta name=\"twitter:data1\" content=\"5 minutes\" \/>\n<script type=\"application\/ld+json\" class=\"yoast-schema-graph\">{\"@context\":\"https:\/\/schema.org\",\"@graph\":[{\"@type\":\"WebPage\",\"@id\":\"https:\/\/fundacionseenart.org\/articulos\/\",\"url\":\"https:\/\/fundacionseenart.org\/articulos\/\",\"name\":\"Art\u00edculos - Fundaci\u00f3n Seen Art\",\"isPartOf\":{\"@id\":\"https:\/\/fundacionseenart.org\/#website\"},\"datePublished\":\"2023-03-30T04:05:39+00:00\",\"dateModified\":\"2023-04-12T20:05:57+00:00\",\"breadcrumb\":{\"@id\":\"https:\/\/fundacionseenart.org\/articulos\/#breadcrumb\"},\"inLanguage\":\"en-US\",\"potentialAction\":[{\"@type\":\"ReadAction\",\"target\":[\"https:\/\/fundacionseenart.org\/articulos\/\"]}]},{\"@type\":\"BreadcrumbList\",\"@id\":\"https:\/\/fundacionseenart.org\/articulos\/#breadcrumb\",\"itemListElement\":[{\"@type\":\"ListItem\",\"position\":1,\"name\":\"Portada\",\"item\":\"https:\/\/fundacionseenart.org\/\"},{\"@type\":\"ListItem\",\"position\":2,\"name\":\"Art\u00edculos\"}]},{\"@type\":\"WebSite\",\"@id\":\"https:\/\/fundacionseenart.org\/#website\",\"url\":\"https:\/\/fundacionseenart.org\/\",\"name\":\"Fundaci\u00f3n Seen Art\",\"description\":\"Ay&uacute;danos a ayudar\",\"publisher\":{\"@id\":\"https:\/\/fundacionseenart.org\/#organization\"},\"potentialAction\":[{\"@type\":\"SearchAction\",\"target\":{\"@type\":\"EntryPoint\",\"urlTemplate\":\"https:\/\/fundacionseenart.org\/?s={search_term_string}\"},\"query-input\":\"required name=search_term_string\"}],\"inLanguage\":\"en-US\"},{\"@type\":\"Organization\",\"@id\":\"https:\/\/fundacionseenart.org\/#organization\",\"name\":\"Fundaci\u00f3n Seen Art\",\"url\":\"https:\/\/fundacionseenart.org\/\",\"logo\":{\"@type\":\"ImageObject\",\"inLanguage\":\"en-US\",\"@id\":\"https:\/\/fundacionseenart.org\/#\/schema\/logo\/image\/\",\"url\":\"https:\/\/fundacionseenart.org\/wp-content\/uploads\/2023\/04\/Fundacion-Seen-Art_gold-e1680363446728.png\",\"contentUrl\":\"https:\/\/fundacionseenart.org\/wp-content\/uploads\/2023\/04\/Fundacion-Seen-Art_gold-e1680363446728.png\",\"width\":1920,\"height\":571,\"caption\":\"Fundaci\u00f3n Seen Art\"},\"image\":{\"@id\":\"https:\/\/fundacionseenart.org\/#\/schema\/logo\/image\/\"},\"sameAs\":[\"https:\/\/www.facebook.com\/fundacionseenartsv?ref=br_tf\",\"https:\/\/twitter.com\/FundacionSeen\",\"https:\/\/www.instagram.com\/fundacionseen\/\"]}]}<\/script>\n<!-- \/ Yoast SEO plugin. -->","yoast_head_json":{"title":"Art\u00edculos - Fundaci\u00f3n Seen Art","robots":{"index":"index","follow":"follow","max-snippet":"max-snippet:-1","max-image-preview":"max-image-preview:large","max-video-preview":"max-video-preview:-1"},"canonical":"https:\/\/fundacionseenart.org\/en\/articulos\/","og_locale":"en_US","og_type":"article","og_title":"Art\u00edculos - Fundaci\u00f3n Seen Art","og_description":"Actividades Recientes de la fundaci\u00f3n","og_url":"https:\/\/fundacionseenart.org\/en\/articulos\/","og_site_name":"Fundaci\u00f3n Seen Art","article_publisher":"https:\/\/www.facebook.com\/fundacionseenartsv?ref=br_tf","article_modified_time":"2023-04-12T20:05:57+00:00","twitter_card":"summary_large_image","twitter_site":"@FundacionSeen","twitter_misc":{"Est. reading time":"5 minutes"},"schema":{"@context":"https:\/\/schema.org","@graph":[{"@type":"WebPage","@id":"https:\/\/fundacionseenart.org\/articulos\/","url":"https:\/\/fundacionseenart.org\/articulos\/","name":"Art\u00edculos - Fundaci\u00f3n Seen Art","isPartOf":{"@id":"https:\/\/fundacionseenart.org\/#website"},"datePublished":"2023-03-30T04:05:39+00:00","dateModified":"2023-04-12T20:05:57+00:00","breadcrumb":{"@id":"https:\/\/fundacionseenart.org\/articulos\/#breadcrumb"},"inLanguage":"en-US","potentialAction":[{"@type":"ReadAction","target":["https:\/\/fundacionseenart.org\/articulos\/"]}]},{"@type":"BreadcrumbList","@id":"https:\/\/fundacionseenart.org\/articulos\/#breadcrumb","itemListElement":[{"@type":"ListItem","position":1,"name":"Portada","item":"https:\/\/fundacionseenart.org\/"},{"@type":"ListItem","position":2,"name":"Art\u00edculos"}]},{"@type":"WebSite","@id":"https:\/\/fundacionseenart.org\/#website","url":"https:\/\/fundacionseenart.org\/","name":"Fundaci\u00f3n Seen Art","description":"Ay&uacute;danos a ayudar","publisher":{"@id":"https:\/\/fundacionseenart.org\/#organization"},"potentialAction":[{"@type":"SearchAction","target":{"@type":"EntryPoint","urlTemplate":"https:\/\/fundacionseenart.org\/?s={search_term_string}"},"query-input":"required name=search_term_string"}],"inLanguage":"en-US"},{"@type":"Organization","@id":"https:\/\/fundacionseenart.org\/#organization","name":"Fundaci\u00f3n Seen Art","url":"https:\/\/fundacionseenart.org\/","logo":{"@type":"ImageObject","inLanguage":"en-US","@id":"https:\/\/fundacionseenart.org\/#\/schema\/logo\/image\/","url":"https:\/\/fundacionseenart.org\/wp-content\/uploads\/2023\/04\/Fundacion-Seen-Art_gold-e1680363446728.png","contentUrl":"https:\/\/fundacionseenart.org\/wp-content\/uploads\/2023\/04\/Fundacion-Seen-Art_gold-e1680363446728.png","width":1920,"height":571,"caption":"Fundaci\u00f3n Seen Art"},"image":{"@id":"https:\/\/fundacionseenart.org\/#\/schema\/logo\/image\/"},"sameAs":["https:\/\/www.facebook.com\/fundacionseenartsv?ref=br_tf","https:\/\/twitter.com\/FundacionSeen","https:\/\/www.instagram.com\/fundacionseen\/"]}]}},"_links":{"self":[{"href":"https:\/\/fundacionseenart.org\/en\/wp-json\/wp\/v2\/pages\/911","targetHints":{"allow":["GET"]}}],"collection":[{"href":"https:\/\/fundacionseenart.org\/en\/wp-json\/wp\/v2\/pages"}],"about":[{"href":"https:\/\/fundacionseenart.org\/en\/wp-json\/wp\/v2\/types\/page"}],"author":[{"embeddable":true,"href":"https:\/\/fundacionseenart.org\/en\/wp-json\/wp\/v2\/users\/1"}],"replies":[{"embeddable":true,"href":"https:\/\/fundacionseenart.org\/en\/wp-json\/wp\/v2\/comments?post=911"}],"version-history":[{"count":25,"href":"https:\/\/fundacionseenart.org\/en\/wp-json\/wp\/v2\/pages\/911\/revisions"}],"predecessor-version":[{"id":1837,"href":"https:\/\/fundacionseenart.org\/en\/wp-json\/wp\/v2\/pages\/911\/revisions\/1837"}],"wp:attachment":[{"href":"https:\/\/fundacionseenart.org\/en\/wp-json\/wp\/v2\/media?parent=911"}],"curies":[{"name":"wp","href":"https:\/\/api.w.org\/{rel}","templated":true}]}}