{"id":837,"date":"2023-03-29T01:11:56","date_gmt":"2023-03-29T01:11:56","guid":{"rendered":"https:\/\/fundacionseenart.org\/?page_id=837"},"modified":"2023-04-12T20:20:54","modified_gmt":"2023-04-12T20:20:54","slug":"historia-de-la-fundacion-seen-art","status":"publish","type":"page","link":"https:\/\/fundacionseenart.org\/en\/historia-de-la-fundacion-seen-art\/","title":{"rendered":"History of the Seen Art Foundation"},"content":{"rendered":"<div data-elementor-type=\"wp-page\" data-elementor-id=\"837\" class=\"elementor elementor-837\">\n\t\t\t\t\t\t\t\t\t<section class=\"elementor-section elementor-top-section elementor-element elementor-element-6vaviy6 elementor-section-content-middle elementor-section-boxed elementor-section-height-default elementor-section-height-default\" data-id=\"6vaviy6\" data-element_type=\"section\" data-settings=\"{&quot;background_background&quot;:&quot;classic&quot;}\">\n\t\t\t\t\t\t<div class=\"elementor-container elementor-column-gap-no\">\n\t\t\t\t\t<div class=\"elementor-column elementor-col-50 elementor-top-column elementor-element elementor-element-4d7ad86\" data-id=\"4d7ad86\" data-element_type=\"column\">\n\t\t\t<div class=\"elementor-widget-wrap elementor-element-populated\">\n\t\t\t\t\t\t\t\t<div class=\"elementor-element elementor-element-91de7cd elementor-widget elementor-widget-heading\" data-id=\"91de7cd\" data-element_type=\"widget\" data-widget_type=\"heading.default\">\n\t\t\t\t<div class=\"elementor-widget-container\">\n\t\t\t<style>\/*! elementor - v3.12.1 - 02-04-2023 *\/\n.elementor-heading-title{padding:0;margin:0;line-height:1}.elementor-widget-heading .elementor-heading-title[class*=elementor-size-]>a{color:inherit;font-size:inherit;line-height:inherit}.elementor-widget-heading .elementor-heading-title.elementor-size-small{font-size:15px}.elementor-widget-heading .elementor-heading-title.elementor-size-medium{font-size:19px}.elementor-widget-heading .elementor-heading-title.elementor-size-large{font-size:29px}.elementor-widget-heading .elementor-heading-title.elementor-size-xl{font-size:39px}.elementor-widget-heading .elementor-heading-title.elementor-size-xxl{font-size:59px}<\/style><h2 class=\"elementor-heading-title elementor-size-default\">Seen Art Foundation, an Institution Rooted in the Netherlands<\/h2>\t\t<\/div>\n\t\t\t\t<\/div>\n\t\t\t\t<div class=\"elementor-element elementor-element-0e457ca elementor-widget elementor-widget-text-editor\" data-id=\"0e457ca\" data-element_type=\"widget\" data-widget_type=\"text-editor.default\">\n\t\t\t\t<div class=\"elementor-widget-container\">\n\t\t\t<style>\/*! elementor - v3.12.1 - 02-04-2023 *\/\n.elementor-widget-text-editor.elementor-drop-cap-view-stacked .elementor-drop-cap{background-color:#69727d;color:#fff}.elementor-widget-text-editor.elementor-drop-cap-view-framed .elementor-drop-cap{color:#69727d;border:3px solid;background-color:transparent}.elementor-widget-text-editor:not(.elementor-drop-cap-view-default) .elementor-drop-cap{margin-top:8px}.elementor-widget-text-editor:not(.elementor-drop-cap-view-default) .elementor-drop-cap-letter{width:1em;height:1em}.elementor-widget-text-editor .elementor-drop-cap{float:left;text-align:center;line-height:1;font-size:50px}.elementor-widget-text-editor .elementor-drop-cap-letter{display:inline-block}<\/style>\t\t\t\t<p>The foundation encourages sports programs that promote health, teamwork, and leadership, as well as social work projects that boost civic participation and community collaboration. Additionally, the foundation invests in technology training to provide children and young people with the skills needed to face the challenges of the 21st century.<\/p>\t\t\t\t\t\t<\/div>\n\t\t\t\t<\/div>\n\t\t\t\t<div class=\"elementor-element elementor-element-38b0e3b elementor-widget elementor-widget-heading\" data-id=\"38b0e3b\" data-element_type=\"widget\" data-widget_type=\"heading.default\">\n\t\t\t\t<div class=\"elementor-widget-container\">\n\t\t\t<h2 class=\"elementor-heading-title elementor-size-default\">History of the Seen Art Foundation<\/h2>\t\t<\/div>\n\t\t\t\t<\/div>\n\t\t\t\t<div class=\"elementor-element elementor-element-5648a15 elementor-widget elementor-widget-text-editor\" data-id=\"5648a15\" data-element_type=\"widget\" data-widget_type=\"text-editor.default\">\n\t\t\t\t<div class=\"elementor-widget-container\">\n\t\t\t\t\t\t\t<p>The Stichting Seen Art Foundation, founded in the Netherlands in 2008 by Maria Vigil Viera, was initially established with the purpose of promoting art and education globally. From the beginning, the foundation focused on the idea that art can be a powerful medium for personal and social transformation, particularly in vulnerable communities and disadvantaged situations.<\/p><p>In 2015, Maria Vigil made a trip to El Salvador, during which she witnessed firsthand the needs and challenges faced by the local population, particularly children and young people. This experience motivated her to expand the work of the Stichting Seen Art Foundation, establishing a branch in the country with the aim of providing support and contributing to the improvement of the living conditions of Salvadorans.<\/p><p>With the creation of the El Salvador branch, the Seen Art Foundation materialized its founder's desire to support Salvadoran children and young people, and more broadly, the communities of Central America. To achieve this goal, the foundation focuses on funding and developing projects that use art as an inspiring and catalyzing tool for change. These projects aim to boost creativity, critical thinking, and self-expression, as well as promote inclusion and a sense of belonging in society.<\/p><p>Over time, the foundation has broadened its focus, incorporating sports, social work, and technology. These new elements complement the work in art and education, providing a comprehensive approach to community development and empowerment.\u00a0<\/p><p>Thus, the Seen Art Foundation's El Salvador branch was born, a project that seeks to provide support and contribute to the improvement of living conditions for Salvadorans through projects that use art as a tool for social change. In this text, we explored the history of the Seen Art Foundation and its comprehensive approach to community development and empowerment.<\/p>\t\t\t\t\t\t<\/div>\n\t\t\t\t<\/div>\n\t\t\t\t\t<\/div>\n\t\t<\/div>\n\t\t\t\t<div class=\"elementor-column elementor-col-50 elementor-top-column elementor-element elementor-element-03a6bc5\" data-id=\"03a6bc5\" data-element_type=\"column\">\n\t\t\t<div class=\"elementor-widget-wrap elementor-element-populated\">\n\t\t\t\t\t\t\t\t<div class=\"elementor-element elementor-element-1f59df4 elementor-widget elementor-widget-image\" data-id=\"1f59df4\" data-element_type=\"widget\" data-widget_type=\"image.default\">\n\t\t\t\t<div class=\"elementor-widget-container\">\n\t\t\t<style>\/*! elementor - v3.12.1 - 02-04-2023 *\/\n.elementor-widget-image{text-align:center}.elementor-widget-image a{display:inline-block}.elementor-widget-image a img[src$=\".svg\"]{width:48px}.elementor-widget-image img{vertical-align:middle;display:inline-block}<\/style>\t\t\t\t\t\t\t\t\t\t\t\t<img loading=\"lazy\" decoding=\"async\" width=\"707\" height=\"999\" src=\"https:\/\/fundacionseenart.org\/wp-content\/uploads\/2023\/04\/Peter-y-Maria.jpg\" class=\"attachment-large size-large wp-image-1631\" alt=\"\" srcset=\"https:\/\/fundacionseenart.org\/wp-content\/uploads\/2023\/04\/Peter-y-Maria.jpg 707w, https:\/\/fundacionseenart.org\/wp-content\/uploads\/2023\/04\/Peter-y-Maria-212x300.jpg 212w, https:\/\/fundacionseenart.org\/wp-content\/uploads\/2023\/04\/Peter-y-Maria-8x12.jpg 8w\" sizes=\"auto, (max-width: 707px) 100vw, 707px\" \/>\t\t\t\t\t\t\t\t\t\t\t\t\t\t\t<\/div>\n\t\t\t\t<\/div>\n\t\t\t\t\t<\/div>\n\t\t<\/div>\n\t\t\t\t\t\t\t<\/div>\n\t\t<\/section>\n\t\t\t\t\t\t\t<\/div>","protected":false},"excerpt":{"rendered":"<p>Fundaci\u00f3n Seen Art, una instituci\u00f3n con ra\u00edces en el Pa\u00edses Bajos La fundaci\u00f3n fomenta programas deportivos que promueven la salud, el trabajo en equipo y el liderazgo, as\u00ed como proyectos de labor social que impulsan la participaci\u00f3n ciudadana y la colaboraci\u00f3n comunitaria. Adem\u00e1s, la fundaci\u00f3n apuesta por la formaci\u00f3n en tecnolog\u00eda para brindar a ni\u00f1os &hellip;<\/p>\n<p class=\"read-more\"> <a class=\"\" href=\"https:\/\/fundacionseenart.org\/en\/historia-de-la-fundacion-seen-art\/\"> <span class=\"screen-reader-text\">History of the Seen Art Foundation<\/span> Read More &raquo;<\/a><\/p>","protected":false},"author":1,"featured_media":0,"parent":0,"menu_order":0,"comment_status":"closed","ping_status":"closed","template":"","meta":{"site-sidebar-layout":"no-sidebar","site-content-layout":"page-builder","ast-global-header-display":"","ast-main-header-display":"","ast-hfb-above-header-display":"","ast-hfb-below-header-display":"","ast-hfb-mobile-header-display":"","site-post-title":"disabled","ast-breadcrumbs-content":"","ast-featured-img":"disabled","footer-sml-layout":"","theme-transparent-header-meta":"","adv-header-id-meta":"","stick-header-meta":"","header-above-stick-meta":"","header-main-stick-meta":"","header-below-stick-meta":"","footnotes":""},"class_list":["post-837","page","type-page","status-publish","hentry"],"yoast_head":"<!-- This site is optimized with the Yoast SEO plugin v20.5 - https:\/\/yoast.com\/wordpress\/plugins\/seo\/ -->\n<title>Historia de la Fundaci\u00f3n Seen Art - Fundaci\u00f3n Seen Art<\/title>\n<meta name=\"robots\" content=\"index, follow, max-snippet:-1, max-image-preview:large, max-video-preview:-1\" \/>\n<link rel=\"canonical\" href=\"https:\/\/fundacionseenart.org\/en\/historia-de-la-fundacion-seen-art\/\" \/>\n<meta property=\"og:locale\" content=\"en_US\" \/>\n<meta property=\"og:type\" content=\"article\" \/>\n<meta property=\"og:title\" content=\"Historia de la Fundaci\u00f3n Seen Art - Fundaci\u00f3n Seen Art\" \/>\n<meta property=\"og:description\" content=\"Fundaci\u00f3n Seen Art, una instituci\u00f3n con ra\u00edces en el Pa\u00edses Bajos La fundaci\u00f3n fomenta programas deportivos que promueven la salud, el trabajo en equipo y el liderazgo, as\u00ed como proyectos de labor social que impulsan la participaci\u00f3n ciudadana y la colaboraci\u00f3n comunitaria. Adem\u00e1s, la fundaci\u00f3n apuesta por la formaci\u00f3n en tecnolog\u00eda para brindar a ni\u00f1os &hellip; Historia de la Fundaci\u00f3n Seen Art Read More &raquo;\" \/>\n<meta property=\"og:url\" content=\"https:\/\/fundacionseenart.org\/en\/historia-de-la-fundacion-seen-art\/\" \/>\n<meta property=\"og:site_name\" content=\"Fundaci\u00f3n Seen Art\" \/>\n<meta property=\"article:publisher\" content=\"https:\/\/www.facebook.com\/fundacionseenartsv?ref=br_tf\" \/>\n<meta property=\"article:modified_time\" content=\"2023-04-12T20:20:54+00:00\" \/>\n<meta property=\"og:image\" content=\"https:\/\/fundacionseenart.org\/wp-content\/uploads\/2023\/04\/Peter-y-Maria.jpg\" \/>\n<meta name=\"twitter:card\" content=\"summary_large_image\" \/>\n<meta name=\"twitter:site\" content=\"@FundacionSeen\" \/>\n<meta name=\"twitter:label1\" content=\"Est. reading time\" \/>\n\t<meta name=\"twitter:data1\" content=\"3 minutes\" \/>\n<script type=\"application\/ld+json\" class=\"yoast-schema-graph\">{\"@context\":\"https:\/\/schema.org\",\"@graph\":[{\"@type\":\"WebPage\",\"@id\":\"https:\/\/fundacionseenart.org\/historia-de-la-fundacion-seen-art\/\",\"url\":\"https:\/\/fundacionseenart.org\/historia-de-la-fundacion-seen-art\/\",\"name\":\"Historia de la Fundaci\u00f3n Seen Art - Fundaci\u00f3n Seen Art\",\"isPartOf\":{\"@id\":\"https:\/\/fundacionseenart.org\/#website\"},\"datePublished\":\"2023-03-29T01:11:56+00:00\",\"dateModified\":\"2023-04-12T20:20:54+00:00\",\"breadcrumb\":{\"@id\":\"https:\/\/fundacionseenart.org\/historia-de-la-fundacion-seen-art\/#breadcrumb\"},\"inLanguage\":\"en-US\",\"potentialAction\":[{\"@type\":\"ReadAction\",\"target\":[\"https:\/\/fundacionseenart.org\/historia-de-la-fundacion-seen-art\/\"]}]},{\"@type\":\"BreadcrumbList\",\"@id\":\"https:\/\/fundacionseenart.org\/historia-de-la-fundacion-seen-art\/#breadcrumb\",\"itemListElement\":[{\"@type\":\"ListItem\",\"position\":1,\"name\":\"Portada\",\"item\":\"https:\/\/fundacionseenart.org\/\"},{\"@type\":\"ListItem\",\"position\":2,\"name\":\"Historia de la Fundaci\u00f3n Seen Art\"}]},{\"@type\":\"WebSite\",\"@id\":\"https:\/\/fundacionseenart.org\/#website\",\"url\":\"https:\/\/fundacionseenart.org\/\",\"name\":\"Fundaci\u00f3n Seen Art\",\"description\":\"Ay&uacute;danos a ayudar\",\"publisher\":{\"@id\":\"https:\/\/fundacionseenart.org\/#organization\"},\"potentialAction\":[{\"@type\":\"SearchAction\",\"target\":{\"@type\":\"EntryPoint\",\"urlTemplate\":\"https:\/\/fundacionseenart.org\/?s={search_term_string}\"},\"query-input\":\"required name=search_term_string\"}],\"inLanguage\":\"en-US\"},{\"@type\":\"Organization\",\"@id\":\"https:\/\/fundacionseenart.org\/#organization\",\"name\":\"Fundaci\u00f3n Seen Art\",\"url\":\"https:\/\/fundacionseenart.org\/\",\"logo\":{\"@type\":\"ImageObject\",\"inLanguage\":\"en-US\",\"@id\":\"https:\/\/fundacionseenart.org\/#\/schema\/logo\/image\/\",\"url\":\"https:\/\/fundacionseenart.org\/wp-content\/uploads\/2023\/04\/Fundacion-Seen-Art_gold-e1680363446728.png\",\"contentUrl\":\"https:\/\/fundacionseenart.org\/wp-content\/uploads\/2023\/04\/Fundacion-Seen-Art_gold-e1680363446728.png\",\"width\":1920,\"height\":571,\"caption\":\"Fundaci\u00f3n Seen Art\"},\"image\":{\"@id\":\"https:\/\/fundacionseenart.org\/#\/schema\/logo\/image\/\"},\"sameAs\":[\"https:\/\/www.facebook.com\/fundacionseenartsv?ref=br_tf\",\"https:\/\/twitter.com\/FundacionSeen\",\"https:\/\/www.instagram.com\/fundacionseen\/\"]}]}<\/script>\n<!-- \/ Yoast SEO plugin. -->","yoast_head_json":{"title":"Historia de la Fundaci\u00f3n Seen Art - Fundaci\u00f3n Seen Art","robots":{"index":"index","follow":"follow","max-snippet":"max-snippet:-1","max-image-preview":"max-image-preview:large","max-video-preview":"max-video-preview:-1"},"canonical":"https:\/\/fundacionseenart.org\/en\/historia-de-la-fundacion-seen-art\/","og_locale":"en_US","og_type":"article","og_title":"Historia de la Fundaci\u00f3n Seen Art - Fundaci\u00f3n Seen Art","og_description":"Fundaci\u00f3n Seen Art, una instituci\u00f3n con ra\u00edces en el Pa\u00edses Bajos La fundaci\u00f3n fomenta programas deportivos que promueven la salud, el trabajo en equipo y el liderazgo, as\u00ed como proyectos de labor social que impulsan la participaci\u00f3n ciudadana y la colaboraci\u00f3n comunitaria. Adem\u00e1s, la fundaci\u00f3n apuesta por la formaci\u00f3n en tecnolog\u00eda para brindar a ni\u00f1os &hellip; Historia de la Fundaci\u00f3n Seen Art Read More &raquo;","og_url":"https:\/\/fundacionseenart.org\/en\/historia-de-la-fundacion-seen-art\/","og_site_name":"Fundaci\u00f3n Seen Art","article_publisher":"https:\/\/www.facebook.com\/fundacionseenartsv?ref=br_tf","article_modified_time":"2023-04-12T20:20:54+00:00","og_image":[{"url":"https:\/\/fundacionseenart.org\/wp-content\/uploads\/2023\/04\/Peter-y-Maria.jpg"}],"twitter_card":"summary_large_image","twitter_site":"@FundacionSeen","twitter_misc":{"Est. reading time":"3 minutes"},"schema":{"@context":"https:\/\/schema.org","@graph":[{"@type":"WebPage","@id":"https:\/\/fundacionseenart.org\/historia-de-la-fundacion-seen-art\/","url":"https:\/\/fundacionseenart.org\/historia-de-la-fundacion-seen-art\/","name":"Historia de la Fundaci\u00f3n Seen Art - Fundaci\u00f3n Seen Art","isPartOf":{"@id":"https:\/\/fundacionseenart.org\/#website"},"datePublished":"2023-03-29T01:11:56+00:00","dateModified":"2023-04-12T20:20:54+00:00","breadcrumb":{"@id":"https:\/\/fundacionseenart.org\/historia-de-la-fundacion-seen-art\/#breadcrumb"},"inLanguage":"en-US","potentialAction":[{"@type":"ReadAction","target":["https:\/\/fundacionseenart.org\/historia-de-la-fundacion-seen-art\/"]}]},{"@type":"BreadcrumbList","@id":"https:\/\/fundacionseenart.org\/historia-de-la-fundacion-seen-art\/#breadcrumb","itemListElement":[{"@type":"ListItem","position":1,"name":"Portada","item":"https:\/\/fundacionseenart.org\/"},{"@type":"ListItem","position":2,"name":"Historia de la Fundaci\u00f3n Seen Art"}]},{"@type":"WebSite","@id":"https:\/\/fundacionseenart.org\/#website","url":"https:\/\/fundacionseenart.org\/","name":"Fundaci\u00f3n Seen Art","description":"Ay&uacute;danos a ayudar","publisher":{"@id":"https:\/\/fundacionseenart.org\/#organization"},"potentialAction":[{"@type":"SearchAction","target":{"@type":"EntryPoint","urlTemplate":"https:\/\/fundacionseenart.org\/?s={search_term_string}"},"query-input":"required name=search_term_string"}],"inLanguage":"en-US"},{"@type":"Organization","@id":"https:\/\/fundacionseenart.org\/#organization","name":"Fundaci\u00f3n Seen Art","url":"https:\/\/fundacionseenart.org\/","logo":{"@type":"ImageObject","inLanguage":"en-US","@id":"https:\/\/fundacionseenart.org\/#\/schema\/logo\/image\/","url":"https:\/\/fundacionseenart.org\/wp-content\/uploads\/2023\/04\/Fundacion-Seen-Art_gold-e1680363446728.png","contentUrl":"https:\/\/fundacionseenart.org\/wp-content\/uploads\/2023\/04\/Fundacion-Seen-Art_gold-e1680363446728.png","width":1920,"height":571,"caption":"Fundaci\u00f3n Seen Art"},"image":{"@id":"https:\/\/fundacionseenart.org\/#\/schema\/logo\/image\/"},"sameAs":["https:\/\/www.facebook.com\/fundacionseenartsv?ref=br_tf","https:\/\/twitter.com\/FundacionSeen","https:\/\/www.instagram.com\/fundacionseen\/"]}]}},"_links":{"self":[{"href":"https:\/\/fundacionseenart.org\/en\/wp-json\/wp\/v2\/pages\/837","targetHints":{"allow":["GET"]}}],"collection":[{"href":"https:\/\/fundacionseenart.org\/en\/wp-json\/wp\/v2\/pages"}],"about":[{"href":"https:\/\/fundacionseenart.org\/en\/wp-json\/wp\/v2\/types\/page"}],"author":[{"embeddable":true,"href":"https:\/\/fundacionseenart.org\/en\/wp-json\/wp\/v2\/users\/1"}],"replies":[{"embeddable":true,"href":"https:\/\/fundacionseenart.org\/en\/wp-json\/wp\/v2\/comments?post=837"}],"version-history":[{"count":37,"href":"https:\/\/fundacionseenart.org\/en\/wp-json\/wp\/v2\/pages\/837\/revisions"}],"predecessor-version":[{"id":1847,"href":"https:\/\/fundacionseenart.org\/en\/wp-json\/wp\/v2\/pages\/837\/revisions\/1847"}],"wp:attachment":[{"href":"https:\/\/fundacionseenart.org\/en\/wp-json\/wp\/v2\/media?parent=837"}],"curies":[{"name":"wp","href":"https:\/\/api.w.org\/{rel}","templated":true}]}}