{"id":687,"date":"2023-03-28T03:17:46","date_gmt":"2023-03-28T03:17:46","guid":{"rendered":"https:\/\/fundacionseenart.org\/?page_id=687"},"modified":"2023-04-15T02:45:51","modified_gmt":"2023-04-15T02:45:51","slug":"conocenos","status":"publish","type":"page","link":"https:\/\/fundacionseenart.org\/en\/conocenos\/","title":{"rendered":"Con\u00f3cenos"},"content":{"rendered":"<div data-elementor-type=\"wp-page\" data-elementor-id=\"687\" class=\"elementor elementor-687\">\n\t\t\t\t\t\t\t\t\t<section class=\"elementor-section elementor-top-section elementor-element elementor-element-2d51f44 elementor-section-boxed elementor-section-height-default elementor-section-height-default\" data-id=\"2d51f44\" data-element_type=\"section\" data-settings=\"{&quot;background_background&quot;:&quot;classic&quot;}\" data-e-bg-lazyload=\"\">\n\t\t\t\t\t\t\t<div class=\"elementor-background-overlay\"><\/div>\n\t\t\t\t\t\t\t<div class=\"elementor-container elementor-column-gap-default\">\n\t\t\t\t\t<div class=\"elementor-column elementor-col-100 elementor-top-column elementor-element elementor-element-c0226ae\" data-id=\"c0226ae\" data-element_type=\"column\">\n\t\t\t<div class=\"elementor-widget-wrap elementor-element-populated\">\n\t\t\t\t\t\t\t\t<div class=\"elementor-element elementor-element-87a04ad elementor-widget elementor-widget-heading\" data-id=\"87a04ad\" data-element_type=\"widget\" data-widget_type=\"heading.default\">\n\t\t\t\t<div class=\"elementor-widget-container\">\n\t\t\t<style>\/*! elementor - v3.12.1 - 02-04-2023 *\/\n.elementor-heading-title{padding:0;margin:0;line-height:1}.elementor-widget-heading .elementor-heading-title[class*=elementor-size-]>a{color:inherit;font-size:inherit;line-height:inherit}.elementor-widget-heading .elementor-heading-title.elementor-size-small{font-size:15px}.elementor-widget-heading .elementor-heading-title.elementor-size-medium{font-size:19px}.elementor-widget-heading .elementor-heading-title.elementor-size-large{font-size:29px}.elementor-widget-heading .elementor-heading-title.elementor-size-xl{font-size:39px}.elementor-widget-heading .elementor-heading-title.elementor-size-xxl{font-size:59px}<\/style><h1 class=\"elementor-heading-title elementor-size-default\">About us<\/h1>\t\t<\/div>\n\t\t\t\t<\/div>\n\t\t\t\t\t<\/div>\n\t\t<\/div>\n\t\t\t\t\t\t\t<\/div>\n\t\t<\/section>\n\t\t<div class=\"elementor-element elementor-element-4a3839f3 e-con-boxed e-con\" data-id=\"4a3839f3\" data-element_type=\"container\" data-settings=\"{&quot;background_background&quot;:&quot;classic&quot;,&quot;content_width&quot;:&quot;boxed&quot;}\">\n\t\t\t\t\t<div class=\"e-con-inner\">\n\t\t<div class=\"elementor-element elementor-element-2c50fce9 e-con-full e-con\" data-id=\"2c50fce9\" data-element_type=\"container\" data-settings=\"{&quot;content_width&quot;:&quot;full&quot;}\">\n\t\t\t\t<div class=\"elementor-element elementor-element-111e322b elementor-widget__width-inherit elementor-widget-divider--view-line elementor-invisible elementor-widget elementor-widget-divider\" data-id=\"111e322b\" data-element_type=\"widget\" data-settings=\"{&quot;_animation&quot;:&quot;fadeInLeft&quot;}\" data-widget_type=\"divider.default\">\n\t\t\t\t<div class=\"elementor-widget-container\">\n\t\t\t<style>\/*! elementor - v3.12.1 - 02-04-2023 *\/\n.elementor-widget-divider{--divider-border-style:none;--divider-border-width:1px;--divider-color:#0c0d0e;--divider-icon-size:20px;--divider-element-spacing:10px;--divider-pattern-height:24px;--divider-pattern-size:20px;--divider-pattern-url:none;--divider-pattern-repeat:repeat-x}.elementor-widget-divider .elementor-divider{display:flex}.elementor-widget-divider .elementor-divider__text{font-size:15px;line-height:1;max-width:95%}.elementor-widget-divider .elementor-divider__element{margin:0 var(--divider-element-spacing);flex-shrink:0}.elementor-widget-divider .elementor-icon{font-size:var(--divider-icon-size)}.elementor-widget-divider .elementor-divider-separator{display:flex;margin:0;direction:ltr}.elementor-widget-divider--view-line_icon .elementor-divider-separator,.elementor-widget-divider--view-line_text .elementor-divider-separator{align-items:center}.elementor-widget-divider--view-line_icon .elementor-divider-separator:after,.elementor-widget-divider--view-line_icon .elementor-divider-separator:before,.elementor-widget-divider--view-line_text .elementor-divider-separator:after,.elementor-widget-divider--view-line_text .elementor-divider-separator:before{display:block;content:\"\";border-bottom:0;flex-grow:1;border-top:var(--divider-border-width) var(--divider-border-style) var(--divider-color)}.elementor-widget-divider--element-align-left .elementor-divider .elementor-divider-separator>.elementor-divider__svg:first-of-type{flex-grow:0;flex-shrink:100}.elementor-widget-divider--element-align-left .elementor-divider-separator:before{content:none}.elementor-widget-divider--element-align-left .elementor-divider__element{margin-left:0}.elementor-widget-divider--element-align-right .elementor-divider .elementor-divider-separator>.elementor-divider__svg:last-of-type{flex-grow:0;flex-shrink:100}.elementor-widget-divider--element-align-right .elementor-divider-separator:after{content:none}.elementor-widget-divider--element-align-right .elementor-divider__element{margin-right:0}.elementor-widget-divider:not(.elementor-widget-divider--view-line_text):not(.elementor-widget-divider--view-line_icon) .elementor-divider-separator{border-top:var(--divider-border-width) var(--divider-border-style) var(--divider-color)}.elementor-widget-divider--separator-type-pattern{--divider-border-style:none}.elementor-widget-divider--separator-type-pattern.elementor-widget-divider--view-line .elementor-divider-separator,.elementor-widget-divider--separator-type-pattern:not(.elementor-widget-divider--view-line) .elementor-divider-separator:after,.elementor-widget-divider--separator-type-pattern:not(.elementor-widget-divider--view-line) .elementor-divider-separator:before,.elementor-widget-divider--separator-type-pattern:not([class*=elementor-widget-divider--view]) .elementor-divider-separator{width:100%;min-height:var(--divider-pattern-height);-webkit-mask-size:var(--divider-pattern-size) 100%;mask-size:var(--divider-pattern-size) 100%;-webkit-mask-repeat:var(--divider-pattern-repeat);mask-repeat:var(--divider-pattern-repeat);background-color:var(--divider-color);-webkit-mask-image:var(--divider-pattern-url);mask-image:var(--divider-pattern-url)}.elementor-widget-divider--no-spacing{--divider-pattern-size:auto}.elementor-widget-divider--bg-round{--divider-pattern-repeat:round}.rtl .elementor-widget-divider .elementor-divider__text{direction:rtl}.e-con-inner>.elementor-widget-divider,.e-con>.elementor-widget-divider{width:var(--container-widget-width,100%);--flex-grow:var(--container-widget-flex-grow)}<\/style>\t\t<div class=\"elementor-divider\">\n\t\t\t<span class=\"elementor-divider-separator\">\n\t\t\t\t\t\t<\/span>\n\t\t<\/div>\n\t\t\t\t<\/div>\n\t\t\t\t<\/div>\n\t\t\t\t<div class=\"elementor-element elementor-element-3c2566b1 elementor-widget__width-initial elementor-widget-tablet__width-inherit elementor-widget elementor-widget-heading\" data-id=\"3c2566b1\" data-element_type=\"widget\" data-widget_type=\"heading.default\">\n\t\t\t\t<div class=\"elementor-widget-container\">\n\t\t\t<h1 class=\"elementor-heading-title elementor-size-default\">Working for children and youth in El Salvador\n<\/h1>\t\t<\/div>\n\t\t\t\t<\/div>\n\t\t\t\t<div class=\"elementor-element elementor-element-2315e5c2 elementor-widget__width-initial elementor-widget-tablet__width-inherit elementor-widget elementor-widget-text-editor\" data-id=\"2315e5c2\" data-element_type=\"widget\" data-widget_type=\"text-editor.default\">\n\t\t\t\t<div class=\"elementor-widget-container\">\n\t\t\t<style>\/*! elementor - v3.12.1 - 02-04-2023 *\/\n.elementor-widget-text-editor.elementor-drop-cap-view-stacked .elementor-drop-cap{background-color:#69727d;color:#fff}.elementor-widget-text-editor.elementor-drop-cap-view-framed .elementor-drop-cap{color:#69727d;border:3px solid;background-color:transparent}.elementor-widget-text-editor:not(.elementor-drop-cap-view-default) .elementor-drop-cap{margin-top:8px}.elementor-widget-text-editor:not(.elementor-drop-cap-view-default) .elementor-drop-cap-letter{width:1em;height:1em}.elementor-widget-text-editor .elementor-drop-cap{float:left;text-align:center;line-height:1;font-size:50px}.elementor-widget-text-editor .elementor-drop-cap-letter{display:inline-block}<\/style>\t\t\t\t<p>We focus on diverse areas, such as art and music, food, sports, culture and technology, to provide a comprehensive and sustainable approach to the development and well-being of communities. Through our projects and programs, we seek to empower new generations and create a brighter future for all.<\/p>\t\t\t\t\t\t<\/div>\n\t\t\t\t<\/div>\n\t\t\t\t<\/div>\n\t\t<div class=\"elementor-element elementor-element-6f284b8b e-con-boxed e-con\" data-id=\"6f284b8b\" data-element_type=\"container\" data-settings=\"{&quot;content_width&quot;:&quot;boxed&quot;}\">\n\t\t\t\t\t<div class=\"e-con-inner\">\n\t\t\t\t<div class=\"elementor-element elementor-element-2751bc34 elementor-view-default elementor-vertical-align-top elementor-invisible elementor-widget elementor-widget-icon-box\" data-id=\"2751bc34\" data-element_type=\"widget\" data-settings=\"{&quot;_animation&quot;:&quot;fadeInUp&quot;}\" data-widget_type=\"icon-box.default\">\n\t\t\t\t<div class=\"elementor-widget-container\">\n\t\t\t<link rel=\"stylesheet\" href=\"https:\/\/fundacionseenart.org\/wp-content\/plugins\/elementor\/assets\/css\/widget-icon-box.min.css\">\t\t<div class=\"elementor-icon-box-wrapper\">\n\t\t\t\t\t\t<div class=\"elementor-icon-box-content\">\n\t\t\t\t<h3 class=\"elementor-icon-box-title\">\n\t\t\t\t\t<span  >\n\t\t\t\t\t\tSeen Art Vision\t\t\t\t\t<\/span>\n\t\t\t\t<\/h3>\n\t\t\t\t\t\t\t\t\t<p class=\"elementor-icon-box-description\">\n\t\t\t\t\t\tTo become an outstanding organization in the execution and development of significant social projects, focused on the areas of greatest need. In our vision, the Seen Art Foundation is established as a role model due to its transparency, efficiency and commitment to improving the living conditions of the most vulnerable communities.\t\t\t\t\t<\/p>\n\t\t\t\t\t\t\t<\/div>\n\t\t<\/div>\n\t\t\t\t<\/div>\n\t\t\t\t<\/div>\n\t\t\t\t<div class=\"elementor-element elementor-element-40ccd914 elementor-view-default elementor-vertical-align-top elementor-invisible elementor-widget elementor-widget-icon-box\" data-id=\"40ccd914\" data-element_type=\"widget\" data-settings=\"{&quot;_animation&quot;:&quot;fadeInUp&quot;}\" data-widget_type=\"icon-box.default\">\n\t\t\t\t<div class=\"elementor-widget-container\">\n\t\t\t\t\t<div class=\"elementor-icon-box-wrapper\">\n\t\t\t\t\t\t<div class=\"elementor-icon-box-content\">\n\t\t\t\t<h3 class=\"elementor-icon-box-title\">\n\t\t\t\t\t<span  >\n\t\t\t\t\t\tSeen Art Vision\t\t\t\t\t<\/span>\n\t\t\t\t<\/h3>\n\t\t\t\t\t\t\t\t\t<p class=\"elementor-icon-box-description\">\n\t\t\t\t\t\tTo improve the quality of life of disadvantaged people by implementing and developing innovative and sustainable social projects. \nThrough our mission, we aspire to be a driving force for social change, contributing to the creation of a more just and equitable world, where everyone has access to the opportunities they need to thrive.\t\t\t\t\t<\/p>\n\t\t\t\t\t\t\t<\/div>\n\t\t<\/div>\n\t\t\t\t<\/div>\n\t\t\t\t<\/div>\n\t\t\t\t\t<\/div>\n\t\t\t\t<\/div>\n\t\t\t\t\t<\/div>\n\t\t\t\t<\/div>\n\t\t\t\t<section class=\"elementor-section elementor-top-section elementor-element elementor-element-ytwz1j4 elementor-section-boxed elementor-section-height-default elementor-section-height-default\" data-id=\"ytwz1j4\" data-element_type=\"section\" data-settings=\"{&quot;background_background&quot;:&quot;classic&quot;}\">\n\t\t\t\t\t\t<div class=\"elementor-container elementor-column-gap-no\">\n\t\t\t\t\t<div class=\"elementor-column elementor-col-50 elementor-top-column elementor-element elementor-element-27ce5d2\" data-id=\"27ce5d2\" data-element_type=\"column\">\n\t\t\t<div class=\"elementor-widget-wrap elementor-element-populated\">\n\t\t\t\t\t\t\t\t<div class=\"elementor-element elementor-element-8010bca elementor-widget elementor-widget-heading\" data-id=\"8010bca\" data-element_type=\"widget\" data-widget_type=\"heading.default\">\n\t\t\t\t<div class=\"elementor-widget-container\">\n\t\t\t<h4 class=\"elementor-heading-title elementor-size-default\">Nuestras ra\u00edces<\/h4>\t\t<\/div>\n\t\t\t\t<\/div>\n\t\t\t\t<div class=\"elementor-element elementor-element-3c42db3 elementor-widget-divider--view-line elementor-widget elementor-widget-divider\" data-id=\"3c42db3\" data-element_type=\"widget\" data-widget_type=\"divider.default\">\n\t\t\t\t<div class=\"elementor-widget-container\">\n\t\t\t\t\t<div class=\"elementor-divider\">\n\t\t\t<span class=\"elementor-divider-separator\">\n\t\t\t\t\t\t<\/span>\n\t\t<\/div>\n\t\t\t\t<\/div>\n\t\t\t\t<\/div>\n\t\t\t\t<div class=\"elementor-element elementor-element-07e59d7 elementor-widget elementor-widget-heading\" data-id=\"07e59d7\" data-element_type=\"widget\" data-widget_type=\"heading.default\">\n\t\t\t\t<div class=\"elementor-widget-container\">\n\t\t\t<h2 class=\"elementor-heading-title elementor-size-default\">A foundation with origins in The Netherlands<\/h2>\t\t<\/div>\n\t\t\t\t<\/div>\n\t\t\t\t\t<\/div>\n\t\t<\/div>\n\t\t\t\t<div class=\"elementor-column elementor-col-50 elementor-top-column elementor-element elementor-element-bb27810\" data-id=\"bb27810\" data-element_type=\"column\">\n\t\t\t<div class=\"elementor-widget-wrap elementor-element-populated\">\n\t\t\t\t\t\t\t\t<div class=\"elementor-element elementor-element-ab0ec22 elementor-widget elementor-widget-text-editor\" data-id=\"ab0ec22\" data-element_type=\"widget\" data-widget_type=\"text-editor.default\">\n\t\t\t\t<div class=\"elementor-widget-container\">\n\t\t\t\t\t\t\t<p>We are committed to promoting social inclusion, equality and respect for human rights, collaborating with all social agents to maximize the impact of our initiatives.<br \/><br \/>We focus on the areas of greatest need, where we strive to identify and address the root causes of social problems. <\/p>\t\t\t\t\t\t<\/div>\n\t\t\t\t<\/div>\n\t\t\t\t\t<\/div>\n\t\t<\/div>\n\t\t\t\t\t\t\t<\/div>\n\t\t<\/section>\n\t\t\t\t\t\t\t<\/div>","protected":false},"excerpt":{"rendered":"<p>Sobre nosotros Trabajando por los ni\u00f1os y j\u00f3venes en El Salvador Nos enfocamos en diversas \u00e1reas, como arte y m\u00fasica, alimentaci\u00f3n, deporte, cultura y tecnolog\u00eda, para brindar un enfoque integral y sostenible en el desarrollo y bienestar de las comunidades. A trav\u00e9s de nuestros proyectos y programas, buscamos empoderar a las nuevas generaciones y crear &hellip;<\/p>\n<p class=\"read-more\"> <a class=\"\" href=\"https:\/\/fundacionseenart.org\/en\/conocenos\/\"> <span class=\"screen-reader-text\">Con\u00f3cenos<\/span> Read More &raquo;<\/a><\/p>","protected":false},"author":1,"featured_media":0,"parent":0,"menu_order":0,"comment_status":"closed","ping_status":"closed","template":"","meta":{"site-sidebar-layout":"no-sidebar","site-content-layout":"page-builder","ast-global-header-display":"","ast-main-header-display":"","ast-hfb-above-header-display":"","ast-hfb-below-header-display":"","ast-hfb-mobile-header-display":"","site-post-title":"disabled","ast-breadcrumbs-content":"","ast-featured-img":"disabled","footer-sml-layout":"","theme-transparent-header-meta":"","adv-header-id-meta":"","stick-header-meta":"","header-above-stick-meta":"","header-main-stick-meta":"","header-below-stick-meta":"","footnotes":""},"class_list":["post-687","page","type-page","status-publish","hentry"],"yoast_head":"<!-- This site is optimized with the Yoast SEO plugin v20.5 - https:\/\/yoast.com\/wordpress\/plugins\/seo\/ -->\n<title>Con\u00f3cenos - Fundaci\u00f3n Seen Art<\/title>\n<meta name=\"robots\" content=\"index, follow, max-snippet:-1, max-image-preview:large, max-video-preview:-1\" \/>\n<link rel=\"canonical\" href=\"https:\/\/fundacionseenart.org\/en\/conocenos\/\" \/>\n<meta property=\"og:locale\" content=\"en_US\" \/>\n<meta property=\"og:type\" content=\"article\" \/>\n<meta property=\"og:title\" content=\"Con\u00f3cenos - Fundaci\u00f3n Seen Art\" \/>\n<meta property=\"og:description\" content=\"Sobre nosotros Trabajando por los ni\u00f1os y j\u00f3venes en El Salvador Nos enfocamos en diversas \u00e1reas, como arte y m\u00fasica, alimentaci\u00f3n, deporte, cultura y tecnolog\u00eda, para brindar un enfoque integral y sostenible en el desarrollo y bienestar de las comunidades. A trav\u00e9s de nuestros proyectos y programas, buscamos empoderar a las nuevas generaciones y crear &hellip; Con\u00f3cenos Read More &raquo;\" \/>\n<meta property=\"og:url\" content=\"https:\/\/fundacionseenart.org\/en\/conocenos\/\" \/>\n<meta property=\"og:site_name\" content=\"Fundaci\u00f3n Seen Art\" \/>\n<meta property=\"article:publisher\" content=\"https:\/\/www.facebook.com\/fundacionseenartsv?ref=br_tf\" \/>\n<meta property=\"article:modified_time\" content=\"2023-04-15T02:45:51+00:00\" \/>\n<meta name=\"twitter:card\" content=\"summary_large_image\" \/>\n<meta name=\"twitter:site\" content=\"@FundacionSeen\" \/>\n<meta name=\"twitter:label1\" content=\"Est. reading time\" \/>\n\t<meta name=\"twitter:data1\" content=\"2 minutes\" \/>\n<script type=\"application\/ld+json\" class=\"yoast-schema-graph\">{\"@context\":\"https:\/\/schema.org\",\"@graph\":[{\"@type\":\"WebPage\",\"@id\":\"https:\/\/fundacionseenart.org\/conocenos\/\",\"url\":\"https:\/\/fundacionseenart.org\/conocenos\/\",\"name\":\"Con\u00f3cenos - Fundaci\u00f3n Seen Art\",\"isPartOf\":{\"@id\":\"https:\/\/fundacionseenart.org\/#website\"},\"datePublished\":\"2023-03-28T03:17:46+00:00\",\"dateModified\":\"2023-04-15T02:45:51+00:00\",\"breadcrumb\":{\"@id\":\"https:\/\/fundacionseenart.org\/conocenos\/#breadcrumb\"},\"inLanguage\":\"en-US\",\"potentialAction\":[{\"@type\":\"ReadAction\",\"target\":[\"https:\/\/fundacionseenart.org\/conocenos\/\"]}]},{\"@type\":\"BreadcrumbList\",\"@id\":\"https:\/\/fundacionseenart.org\/conocenos\/#breadcrumb\",\"itemListElement\":[{\"@type\":\"ListItem\",\"position\":1,\"name\":\"Portada\",\"item\":\"https:\/\/fundacionseenart.org\/\"},{\"@type\":\"ListItem\",\"position\":2,\"name\":\"Con\u00f3cenos\"}]},{\"@type\":\"WebSite\",\"@id\":\"https:\/\/fundacionseenart.org\/#website\",\"url\":\"https:\/\/fundacionseenart.org\/\",\"name\":\"Fundaci\u00f3n Seen Art\",\"description\":\"Ay&uacute;danos a ayudar\",\"publisher\":{\"@id\":\"https:\/\/fundacionseenart.org\/#organization\"},\"potentialAction\":[{\"@type\":\"SearchAction\",\"target\":{\"@type\":\"EntryPoint\",\"urlTemplate\":\"https:\/\/fundacionseenart.org\/?s={search_term_string}\"},\"query-input\":\"required name=search_term_string\"}],\"inLanguage\":\"en-US\"},{\"@type\":\"Organization\",\"@id\":\"https:\/\/fundacionseenart.org\/#organization\",\"name\":\"Fundaci\u00f3n Seen Art\",\"url\":\"https:\/\/fundacionseenart.org\/\",\"logo\":{\"@type\":\"ImageObject\",\"inLanguage\":\"en-US\",\"@id\":\"https:\/\/fundacionseenart.org\/#\/schema\/logo\/image\/\",\"url\":\"https:\/\/fundacionseenart.org\/wp-content\/uploads\/2023\/04\/Fundacion-Seen-Art_gold-e1680363446728.png\",\"contentUrl\":\"https:\/\/fundacionseenart.org\/wp-content\/uploads\/2023\/04\/Fundacion-Seen-Art_gold-e1680363446728.png\",\"width\":1920,\"height\":571,\"caption\":\"Fundaci\u00f3n Seen Art\"},\"image\":{\"@id\":\"https:\/\/fundacionseenart.org\/#\/schema\/logo\/image\/\"},\"sameAs\":[\"https:\/\/www.facebook.com\/fundacionseenartsv?ref=br_tf\",\"https:\/\/twitter.com\/FundacionSeen\",\"https:\/\/www.instagram.com\/fundacionseen\/\"]}]}<\/script>\n<!-- \/ Yoast SEO plugin. -->","yoast_head_json":{"title":"Con\u00f3cenos - Fundaci\u00f3n Seen Art","robots":{"index":"index","follow":"follow","max-snippet":"max-snippet:-1","max-image-preview":"max-image-preview:large","max-video-preview":"max-video-preview:-1"},"canonical":"https:\/\/fundacionseenart.org\/en\/conocenos\/","og_locale":"en_US","og_type":"article","og_title":"Con\u00f3cenos - Fundaci\u00f3n Seen Art","og_description":"Sobre nosotros Trabajando por los ni\u00f1os y j\u00f3venes en El Salvador Nos enfocamos en diversas \u00e1reas, como arte y m\u00fasica, alimentaci\u00f3n, deporte, cultura y tecnolog\u00eda, para brindar un enfoque integral y sostenible en el desarrollo y bienestar de las comunidades. A trav\u00e9s de nuestros proyectos y programas, buscamos empoderar a las nuevas generaciones y crear &hellip; Con\u00f3cenos Read More &raquo;","og_url":"https:\/\/fundacionseenart.org\/en\/conocenos\/","og_site_name":"Fundaci\u00f3n Seen Art","article_publisher":"https:\/\/www.facebook.com\/fundacionseenartsv?ref=br_tf","article_modified_time":"2023-04-15T02:45:51+00:00","twitter_card":"summary_large_image","twitter_site":"@FundacionSeen","twitter_misc":{"Est. reading time":"2 minutes"},"schema":{"@context":"https:\/\/schema.org","@graph":[{"@type":"WebPage","@id":"https:\/\/fundacionseenart.org\/conocenos\/","url":"https:\/\/fundacionseenart.org\/conocenos\/","name":"Con\u00f3cenos - Fundaci\u00f3n Seen Art","isPartOf":{"@id":"https:\/\/fundacionseenart.org\/#website"},"datePublished":"2023-03-28T03:17:46+00:00","dateModified":"2023-04-15T02:45:51+00:00","breadcrumb":{"@id":"https:\/\/fundacionseenart.org\/conocenos\/#breadcrumb"},"inLanguage":"en-US","potentialAction":[{"@type":"ReadAction","target":["https:\/\/fundacionseenart.org\/conocenos\/"]}]},{"@type":"BreadcrumbList","@id":"https:\/\/fundacionseenart.org\/conocenos\/#breadcrumb","itemListElement":[{"@type":"ListItem","position":1,"name":"Portada","item":"https:\/\/fundacionseenart.org\/"},{"@type":"ListItem","position":2,"name":"Con\u00f3cenos"}]},{"@type":"WebSite","@id":"https:\/\/fundacionseenart.org\/#website","url":"https:\/\/fundacionseenart.org\/","name":"Fundaci\u00f3n Seen Art","description":"Ay&uacute;danos a ayudar","publisher":{"@id":"https:\/\/fundacionseenart.org\/#organization"},"potentialAction":[{"@type":"SearchAction","target":{"@type":"EntryPoint","urlTemplate":"https:\/\/fundacionseenart.org\/?s={search_term_string}"},"query-input":"required name=search_term_string"}],"inLanguage":"en-US"},{"@type":"Organization","@id":"https:\/\/fundacionseenart.org\/#organization","name":"Fundaci\u00f3n Seen Art","url":"https:\/\/fundacionseenart.org\/","logo":{"@type":"ImageObject","inLanguage":"en-US","@id":"https:\/\/fundacionseenart.org\/#\/schema\/logo\/image\/","url":"https:\/\/fundacionseenart.org\/wp-content\/uploads\/2023\/04\/Fundacion-Seen-Art_gold-e1680363446728.png","contentUrl":"https:\/\/fundacionseenart.org\/wp-content\/uploads\/2023\/04\/Fundacion-Seen-Art_gold-e1680363446728.png","width":1920,"height":571,"caption":"Fundaci\u00f3n Seen Art"},"image":{"@id":"https:\/\/fundacionseenart.org\/#\/schema\/logo\/image\/"},"sameAs":["https:\/\/www.facebook.com\/fundacionseenartsv?ref=br_tf","https:\/\/twitter.com\/FundacionSeen","https:\/\/www.instagram.com\/fundacionseen\/"]}]}},"_links":{"self":[{"href":"https:\/\/fundacionseenart.org\/en\/wp-json\/wp\/v2\/pages\/687","targetHints":{"allow":["GET"]}}],"collection":[{"href":"https:\/\/fundacionseenart.org\/en\/wp-json\/wp\/v2\/pages"}],"about":[{"href":"https:\/\/fundacionseenart.org\/en\/wp-json\/wp\/v2\/types\/page"}],"author":[{"embeddable":true,"href":"https:\/\/fundacionseenart.org\/en\/wp-json\/wp\/v2\/users\/1"}],"replies":[{"embeddable":true,"href":"https:\/\/fundacionseenart.org\/en\/wp-json\/wp\/v2\/comments?post=687"}],"version-history":[{"count":46,"href":"https:\/\/fundacionseenart.org\/en\/wp-json\/wp\/v2\/pages\/687\/revisions"}],"predecessor-version":[{"id":1877,"href":"https:\/\/fundacionseenart.org\/en\/wp-json\/wp\/v2\/pages\/687\/revisions\/1877"}],"wp:attachment":[{"href":"https:\/\/fundacionseenart.org\/en\/wp-json\/wp\/v2\/media?parent=687"}],"curies":[{"name":"wp","href":"https:\/\/api.w.org\/{rel}","templated":true}]}}