{"id":176,"date":"2018-02-28T19:17:30","date_gmt":"2018-02-28T19:17:30","guid":{"rendered":"https:\/\/fundacionseenart.org\/1-page\/"},"modified":"2023-04-30T18:14:20","modified_gmt":"2023-04-30T18:14:20","slug":"seen","status":"publish","type":"page","link":"https:\/\/fundacionseenart.org\/en\/","title":{"rendered":"Fundaci\u00f3n Seen Art"},"content":{"rendered":"<div data-elementor-type=\"wp-post\" data-elementor-id=\"176\" class=\"elementor elementor-176\">\n\t\t\t\t\t\t\t\t\t<section class=\"elementor-section elementor-top-section elementor-element elementor-element-00e1itu elementor-section-full_width elementor-section-height-default elementor-section-height-default\" data-id=\"00e1itu\" data-element_type=\"section\" data-settings=\"{&quot;background_background&quot;:&quot;classic&quot;}\">\n\t\t\t\t\t\t<div class=\"elementor-container elementor-column-gap-no\">\n\t\t\t\t\t<div class=\"elementor-column elementor-col-100 elementor-top-column elementor-element elementor-element-0814f73\" data-id=\"0814f73\" data-element_type=\"column\">\n\t\t\t<div class=\"elementor-widget-wrap elementor-element-populated\">\n\t\t\t\t\t\t\t\t<div class=\"elementor-element elementor-element-18ea619 elementor-widget elementor-widget-image\" data-id=\"18ea619\" data-element_type=\"widget\" data-widget_type=\"image.default\">\n\t\t\t\t<div class=\"elementor-widget-container\">\n\t\t\t<style>\/*! elementor - v3.12.1 - 02-04-2023 *\/\n.elementor-widget-image{text-align:center}.elementor-widget-image a{display:inline-block}.elementor-widget-image a img[src$=\".svg\"]{width:48px}.elementor-widget-image img{vertical-align:middle;display:inline-block}<\/style>\t\t\t\t\t\t\t\t\t\t\t\t<img decoding=\"async\" src=\"https:\/\/fundacionseenart.org\/wp-content\/uploads\/elementor\/thumbs\/robertodiaz_a_cool_salvadoran_kid_poses_in_front_of_a_mural_in__3f77c3c4-8221-40a2-acef-97f98006c096-e1682868633328-q5s4wpu5psfb5lki46mpe1dcaehiqc9fkphi62rc0w.png\" title=\"robertodiaz_A_cool_salvadoran_kid_poses_in_front_of_a_mural_in__3f77c3c4-8221-40a2-acef-97f98006c096\" alt=\"robertodiaz_A_cool_salvadoran_kid_poses_in_front_of_a_mural_in__3f77c3c4-8221-40a2-acef-97f98006c096\" loading=\"lazy\" \/>\t\t\t\t\t\t\t\t\t\t\t\t\t\t\t<\/div>\n\t\t\t\t<\/div>\n\t\t\t\t<section class=\"elementor-section elementor-inner-section elementor-element elementor-element-1008960 elementor-section-boxed elementor-section-height-default elementor-section-height-default\" data-id=\"1008960\" data-element_type=\"section\">\n\t\t\t\t\t\t<div class=\"elementor-container elementor-column-gap-no\">\n\t\t\t\t\t<div class=\"elementor-column elementor-col-100 elementor-inner-column elementor-element elementor-element-f7c16bf\" data-id=\"f7c16bf\" data-element_type=\"column\">\n\t\t\t<div class=\"elementor-widget-wrap elementor-element-populated\">\n\t\t\t\t\t\t\t\t<div class=\"elementor-element elementor-element-73a115b elementor-widget__width-initial elementor-widget elementor-widget-heading\" data-id=\"73a115b\" data-element_type=\"widget\" data-widget_type=\"heading.default\">\n\t\t\t\t<div class=\"elementor-widget-container\">\n\t\t\t<style>\/*! elementor - v3.12.1 - 02-04-2023 *\/\n.elementor-heading-title{padding:0;margin:0;line-height:1}.elementor-widget-heading .elementor-heading-title[class*=elementor-size-]>a{color:inherit;font-size:inherit;line-height:inherit}.elementor-widget-heading .elementor-heading-title.elementor-size-small{font-size:15px}.elementor-widget-heading .elementor-heading-title.elementor-size-medium{font-size:19px}.elementor-widget-heading .elementor-heading-title.elementor-size-large{font-size:29px}.elementor-widget-heading .elementor-heading-title.elementor-size-xl{font-size:39px}.elementor-widget-heading .elementor-heading-title.elementor-size-xxl{font-size:59px}<\/style><h1 class=\"elementor-heading-title elementor-size-default\">Seen Art Foundation. Driving culture.<\/h1>\t\t<\/div>\n\t\t\t\t<\/div>\n\t\t\t\t<div class=\"elementor-element elementor-element-d822a7a elementor-widget elementor-widget-text-editor\" data-id=\"d822a7a\" data-element_type=\"widget\" data-widget_type=\"text-editor.default\">\n\t\t\t\t<div class=\"elementor-widget-container\">\n\t\t\t<style>\/*! elementor - v3.12.1 - 02-04-2023 *\/\n.elementor-widget-text-editor.elementor-drop-cap-view-stacked .elementor-drop-cap{background-color:#69727d;color:#fff}.elementor-widget-text-editor.elementor-drop-cap-view-framed .elementor-drop-cap{color:#69727d;border:3px solid;background-color:transparent}.elementor-widget-text-editor:not(.elementor-drop-cap-view-default) .elementor-drop-cap{margin-top:8px}.elementor-widget-text-editor:not(.elementor-drop-cap-view-default) .elementor-drop-cap-letter{width:1em;height:1em}.elementor-widget-text-editor .elementor-drop-cap{float:left;text-align:center;line-height:1;font-size:50px}.elementor-widget-text-editor .elementor-drop-cap-letter{display:inline-block}<\/style>\t\t\t\t<p>We are a non-profit organization dedicated to improving the lives of children and young people in El Salvador through programs in art and music, nutrition, sports, culture, and technology.\u00a0\u00a0<\/p>\t\t\t\t\t\t<\/div>\n\t\t\t\t<\/div>\n\t\t\t\t<div class=\"elementor-element elementor-element-2edc1c1 elementor-widget elementor-widget-button\" data-id=\"2edc1c1\" data-element_type=\"widget\" data-widget_type=\"button.default\">\n\t\t\t\t<div class=\"elementor-widget-container\">\n\t\t\t\t\t<div class=\"elementor-button-wrapper\">\n\t\t\t<a href=\"#trabajo\" class=\"elementor-button-link elementor-button elementor-size-sm\" role=\"button\">\n\t\t\t\t\t\t<span class=\"elementor-button-content-wrapper\">\n\t\t\t\t\t\t<span class=\"elementor-button-text\">Our Work<\/span>\n\t\t<\/span>\n\t\t\t\t\t<\/a>\n\t\t<\/div>\n\t\t\t\t<\/div>\n\t\t\t\t<\/div>\n\t\t\t\t\t<\/div>\n\t\t<\/div>\n\t\t\t\t\t\t\t<\/div>\n\t\t<\/section>\n\t\t\t\t\t<\/div>\n\t\t<\/div>\n\t\t\t\t\t\t\t<\/div>\n\t\t<\/section>\n\t\t<div class=\"elementor-element elementor-element-35bb39 e-con-boxed e-con\" data-id=\"35bb39\" data-element_type=\"container\" data-settings=\"{&quot;background_background&quot;:&quot;classic&quot;,&quot;content_width&quot;:&quot;boxed&quot;}\">\n\t\t\t\t\t<div class=\"e-con-inner\">\n\t\t<div class=\"elementor-element elementor-element-68ff52b1 e-con-boxed e-con\" data-id=\"68ff52b1\" data-element_type=\"container\" data-settings=\"{&quot;content_width&quot;:&quot;boxed&quot;}\">\n\t\t\t\t\t<div class=\"e-con-inner\">\n\t\t\t\t<div class=\"elementor-element elementor-element-61b4ae71 elementor-widget elementor-widget-heading\" data-id=\"61b4ae71\" data-element_type=\"widget\" data-widget_type=\"heading.default\">\n\t\t\t\t<div class=\"elementor-widget-container\">\n\t\t\t<h2 class=\"elementor-heading-title elementor-size-default\">Institution<\/h2>\t\t<\/div>\n\t\t\t\t<\/div>\n\t\t\t\t\t<\/div>\n\t\t\t\t<\/div>\n\t\t<div class=\"elementor-element elementor-element-ebd6d9b e-con-boxed e-con\" data-id=\"ebd6d9b\" data-element_type=\"container\" data-settings=\"{&quot;content_width&quot;:&quot;boxed&quot;}\">\n\t\t\t\t\t<div class=\"e-con-inner\">\n\t\t<div class=\"elementor-element elementor-element-6b3c62a e-con-full elementor-invisible e-con\" data-id=\"6b3c62a\" data-element_type=\"container\" data-settings=\"{&quot;animation&quot;:&quot;fadeInUp&quot;,&quot;content_width&quot;:&quot;full&quot;}\">\n\t\t\t\t<div class=\"elementor-element elementor-element-f4bf6c4 elementor-cta--layout-image-above elementor-cta--valign-middle elementor-cta--skin-classic elementor-animated-content elementor-widget elementor-widget-call-to-action\" data-id=\"f4bf6c4\" data-element_type=\"widget\" data-widget_type=\"call-to-action.default\">\n\t\t\t\t<div class=\"elementor-widget-container\">\n\t\t\t<link rel=\"stylesheet\" href=\"https:\/\/fundacionseenart.org\/wp-content\/plugins\/elementor-pro\/assets\/css\/widget-call-to-action.min.css\">\t\t<div class=\"elementor-cta\" data-e-bg-lazyload=\".elementor-bg\">\n\t\t\t\t\t<div class=\"elementor-cta__bg-wrapper\">\n\t\t\t\t<div class=\"elementor-cta__bg elementor-bg\" style=\"background-image: var(--e-bg-lazyload-loaded); --e-bg-lazyload: url(https:\/\/fundacionseenart.org\/wp-content\/uploads\/elementor\/thumbs\/15626061_368620163499768_4748377924919632080_o-q45rjbra6jnzivsu37145ua5u52ucwqhqzl6rq5liw.jpg);\"><\/div>\n\t\t\t\t<div class=\"elementor-cta__bg-overlay\"><\/div>\n\t\t\t<\/div>\n\t\t\t\t\t\t\t<div class=\"elementor-cta__content\">\n\t\t\t\t\n\t\t\t\t<h3 class=\"elementor-cta__title elementor-cta__content-item elementor-content-item\">The Story<\/h3>\n\t\t\t\t\t\t\t\t\t<div class=\"elementor-cta__description elementor-cta__content-item elementor-content-item\">\n\t\t\t\t\t\tLearn about the origins of the Seen Art Foundation and the values that drive our work in the fields of art, culture, and technology.\n\n\t\t\t\t\t<\/div>\n\t\t\t\t\n\t\t\t\t\t\t\t<\/div>\n\t\t\t\t\t\t<\/div>\n\t\t\t\t<\/div>\n\t\t\t\t<\/div>\n\t\t\t\t<div class=\"elementor-element elementor-element-a858dc6 elementor-widget elementor-widget-button\" data-id=\"a858dc6\" data-element_type=\"widget\" data-widget_type=\"button.default\">\n\t\t\t\t<div class=\"elementor-widget-container\">\n\t\t\t\t\t<div class=\"elementor-button-wrapper\">\n\t\t\t<a href=\"https:\/\/fundacionseenart.org\/en\/historia-de-la-fundacion-seen-art\/\" class=\"elementor-button-link elementor-button elementor-size-sm elementor-animation-float\" role=\"button\">\n\t\t\t\t\t\t<span class=\"elementor-button-content-wrapper\">\n\t\t\t\t\t\t<span class=\"elementor-button-text\">More<\/span>\n\t\t<\/span>\n\t\t\t\t\t<\/a>\n\t\t<\/div>\n\t\t\t\t<\/div>\n\t\t\t\t<\/div>\n\t\t\t\t<\/div>\n\t\t<div class=\"elementor-element elementor-element-4f4f7f9c e-con-full elementor-invisible e-con\" data-id=\"4f4f7f9c\" data-element_type=\"container\" data-settings=\"{&quot;animation&quot;:&quot;fadeInUp&quot;,&quot;content_width&quot;:&quot;full&quot;}\">\n\t\t\t\t<div class=\"elementor-element elementor-element-5935d366 elementor-cta--layout-image-above elementor-cta--valign-middle elementor-cta--skin-classic elementor-animated-content elementor-widget elementor-widget-call-to-action\" data-id=\"5935d366\" data-element_type=\"widget\" data-widget_type=\"call-to-action.default\">\n\t\t\t\t<div class=\"elementor-widget-container\">\n\t\t\t\t\t<div class=\"elementor-cta\" data-e-bg-lazyload=\".elementor-bg\">\n\t\t\t\t\t<div class=\"elementor-cta__bg-wrapper\">\n\t\t\t\t<div class=\"elementor-cta__bg elementor-bg\" style=\"background-image: var(--e-bg-lazyload-loaded); --e-bg-lazyload: url(https:\/\/fundacionseenart.org\/wp-content\/uploads\/elementor\/thumbs\/fundacion-seen-art_005-q4x4kb19d1pbfyoj61y6c08m95zp6cq64vidlycwio.jpg);\"><\/div>\n\t\t\t\t<div class=\"elementor-cta__bg-overlay\"><\/div>\n\t\t\t<\/div>\n\t\t\t\t\t\t\t<div class=\"elementor-cta__content\">\n\t\t\t\t\n\t\t\t\t<h3 class=\"elementor-cta__title elementor-cta__content-item elementor-content-item\">Foundation's vision<\/h3>\n\t\t\t\t\t\t\t\t\t<div class=\"elementor-cta__description elementor-cta__content-item elementor-content-item\">\n\t\t\t\t\t\tLearn more about the Seen Art Foundation's commitment to cultural and technological promotion and development.\n\n\t\t\t\t\t<\/div>\n\t\t\t\t\n\t\t\t\t\t\t\t<\/div>\n\t\t\t\t\t\t<\/div>\n\t\t\t\t<\/div>\n\t\t\t\t<\/div>\n\t\t\t\t<div class=\"elementor-element elementor-element-4a100262 elementor-widget elementor-widget-button\" data-id=\"4a100262\" data-element_type=\"widget\" data-widget_type=\"button.default\">\n\t\t\t\t<div class=\"elementor-widget-container\">\n\t\t\t\t\t<div class=\"elementor-button-wrapper\">\n\t\t\t<a href=\"https:\/\/fundacionseenart.org\/en\/conocenos\/\" class=\"elementor-button-link elementor-button elementor-size-sm elementor-animation-float\" role=\"button\">\n\t\t\t\t\t\t<span class=\"elementor-button-content-wrapper\">\n\t\t\t\t\t\t<span class=\"elementor-button-text\">Our mission and vision<\/span>\n\t\t<\/span>\n\t\t\t\t\t<\/a>\n\t\t<\/div>\n\t\t\t\t<\/div>\n\t\t\t\t<\/div>\n\t\t\t\t<\/div>\n\t\t<div class=\"elementor-element elementor-element-f2c8c25 e-con-full elementor-invisible e-con\" data-id=\"f2c8c25\" data-element_type=\"container\" data-settings=\"{&quot;animation&quot;:&quot;fadeInUp&quot;,&quot;content_width&quot;:&quot;full&quot;}\">\n\t\t\t\t<div class=\"elementor-element elementor-element-c648d68 elementor-cta--layout-image-above elementor-cta--valign-middle elementor-cta--skin-classic elementor-animated-content elementor-widget elementor-widget-call-to-action\" data-id=\"c648d68\" data-element_type=\"widget\" data-widget_type=\"call-to-action.default\">\n\t\t\t\t<div class=\"elementor-widget-container\">\n\t\t\t\t\t<div class=\"elementor-cta\" data-e-bg-lazyload=\".elementor-bg\">\n\t\t\t\t\t<div class=\"elementor-cta__bg-wrapper\">\n\t\t\t\t<div class=\"elementor-cta__bg elementor-bg\" style=\"background-image: var(--e-bg-lazyload-loaded); --e-bg-lazyload: url(https:\/\/fundacionseenart.org\/wp-content\/uploads\/elementor\/thumbs\/robertodiaz_happy_hispanic_kids_illustration_solid_on_a_golden__d0559f89-9888-465c-b21d-c0fe69744610-q5s94pc8pinesinu8u6l8n396cuvl4bwttg89cpzug.png);\"><\/div>\n\t\t\t\t<div class=\"elementor-cta__bg-overlay\"><\/div>\n\t\t\t<\/div>\n\t\t\t\t\t\t\t<div class=\"elementor-cta__content\">\n\t\t\t\t\n\t\t\t\t<h3 class=\"elementor-cta__title elementor-cta__content-item elementor-content-item\">Data and statistics<\/h3>\n\t\t\t\t\t\t\t\t\t<div class=\"elementor-cta__description elementor-cta__content-item elementor-content-item\">\n\t\t\t\t\t\tWe are focused on results, those that can be measured and those that are measured in ways beyond numbers.\t\t\t\t\t<\/div>\n\t\t\t\t\n\t\t\t\t\t\t\t<\/div>\n\t\t\t\t\t\t<\/div>\n\t\t\t\t<\/div>\n\t\t\t\t<\/div>\n\t\t\t\t<div class=\"elementor-element elementor-element-7dc6189 elementor-widget elementor-widget-button\" data-id=\"7dc6189\" data-element_type=\"widget\" data-widget_type=\"button.default\">\n\t\t\t\t<div class=\"elementor-widget-container\">\n\t\t\t\t\t<div class=\"elementor-button-wrapper\">\n\t\t\t<a href=\"#\" class=\"elementor-button-link elementor-button elementor-size-sm elementor-animation-float\" role=\"button\">\n\t\t\t\t\t\t<span class=\"elementor-button-content-wrapper\">\n\t\t\t\t\t\t<span class=\"elementor-button-text\">Centro de datos<\/span>\n\t\t<\/span>\n\t\t\t\t\t<\/a>\n\t\t<\/div>\n\t\t\t\t<\/div>\n\t\t\t\t<\/div>\n\t\t\t\t<\/div>\n\t\t\t\t\t<\/div>\n\t\t\t\t<\/div>\n\t\t\t\t\t<\/div>\n\t\t\t\t<\/div>\n\t\t\t\t<section class=\"elementor-section elementor-top-section elementor-element elementor-element-eoia1a3 elementor-section-content-middle elementor-section-boxed elementor-section-height-default elementor-section-height-default\" data-id=\"eoia1a3\" data-element_type=\"section\" data-settings=\"{&quot;background_background&quot;:&quot;classic&quot;}\">\n\t\t\t\t\t\t<div class=\"elementor-container elementor-column-gap-no\">\n\t\t\t\t\t<div class=\"elementor-column elementor-col-100 elementor-top-column elementor-element elementor-element-aea6aa9\" data-id=\"aea6aa9\" data-element_type=\"column\" data-settings=\"{&quot;background_background&quot;:&quot;classic&quot;}\">\n\t\t\t<div class=\"elementor-widget-wrap elementor-element-populated\">\n\t\t\t\t\t\t\t\t<div class=\"elementor-element elementor-element-37eb052 elementor-widget elementor-widget-heading\" data-id=\"37eb052\" data-element_type=\"widget\" data-widget_type=\"heading.default\">\n\t\t\t\t<div class=\"elementor-widget-container\">\n\t\t\t<h2 class=\"elementor-heading-title elementor-size-default\">Learn about our programs in art, sports and technology and get involved to build a better country.<\/h2>\t\t<\/div>\n\t\t\t\t<\/div>\n\t\t\t\t<div class=\"elementor-element elementor-element-cf6deca elementor-widget elementor-widget-text-editor\" data-id=\"cf6deca\" data-element_type=\"widget\" data-widget_type=\"text-editor.default\">\n\t\t\t\t<div class=\"elementor-widget-container\">\n\t\t\t\t\t\t\t<p>Our projects are designed to empower children and youth by providing them with the tools and skills necessary to reach their full potential. We strongly believe in the importance of education and access to opportunities to transform lives and build a brighter future.<\/p>\t\t\t\t\t\t<\/div>\n\t\t\t\t<\/div>\n\t\t\t\t\t<\/div>\n\t\t<\/div>\n\t\t\t\t\t\t\t<\/div>\n\t\t<\/section>\n\t\t<div class=\"elementor-element elementor-element-3d3a5f9 e-con-full e-con\" data-id=\"3d3a5f9\" data-element_type=\"container\" data-settings=\"{&quot;background_background&quot;:&quot;classic&quot;,&quot;content_width&quot;:&quot;full&quot;}\">\n\t\t\t\t<div class=\"elementor-element elementor-element-f1e77d4 elementor-cta--skin-cover elementor-cta--valign-bottom elementor-widget__width-initial elementor-widget elementor-widget-call-to-action\" data-id=\"f1e77d4\" data-element_type=\"widget\" data-widget_type=\"call-to-action.default\">\n\t\t\t\t<div class=\"elementor-widget-container\">\n\t\t\t\t\t<a class=\"elementor-cta\" data-e-bg-lazyload=\".elementor-bg\" href=\"https:\/\/fundacionseenart.org\/en\/kit-digital\/\">\n\t\t\t\t\t<div class=\"elementor-cta__bg-wrapper\">\n\t\t\t\t<div class=\"elementor-cta__bg elementor-bg\" style=\"background-image: var(--e-bg-lazyload-loaded); --e-bg-lazyload: url(https:\/\/fundacionseenart.org\/wp-content\/uploads\/2023\/04\/robertodiaz_A_young_charismatic_candidato_presidencial_joven_st_f22d785f-5dbe-43bd-9d4b-57076e31a522.png);\"><\/div>\n\t\t\t\t<div class=\"elementor-cta__bg-overlay\"><\/div>\n\t\t\t<\/div>\n\t\t\t\t\t\t\t<div class=\"elementor-cta__content\">\n\t\t\t\t\n\t\t\t\t<span class=\"elementor-cta__title elementor-cta__content-item elementor-content-item\">Programa <br>Kit Digital<\/span>\n\t\t\t\t\t\t\t\t\t<div class=\"elementor-cta__description elementor-cta__content-item elementor-content-item\">\n\t\t\t\t\t\tOpen the doors to the future of your digitalization with a Digital Kit, all the tools you need to grow your business. Plus, it's modular, so you can customize it to suit your needs.\t\t\t\t\t<\/div>\n\t\t\t\t\n\t\t\t\t\t\t\t<\/div>\n\t\t\t\t\t\t<\/a>\n\t\t\t\t<\/div>\n\t\t\t\t<\/div>\n\t\t\t\t<div class=\"elementor-element elementor-element-ab449ac elementor-cta--skin-cover elementor-cta--valign-bottom elementor-widget__width-initial elementor-widget elementor-widget-call-to-action\" data-id=\"ab449ac\" data-element_type=\"widget\" data-widget_type=\"call-to-action.default\">\n\t\t\t\t<div class=\"elementor-widget-container\">\n\t\t\t\t\t<a class=\"elementor-cta\" data-e-bg-lazyload=\".elementor-bg\" href=\"https:\/\/fundacionseenart.org\/en\/programas\/\">\n\t\t\t\t\t<div class=\"elementor-cta__bg-wrapper\">\n\t\t\t\t<div class=\"elementor-cta__bg elementor-bg\" style=\"background-image: var(--e-bg-lazyload-loaded); --e-bg-lazyload: url(https:\/\/fundacionseenart.org\/wp-content\/uploads\/2023\/04\/seernart.jpg);\"><\/div>\n\t\t\t\t<div class=\"elementor-cta__bg-overlay\"><\/div>\n\t\t\t<\/div>\n\t\t\t\t\t\t\t<div class=\"elementor-cta__content\">\n\t\t\t\t\n\t\t\t\t<span class=\"elementor-cta__title elementor-cta__content-item elementor-content-item\">Programa de liderazgo<\/span>\n\t\t\t\t\t\t\t\t\t<div class=\"elementor-cta__description elementor-cta__content-item elementor-content-item\">\n\t\t\t\t\t\tProject that provides balanced meals, medical and nutritional care, and personal and educational development activities.\t\t\t\t\t<\/div>\n\t\t\t\t\n\t\t\t\t\t\t\t<\/div>\n\t\t\t\t\t\t<\/a>\n\t\t\t\t<\/div>\n\t\t\t\t<\/div>\n\t\t\t\t<\/div>\n\t\t<div class=\"elementor-element elementor-element-7cbe9b4 e-con-boxed e-con\" data-id=\"7cbe9b4\" data-element_type=\"container\" id=\"trabajo\" data-settings=\"{&quot;background_background&quot;:&quot;classic&quot;,&quot;content_width&quot;:&quot;boxed&quot;}\">\n\t\t\t\t\t<div class=\"e-con-inner\">\n\t\t<div class=\"elementor-element elementor-element-59b2d0c e-con-boxed e-con\" data-id=\"59b2d0c\" data-element_type=\"container\" data-settings=\"{&quot;content_width&quot;:&quot;boxed&quot;}\">\n\t\t\t\t\t<div class=\"e-con-inner\">\n\t\t\t\t<div class=\"elementor-element elementor-element-bdbc473 elementor-widget elementor-widget-heading\" data-id=\"bdbc473\" data-element_type=\"widget\" data-widget_type=\"heading.default\">\n\t\t\t\t<div class=\"elementor-widget-container\">\n\t\t\t<h2 class=\"elementor-heading-title elementor-size-default\">Activities and articles<\/h2>\t\t<\/div>\n\t\t\t\t<\/div>\n\t\t\t\t<div class=\"elementor-element elementor-element-baa59ef elementor-widget elementor-widget-spacer\" data-id=\"baa59ef\" data-element_type=\"widget\" data-widget_type=\"spacer.default\">\n\t\t\t\t<div class=\"elementor-widget-container\">\n\t\t\t<style>\/*! elementor - v3.12.1 - 02-04-2023 *\/\n.elementor-column .elementor-spacer-inner{height:var(--spacer-size)}.e-con{--container-widget-width:100%}.e-con-inner>.elementor-widget-spacer,.e-con>.elementor-widget-spacer{width:var(--container-widget-width,var(--spacer-size));--align-self:var(--container-widget-align-self,initial);--flex-shrink:0}.e-con-inner>.elementor-widget-spacer>.elementor-widget-container,.e-con-inner>.elementor-widget-spacer>.elementor-widget-container>.elementor-spacer,.e-con>.elementor-widget-spacer>.elementor-widget-container,.e-con>.elementor-widget-spacer>.elementor-widget-container>.elementor-spacer{height:100%}.e-con-inner>.elementor-widget-spacer>.elementor-widget-container>.elementor-spacer>.elementor-spacer-inner,.e-con>.elementor-widget-spacer>.elementor-widget-container>.elementor-spacer>.elementor-spacer-inner{height:var(--container-widget-height,var(--spacer-size))}<\/style>\t\t<div class=\"elementor-spacer\">\n\t\t\t<div class=\"elementor-spacer-inner\"><\/div>\n\t\t<\/div>\n\t\t\t\t<\/div>\n\t\t\t\t<\/div>\n\t\t\t\t<div class=\"elementor-element elementor-element-2919511 elementor-grid-3 elementor-grid-tablet-2 elementor-grid-mobile-1 elementor-posts--thumbnail-top elementor-widget elementor-widget-posts\" data-id=\"2919511\" data-element_type=\"widget\" data-settings=\"{&quot;classic_columns&quot;:&quot;3&quot;,&quot;classic_columns_tablet&quot;:&quot;2&quot;,&quot;classic_columns_mobile&quot;:&quot;1&quot;,&quot;classic_row_gap&quot;:{&quot;unit&quot;:&quot;px&quot;,&quot;size&quot;:35,&quot;sizes&quot;:[]},&quot;classic_row_gap_tablet&quot;:{&quot;unit&quot;:&quot;px&quot;,&quot;size&quot;:&quot;&quot;,&quot;sizes&quot;:[]},&quot;classic_row_gap_mobile&quot;:{&quot;unit&quot;:&quot;px&quot;,&quot;size&quot;:&quot;&quot;,&quot;sizes&quot;:[]}}\" data-widget_type=\"posts.classic\">\n\t\t\t\t<div class=\"elementor-widget-container\">\n\t\t\t<link rel=\"stylesheet\" href=\"https:\/\/fundacionseenart.org\/wp-content\/plugins\/elementor-pro\/assets\/css\/widget-posts.min.css\">\t\t<div class=\"elementor-posts-container elementor-posts elementor-posts--skin-classic elementor-grid\">\n\t\t\t\t<article class=\"elementor-post elementor-grid-item post-1838 post type-post status-publish format-standard has-post-thumbnail hentry category-actividades\">\n\t\t\t\t<a class=\"elementor-post__thumbnail__link\" href=\"https:\/\/fundacionseenart.org\/en\/2023\/04\/12\/seenart-participa-en-reunion-entre-camara-de-comercio-del-reino-de-los-paises-bajos-y-embajada-de-los-paises-bajos-en-centroamerica\/\" >\n\t\t\t<div class=\"elementor-post__thumbnail\"><img loading=\"lazy\" decoding=\"async\" width=\"960\" height=\"720\" src=\"https:\/\/fundacionseenart.org\/wp-content\/uploads\/2023\/04\/fundacion-seen-art_001.jpg\" class=\"attachment-full size-full wp-image-1840\" alt=\"\" srcset=\"https:\/\/fundacionseenart.org\/wp-content\/uploads\/2023\/04\/fundacion-seen-art_001.jpg 960w, https:\/\/fundacionseenart.org\/wp-content\/uploads\/2023\/04\/fundacion-seen-art_001-300x225.jpg 300w, https:\/\/fundacionseenart.org\/wp-content\/uploads\/2023\/04\/fundacion-seen-art_001-768x576.jpg 768w, https:\/\/fundacionseenart.org\/wp-content\/uploads\/2023\/04\/fundacion-seen-art_001-16x12.jpg 16w\" sizes=\"auto, (max-width: 960px) 100vw, 960px\" \/><\/div>\n\t\t<\/a>\n\t\t\t\t<div class=\"elementor-post__text\">\n\t\t\t\t<h4 class=\"elementor-post__title\">\n\t\t\t<a href=\"https:\/\/fundacionseenart.org\/en\/2023\/04\/12\/seenart-participa-en-reunion-entre-camara-de-comercio-del-reino-de-los-paises-bajos-y-embajada-de-los-paises-bajos-en-centroamerica\/\" >\n\t\t\t\tSeenArt participates in meeting between Chamber of Commerce of the Kingdom of the Netherlands and Embassy of the Netherlands in Central America\t\t\t<\/a>\n\t\t<\/h4>\n\t\t\t\t<div class=\"elementor-post__excerpt\">\n\t\t\t<p>The Seen art Foundation, a non-profit organization that focuses on improving the quality of life of people in El Salvador, is a non-profit organization that focuses on improving the quality of life of people in El Salvador.<\/p>\n\t\t<\/div>\n\t\t\t\t<\/div>\n\t\t\t\t<\/article>\n\t\t\t\t<article class=\"elementor-post elementor-grid-item post-1175 post type-post status-publish format-standard has-post-thumbnail hentry category-actividades\">\n\t\t\t\t<a class=\"elementor-post__thumbnail__link\" href=\"https:\/\/fundacionseenart.org\/en\/2023\/04\/01\/1175\/\" >\n\t\t\t<div class=\"elementor-post__thumbnail\"><img loading=\"lazy\" decoding=\"async\" width=\"960\" height=\"720\" src=\"https:\/\/fundacionseenart.org\/wp-content\/uploads\/2023\/04\/fundacion-seen-art_004.jpg\" class=\"attachment-full size-full wp-image-1828\" alt=\"\" srcset=\"https:\/\/fundacionseenart.org\/wp-content\/uploads\/2023\/04\/fundacion-seen-art_004.jpg 960w, https:\/\/fundacionseenart.org\/wp-content\/uploads\/2023\/04\/fundacion-seen-art_004-300x225.jpg 300w, https:\/\/fundacionseenart.org\/wp-content\/uploads\/2023\/04\/fundacion-seen-art_004-768x576.jpg 768w, https:\/\/fundacionseenart.org\/wp-content\/uploads\/2023\/04\/fundacion-seen-art_004-16x12.jpg 16w\" sizes=\"auto, (max-width: 960px) 100vw, 960px\" \/><\/div>\n\t\t<\/a>\n\t\t\t\t<div class=\"elementor-post__text\">\n\t\t\t\t<h4 class=\"elementor-post__title\">\n\t\t\t<a href=\"https:\/\/fundacionseenart.org\/en\/2023\/04\/01\/1175\/\" >\n\t\t\t\tCommunity Kitchens: An initiative committed to children that seeks to feed body and soul.\t\t\t<\/a>\n\t\t<\/h4>\n\t\t\t\t<div class=\"elementor-post__excerpt\">\n\t\t\t<p>Seen Art's Community Kitchens Project is a social initiative that has achieved a significant impact in several municipalities in the country. With a<\/p>\n\t\t<\/div>\n\t\t\t\t<\/div>\n\t\t\t\t<\/article>\n\t\t\t\t<article class=\"elementor-post elementor-grid-item post-1691 post type-post status-publish format-standard has-post-thumbnail hentry category-actividades\">\n\t\t\t\t<a class=\"elementor-post__thumbnail__link\" href=\"https:\/\/fundacionseenart.org\/en\/2023\/04\/02\/construyendo-puentes-con-las-comunidades-la-importancia-de-trabajar-en-conjunto-con-las-alcaldias-locales\/\" >\n\t\t\t<div class=\"elementor-post__thumbnail\"><img loading=\"lazy\" decoding=\"async\" width=\"1456\" height=\"816\" src=\"https:\/\/fundacionseenart.org\/wp-content\/uploads\/2023\/04\/fundacion-seen-art_007.png\" class=\"attachment-full size-full wp-image-1784\" alt=\"\" srcset=\"https:\/\/fundacionseenart.org\/wp-content\/uploads\/2023\/04\/fundacion-seen-art_007.png 1456w, https:\/\/fundacionseenart.org\/wp-content\/uploads\/2023\/04\/fundacion-seen-art_007-300x168.png 300w, https:\/\/fundacionseenart.org\/wp-content\/uploads\/2023\/04\/fundacion-seen-art_007-1024x574.png 1024w, https:\/\/fundacionseenart.org\/wp-content\/uploads\/2023\/04\/fundacion-seen-art_007-768x430.png 768w, https:\/\/fundacionseenart.org\/wp-content\/uploads\/2023\/04\/fundacion-seen-art_007-18x10.png 18w\" sizes=\"auto, (max-width: 1456px) 100vw, 1456px\" \/><\/div>\n\t\t<\/a>\n\t\t\t\t<div class=\"elementor-post__text\">\n\t\t\t\t<h4 class=\"elementor-post__title\">\n\t\t\t<a href=\"https:\/\/fundacionseenart.org\/en\/2023\/04\/02\/construyendo-puentes-con-las-comunidades-la-importancia-de-trabajar-en-conjunto-con-las-alcaldias-locales\/\" >\n\t\t\t\tBuilding bridges with communities: The importance of mayors' offices in poverty reduction.\t\t\t<\/a>\n\t\t<\/h4>\n\t\t\t\t<div class=\"elementor-post__excerpt\">\n\t\t\t<p>Collaboration is a fundamental value that we promote in our foundation, as we firmly believe that by working together with communities and institutions<\/p>\n\t\t<\/div>\n\t\t\t\t<\/div>\n\t\t\t\t<\/article>\n\t\t\t\t<\/div>\n\t\t\n\t\t\t\t<\/div>\n\t\t\t\t<\/div>\n\t\t\t\t\t<\/div>\n\t\t\t\t<\/div>\n\t\t\t\t\t<\/div>\n\t\t\t\t<\/div>\n\t\t\t\t<section class=\"elementor-section elementor-top-section elementor-element elementor-element-22c6764 elementor-section-boxed elementor-section-height-default elementor-section-height-default\" data-id=\"22c6764\" data-element_type=\"section\" data-settings=\"{&quot;background_background&quot;:&quot;classic&quot;}\">\n\t\t\t\t\t\t\t<div class=\"elementor-background-overlay\"><\/div>\n\t\t\t\t\t\t\t<div class=\"elementor-container elementor-column-gap-no\">\n\t\t\t\t\t<div class=\"elementor-column elementor-col-100 elementor-top-column elementor-element elementor-element-2acc466\" data-id=\"2acc466\" data-element_type=\"column\">\n\t\t\t<div class=\"elementor-widget-wrap elementor-element-populated\">\n\t\t\t\t\t\t\t\t<div class=\"elementor-element elementor-element-c82fd98 elementor-widget elementor-widget-heading\" data-id=\"c82fd98\" data-element_type=\"widget\" data-widget_type=\"heading.default\">\n\t\t\t\t<div class=\"elementor-widget-container\">\n\t\t\t<h3 class=\"elementor-heading-title elementor-size-default\">Gallery of events: A tour of our activities<\/h3>\t\t<\/div>\n\t\t\t\t<\/div>\n\t\t\t\t<div class=\"elementor-element elementor-element-b2aff8a elementor-widget-divider--view-line elementor-widget elementor-widget-divider\" data-id=\"b2aff8a\" data-element_type=\"widget\" data-widget_type=\"divider.default\">\n\t\t\t\t<div class=\"elementor-widget-container\">\n\t\t\t<style>\/*! elementor - v3.12.1 - 02-04-2023 *\/\n.elementor-widget-divider{--divider-border-style:none;--divider-border-width:1px;--divider-color:#0c0d0e;--divider-icon-size:20px;--divider-element-spacing:10px;--divider-pattern-height:24px;--divider-pattern-size:20px;--divider-pattern-url:none;--divider-pattern-repeat:repeat-x}.elementor-widget-divider .elementor-divider{display:flex}.elementor-widget-divider .elementor-divider__text{font-size:15px;line-height:1;max-width:95%}.elementor-widget-divider .elementor-divider__element{margin:0 var(--divider-element-spacing);flex-shrink:0}.elementor-widget-divider .elementor-icon{font-size:var(--divider-icon-size)}.elementor-widget-divider .elementor-divider-separator{display:flex;margin:0;direction:ltr}.elementor-widget-divider--view-line_icon .elementor-divider-separator,.elementor-widget-divider--view-line_text .elementor-divider-separator{align-items:center}.elementor-widget-divider--view-line_icon .elementor-divider-separator:after,.elementor-widget-divider--view-line_icon .elementor-divider-separator:before,.elementor-widget-divider--view-line_text .elementor-divider-separator:after,.elementor-widget-divider--view-line_text .elementor-divider-separator:before{display:block;content:\"\";border-bottom:0;flex-grow:1;border-top:var(--divider-border-width) var(--divider-border-style) var(--divider-color)}.elementor-widget-divider--element-align-left .elementor-divider .elementor-divider-separator>.elementor-divider__svg:first-of-type{flex-grow:0;flex-shrink:100}.elementor-widget-divider--element-align-left .elementor-divider-separator:before{content:none}.elementor-widget-divider--element-align-left .elementor-divider__element{margin-left:0}.elementor-widget-divider--element-align-right .elementor-divider .elementor-divider-separator>.elementor-divider__svg:last-of-type{flex-grow:0;flex-shrink:100}.elementor-widget-divider--element-align-right .elementor-divider-separator:after{content:none}.elementor-widget-divider--element-align-right .elementor-divider__element{margin-right:0}.elementor-widget-divider:not(.elementor-widget-divider--view-line_text):not(.elementor-widget-divider--view-line_icon) .elementor-divider-separator{border-top:var(--divider-border-width) var(--divider-border-style) var(--divider-color)}.elementor-widget-divider--separator-type-pattern{--divider-border-style:none}.elementor-widget-divider--separator-type-pattern.elementor-widget-divider--view-line .elementor-divider-separator,.elementor-widget-divider--separator-type-pattern:not(.elementor-widget-divider--view-line) .elementor-divider-separator:after,.elementor-widget-divider--separator-type-pattern:not(.elementor-widget-divider--view-line) .elementor-divider-separator:before,.elementor-widget-divider--separator-type-pattern:not([class*=elementor-widget-divider--view]) .elementor-divider-separator{width:100%;min-height:var(--divider-pattern-height);-webkit-mask-size:var(--divider-pattern-size) 100%;mask-size:var(--divider-pattern-size) 100%;-webkit-mask-repeat:var(--divider-pattern-repeat);mask-repeat:var(--divider-pattern-repeat);background-color:var(--divider-color);-webkit-mask-image:var(--divider-pattern-url);mask-image:var(--divider-pattern-url)}.elementor-widget-divider--no-spacing{--divider-pattern-size:auto}.elementor-widget-divider--bg-round{--divider-pattern-repeat:round}.rtl .elementor-widget-divider .elementor-divider__text{direction:rtl}.e-con-inner>.elementor-widget-divider,.e-con>.elementor-widget-divider{width:var(--container-widget-width,100%);--flex-grow:var(--container-widget-flex-grow)}<\/style>\t\t<div class=\"elementor-divider\">\n\t\t\t<span class=\"elementor-divider-separator\">\n\t\t\t\t\t\t<\/span>\n\t\t<\/div>\n\t\t\t\t<\/div>\n\t\t\t\t<\/div>\n\t\t\t\t<div class=\"elementor-element elementor-element-888d4be gallery-spacing-custom elementor-widget elementor-widget-image-gallery\" data-id=\"888d4be\" data-element_type=\"widget\" data-widget_type=\"image-gallery.default\">\n\t\t\t\t<div class=\"elementor-widget-container\">\n\t\t\t<style>\/*! elementor - v3.12.1 - 02-04-2023 *\/\n.elementor-image-gallery .gallery-item{display:inline-block;text-align:center;vertical-align:top;width:100%;max-width:100%;margin:0 auto}.elementor-image-gallery .gallery-item img{margin:0 auto}.elementor-image-gallery .gallery-item .gallery-caption{margin:0}.elementor-image-gallery figure img{display:block}.elementor-image-gallery figure figcaption{width:100%}.gallery-spacing-custom .elementor-image-gallery .gallery-icon{padding:0}@media (min-width:768px){.elementor-image-gallery .gallery-columns-2 .gallery-item{max-width:50%}.elementor-image-gallery .gallery-columns-3 .gallery-item{max-width:33.33%}.elementor-image-gallery .gallery-columns-4 .gallery-item{max-width:25%}.elementor-image-gallery .gallery-columns-5 .gallery-item{max-width:20%}.elementor-image-gallery .gallery-columns-6 .gallery-item{max-width:16.666%}.elementor-image-gallery .gallery-columns-7 .gallery-item{max-width:14.28%}.elementor-image-gallery .gallery-columns-8 .gallery-item{max-width:12.5%}.elementor-image-gallery .gallery-columns-9 .gallery-item{max-width:11.11%}.elementor-image-gallery .gallery-columns-10 .gallery-item{max-width:10%}}@media (min-width:480px) and (max-width:767px){.elementor-image-gallery .gallery.gallery-columns-2 .gallery-item,.elementor-image-gallery .gallery.gallery-columns-3 .gallery-item,.elementor-image-gallery .gallery.gallery-columns-4 .gallery-item,.elementor-image-gallery .gallery.gallery-columns-5 .gallery-item,.elementor-image-gallery .gallery.gallery-columns-6 .gallery-item,.elementor-image-gallery .gallery.gallery-columns-7 .gallery-item,.elementor-image-gallery .gallery.gallery-columns-8 .gallery-item,.elementor-image-gallery .gallery.gallery-columns-9 .gallery-item,.elementor-image-gallery .gallery.gallery-columns-10 .gallery-item{max-width:50%}}@media (max-width:479px){.elementor-image-gallery .gallery.gallery-columns-2 .gallery-item,.elementor-image-gallery .gallery.gallery-columns-3 .gallery-item,.elementor-image-gallery .gallery.gallery-columns-4 .gallery-item,.elementor-image-gallery .gallery.gallery-columns-5 .gallery-item,.elementor-image-gallery .gallery.gallery-columns-6 .gallery-item,.elementor-image-gallery .gallery.gallery-columns-7 .gallery-item,.elementor-image-gallery .gallery.gallery-columns-8 .gallery-item,.elementor-image-gallery .gallery.gallery-columns-9 .gallery-item,.elementor-image-gallery .gallery.gallery-columns-10 .gallery-item{max-width:100%}}<\/style>\t\t<div class=\"elementor-image-gallery\">\n\t\t\t<div id='gallery-1' class='gallery galleryid-1691 gallery-columns-5 gallery-size-full'><figure class='gallery-item'>\n\t\t\t<div class='gallery-icon landscape'>\n\t\t\t\t<a data-elementor-open-lightbox=\"yes\" data-elementor-lightbox-slideshow=\"888d4be\" data-elementor-lightbox-title=\"15577936_368620263499758_1606157502218199415_o\" data-e-action-hash=\"#elementor-action%3Aaction%3Dlightbox%26settings%3DeyJpZCI6NjIzLCJ1cmwiOiJodHRwczpcL1wvZnVuZGFjaW9uc2VlbmFydC5vcmdcL3dwLWNvbnRlbnRcL3VwbG9hZHNcLzIwMjNcLzAzXC8xNTU3NzkzNl8zNjg2MjAyNjM0OTk3NThfMTYwNjE1NzUwMjIxODE5OTQxNV9vLmpwZyIsInNsaWRlc2hvdyI6Ijg4OGQ0YmUifQ%3D%3D\" href='https:\/\/fundacionseenart.org\/wp-content\/uploads\/2023\/03\/15577936_368620263499758_1606157502218199415_o.jpg'><img loading=\"lazy\" decoding=\"async\" width=\"2048\" height=\"1365\" src=\"https:\/\/fundacionseenart.org\/wp-content\/uploads\/2023\/03\/15577936_368620263499758_1606157502218199415_o.jpg\" class=\"attachment-full size-full\" alt=\"\" srcset=\"https:\/\/fundacionseenart.org\/wp-content\/uploads\/2023\/03\/15577936_368620263499758_1606157502218199415_o.jpg 2048w, https:\/\/fundacionseenart.org\/wp-content\/uploads\/2023\/03\/15577936_368620263499758_1606157502218199415_o-300x200.jpg 300w, https:\/\/fundacionseenart.org\/wp-content\/uploads\/2023\/03\/15577936_368620263499758_1606157502218199415_o-1024x683.jpg 1024w, https:\/\/fundacionseenart.org\/wp-content\/uploads\/2023\/03\/15577936_368620263499758_1606157502218199415_o-768x512.jpg 768w, https:\/\/fundacionseenart.org\/wp-content\/uploads\/2023\/03\/15577936_368620263499758_1606157502218199415_o-1536x1024.jpg 1536w\" sizes=\"auto, (max-width: 2048px) 100vw, 2048px\" \/><\/a>\n\t\t\t<\/div><\/figure><figure class='gallery-item'>\n\t\t\t<div class='gallery-icon landscape'>\n\t\t\t\t<a data-elementor-open-lightbox=\"yes\" data-elementor-lightbox-slideshow=\"888d4be\" data-elementor-lightbox-title=\"15418539_368611353500649_1191098046434954584_o\" data-e-action-hash=\"#elementor-action%3Aaction%3Dlightbox%26settings%3DeyJpZCI6NzIxLCJ1cmwiOiJodHRwczpcL1wvZnVuZGFjaW9uc2VlbmFydC5vcmdcL3dwLWNvbnRlbnRcL3VwbG9hZHNcLzIwMjNcLzAzXC8xNTQxODUzOV8zNjg2MTEzNTM1MDA2NDlfMTE5MTA5ODA0NjQzNDk1NDU4NF9vLmpwZyIsInNsaWRlc2hvdyI6Ijg4OGQ0YmUifQ%3D%3D\" href='https:\/\/fundacionseenart.org\/wp-content\/uploads\/2023\/03\/15418539_368611353500649_1191098046434954584_o.jpg'><img loading=\"lazy\" decoding=\"async\" width=\"2048\" height=\"1365\" src=\"https:\/\/fundacionseenart.org\/wp-content\/uploads\/2023\/03\/15418539_368611353500649_1191098046434954584_o.jpg\" class=\"attachment-full size-full\" alt=\"\" srcset=\"https:\/\/fundacionseenart.org\/wp-content\/uploads\/2023\/03\/15418539_368611353500649_1191098046434954584_o.jpg 2048w, https:\/\/fundacionseenart.org\/wp-content\/uploads\/2023\/03\/15418539_368611353500649_1191098046434954584_o-300x200.jpg 300w, https:\/\/fundacionseenart.org\/wp-content\/uploads\/2023\/03\/15418539_368611353500649_1191098046434954584_o-1024x683.jpg 1024w, https:\/\/fundacionseenart.org\/wp-content\/uploads\/2023\/03\/15418539_368611353500649_1191098046434954584_o-768x512.jpg 768w, https:\/\/fundacionseenart.org\/wp-content\/uploads\/2023\/03\/15418539_368611353500649_1191098046434954584_o-1536x1024.jpg 1536w\" sizes=\"auto, (max-width: 2048px) 100vw, 2048px\" \/><\/a>\n\t\t\t<\/div><\/figure><figure class='gallery-item'>\n\t\t\t<div class='gallery-icon landscape'>\n\t\t\t\t<a data-elementor-open-lightbox=\"yes\" data-elementor-lightbox-slideshow=\"888d4be\" data-elementor-lightbox-title=\"15590805_368609613500823_1647448049063058688_o\" data-e-action-hash=\"#elementor-action%3Aaction%3Dlightbox%26settings%3DeyJpZCI6NzM1LCJ1cmwiOiJodHRwczpcL1wvZnVuZGFjaW9uc2VlbmFydC5vcmdcL3dwLWNvbnRlbnRcL3VwbG9hZHNcLzIwMjNcLzAzXC8xNTU5MDgwNV8zNjg2MDk2MTM1MDA4MjNfMTY0NzQ0ODA0OTA2MzA1ODY4OF9vLmpwZyIsInNsaWRlc2hvdyI6Ijg4OGQ0YmUifQ%3D%3D\" href='https:\/\/fundacionseenart.org\/wp-content\/uploads\/2023\/03\/15590805_368609613500823_1647448049063058688_o.jpg'><img loading=\"lazy\" decoding=\"async\" width=\"2048\" height=\"1365\" src=\"https:\/\/fundacionseenart.org\/wp-content\/uploads\/2023\/03\/15590805_368609613500823_1647448049063058688_o.jpg\" class=\"attachment-full size-full\" alt=\"\" srcset=\"https:\/\/fundacionseenart.org\/wp-content\/uploads\/2023\/03\/15590805_368609613500823_1647448049063058688_o.jpg 2048w, https:\/\/fundacionseenart.org\/wp-content\/uploads\/2023\/03\/15590805_368609613500823_1647448049063058688_o-300x200.jpg 300w, https:\/\/fundacionseenart.org\/wp-content\/uploads\/2023\/03\/15590805_368609613500823_1647448049063058688_o-1024x683.jpg 1024w, https:\/\/fundacionseenart.org\/wp-content\/uploads\/2023\/03\/15590805_368609613500823_1647448049063058688_o-768x512.jpg 768w, https:\/\/fundacionseenart.org\/wp-content\/uploads\/2023\/03\/15590805_368609613500823_1647448049063058688_o-1536x1024.jpg 1536w\" sizes=\"auto, (max-width: 2048px) 100vw, 2048px\" \/><\/a>\n\t\t\t<\/div><\/figure><figure class='gallery-item'>\n\t\t\t<div class='gallery-icon landscape'>\n\t\t\t\t<a data-elementor-open-lightbox=\"yes\" data-elementor-lightbox-slideshow=\"888d4be\" data-elementor-lightbox-title=\"15591295_368610296834088_752021895859019915_o\" data-e-action-hash=\"#elementor-action%3Aaction%3Dlightbox%26settings%3DeyJpZCI6NjI0LCJ1cmwiOiJodHRwczpcL1wvZnVuZGFjaW9uc2VlbmFydC5vcmdcL3dwLWNvbnRlbnRcL3VwbG9hZHNcLzIwMjNcLzAzXC8xNTU5MTI5NV8zNjg2MTAyOTY4MzQwODhfNzUyMDIxODk1ODU5MDE5OTE1X28uanBnIiwic2xpZGVzaG93IjoiODg4ZDRiZSJ9\" href='https:\/\/fundacionseenart.org\/wp-content\/uploads\/2023\/03\/15591295_368610296834088_752021895859019915_o.jpg'><img loading=\"lazy\" decoding=\"async\" width=\"2048\" height=\"1365\" src=\"https:\/\/fundacionseenart.org\/wp-content\/uploads\/2023\/03\/15591295_368610296834088_752021895859019915_o.jpg\" class=\"attachment-full size-full\" alt=\"\" srcset=\"https:\/\/fundacionseenart.org\/wp-content\/uploads\/2023\/03\/15591295_368610296834088_752021895859019915_o.jpg 2048w, https:\/\/fundacionseenart.org\/wp-content\/uploads\/2023\/03\/15591295_368610296834088_752021895859019915_o-300x200.jpg 300w, https:\/\/fundacionseenart.org\/wp-content\/uploads\/2023\/03\/15591295_368610296834088_752021895859019915_o-1024x683.jpg 1024w, https:\/\/fundacionseenart.org\/wp-content\/uploads\/2023\/03\/15591295_368610296834088_752021895859019915_o-768x512.jpg 768w, https:\/\/fundacionseenart.org\/wp-content\/uploads\/2023\/03\/15591295_368610296834088_752021895859019915_o-1536x1024.jpg 1536w\" sizes=\"auto, (max-width: 2048px) 100vw, 2048px\" \/><\/a>\n\t\t\t<\/div><\/figure><figure class='gallery-item'>\n\t\t\t<div class='gallery-icon landscape'>\n\t\t\t\t<a data-elementor-open-lightbox=\"yes\" data-elementor-lightbox-slideshow=\"888d4be\" data-elementor-lightbox-title=\"968db9_b2f347a2274449b7b7abe98f9dd1c453_mv2_d_2048_1359_s_2\" data-e-action-hash=\"#elementor-action%3Aaction%3Dlightbox%26settings%3DeyJpZCI6Nzc0LCJ1cmwiOiJodHRwczpcL1wvZnVuZGFjaW9uc2VlbmFydC5vcmdcL3dwLWNvbnRlbnRcL3VwbG9hZHNcLzIwMjNcLzAzXC85NjhkYjlfYjJmMzQ3YTIyNzQ0NDliN2I3YWJlOThmOWRkMWM0NTNfbXYyX2RfMjA0OF8xMzU5X3NfMi53ZWJwIiwic2xpZGVzaG93IjoiODg4ZDRiZSJ9\" href='https:\/\/fundacionseenart.org\/wp-content\/uploads\/2023\/03\/968db9_b2f347a2274449b7b7abe98f9dd1c453_mv2_d_2048_1359_s_2.webp'><img loading=\"lazy\" decoding=\"async\" width=\"1720\" height=\"1142\" src=\"https:\/\/fundacionseenart.org\/wp-content\/uploads\/2023\/03\/968db9_b2f347a2274449b7b7abe98f9dd1c453_mv2_d_2048_1359_s_2.webp\" class=\"attachment-full size-full\" alt=\"\" srcset=\"https:\/\/fundacionseenart.org\/wp-content\/uploads\/2023\/03\/968db9_b2f347a2274449b7b7abe98f9dd1c453_mv2_d_2048_1359_s_2.webp 1720w, https:\/\/fundacionseenart.org\/wp-content\/uploads\/2023\/03\/968db9_b2f347a2274449b7b7abe98f9dd1c453_mv2_d_2048_1359_s_2-300x199.webp 300w, https:\/\/fundacionseenart.org\/wp-content\/uploads\/2023\/03\/968db9_b2f347a2274449b7b7abe98f9dd1c453_mv2_d_2048_1359_s_2-1024x680.webp 1024w, https:\/\/fundacionseenart.org\/wp-content\/uploads\/2023\/03\/968db9_b2f347a2274449b7b7abe98f9dd1c453_mv2_d_2048_1359_s_2-768x510.webp 768w, https:\/\/fundacionseenart.org\/wp-content\/uploads\/2023\/03\/968db9_b2f347a2274449b7b7abe98f9dd1c453_mv2_d_2048_1359_s_2-1536x1020.webp 1536w\" sizes=\"auto, (max-width: 1720px) 100vw, 1720px\" \/><\/a>\n\t\t\t<\/div><\/figure><figure class='gallery-item'>\n\t\t\t<div class='gallery-icon landscape'>\n\t\t\t\t<a data-elementor-open-lightbox=\"yes\" data-elementor-lightbox-slideshow=\"888d4be\" data-elementor-lightbox-title=\"968db9_912297168cd24e818317b5fa35935e42_mv2_d_2048_1365_s_2\" data-e-action-hash=\"#elementor-action%3Aaction%3Dlightbox%26settings%3DeyJpZCI6NzgwLCJ1cmwiOiJodHRwczpcL1wvZnVuZGFjaW9uc2VlbmFydC5vcmdcL3dwLWNvbnRlbnRcL3VwbG9hZHNcLzIwMjNcLzAzXC85NjhkYjlfOTEyMjk3MTY4Y2QyNGU4MTgzMTdiNWZhMzU5MzVlNDJfbXYyX2RfMjA0OF8xMzY1X3NfMi53ZWJwIiwic2xpZGVzaG93IjoiODg4ZDRiZSJ9\" href='https:\/\/fundacionseenart.org\/wp-content\/uploads\/2023\/03\/968db9_912297168cd24e818317b5fa35935e42_mv2_d_2048_1365_s_2.webp'><img loading=\"lazy\" decoding=\"async\" width=\"1797\" height=\"1198\" src=\"https:\/\/fundacionseenart.org\/wp-content\/uploads\/2023\/03\/968db9_912297168cd24e818317b5fa35935e42_mv2_d_2048_1365_s_2.webp\" class=\"attachment-full size-full\" alt=\"\" srcset=\"https:\/\/fundacionseenart.org\/wp-content\/uploads\/2023\/03\/968db9_912297168cd24e818317b5fa35935e42_mv2_d_2048_1365_s_2.webp 1797w, https:\/\/fundacionseenart.org\/wp-content\/uploads\/2023\/03\/968db9_912297168cd24e818317b5fa35935e42_mv2_d_2048_1365_s_2-300x200.webp 300w, https:\/\/fundacionseenart.org\/wp-content\/uploads\/2023\/03\/968db9_912297168cd24e818317b5fa35935e42_mv2_d_2048_1365_s_2-1024x683.webp 1024w, https:\/\/fundacionseenart.org\/wp-content\/uploads\/2023\/03\/968db9_912297168cd24e818317b5fa35935e42_mv2_d_2048_1365_s_2-768x512.webp 768w, https:\/\/fundacionseenart.org\/wp-content\/uploads\/2023\/03\/968db9_912297168cd24e818317b5fa35935e42_mv2_d_2048_1365_s_2-1536x1024.webp 1536w\" sizes=\"auto, (max-width: 1797px) 100vw, 1797px\" \/><\/a>\n\t\t\t<\/div><\/figure><figure class='gallery-item'>\n\t\t\t<div class='gallery-icon landscape'>\n\t\t\t\t<a data-elementor-open-lightbox=\"yes\" data-elementor-lightbox-slideshow=\"888d4be\" data-elementor-lightbox-title=\"15675580_368609293500855_4872660189650806212_o-1\" data-e-action-hash=\"#elementor-action%3Aaction%3Dlightbox%26settings%3DeyJpZCI6NzM0LCJ1cmwiOiJodHRwczpcL1wvZnVuZGFjaW9uc2VlbmFydC5vcmdcL3dwLWNvbnRlbnRcL3VwbG9hZHNcLzIwMjNcLzAzXC8xNTY3NTU4MF8zNjg2MDkyOTM1MDA4NTVfNDg3MjY2MDE4OTY1MDgwNjIxMl9vLTEuanBnIiwic2xpZGVzaG93IjoiODg4ZDRiZSJ9\" href='https:\/\/fundacionseenart.org\/wp-content\/uploads\/2023\/03\/15675580_368609293500855_4872660189650806212_o-1.jpg'><img loading=\"lazy\" decoding=\"async\" width=\"2048\" height=\"1365\" src=\"https:\/\/fundacionseenart.org\/wp-content\/uploads\/2023\/03\/15675580_368609293500855_4872660189650806212_o-1.jpg\" class=\"attachment-full size-full\" alt=\"\" srcset=\"https:\/\/fundacionseenart.org\/wp-content\/uploads\/2023\/03\/15675580_368609293500855_4872660189650806212_o-1.jpg 2048w, https:\/\/fundacionseenart.org\/wp-content\/uploads\/2023\/03\/15675580_368609293500855_4872660189650806212_o-1-300x200.jpg 300w, https:\/\/fundacionseenart.org\/wp-content\/uploads\/2023\/03\/15675580_368609293500855_4872660189650806212_o-1-1024x683.jpg 1024w, https:\/\/fundacionseenart.org\/wp-content\/uploads\/2023\/03\/15675580_368609293500855_4872660189650806212_o-1-768x512.jpg 768w, https:\/\/fundacionseenart.org\/wp-content\/uploads\/2023\/03\/15675580_368609293500855_4872660189650806212_o-1-1536x1024.jpg 1536w\" sizes=\"auto, (max-width: 2048px) 100vw, 2048px\" \/><\/a>\n\t\t\t<\/div><\/figure><figure class='gallery-item'>\n\t\t\t<div class='gallery-icon landscape'>\n\t\t\t\t<a data-elementor-open-lightbox=\"yes\" data-elementor-lightbox-slideshow=\"888d4be\" data-elementor-lightbox-title=\"15675687_368610103500774_8858920395018785176_o\" data-e-action-hash=\"#elementor-action%3Aaction%3Dlightbox%26settings%3DeyJpZCI6NjI3LCJ1cmwiOiJodHRwczpcL1wvZnVuZGFjaW9uc2VlbmFydC5vcmdcL3dwLWNvbnRlbnRcL3VwbG9hZHNcLzIwMjNcLzAzXC8xNTY3NTY4N18zNjg2MTAxMDM1MDA3NzRfODg1ODkyMDM5NTAxODc4NTE3Nl9vLmpwZyIsInNsaWRlc2hvdyI6Ijg4OGQ0YmUifQ%3D%3D\" href='https:\/\/fundacionseenart.org\/wp-content\/uploads\/2023\/03\/15675687_368610103500774_8858920395018785176_o.jpg'><img loading=\"lazy\" decoding=\"async\" width=\"2048\" height=\"1365\" src=\"https:\/\/fundacionseenart.org\/wp-content\/uploads\/2023\/03\/15675687_368610103500774_8858920395018785176_o.jpg\" class=\"attachment-full size-full\" alt=\"\" srcset=\"https:\/\/fundacionseenart.org\/wp-content\/uploads\/2023\/03\/15675687_368610103500774_8858920395018785176_o.jpg 2048w, https:\/\/fundacionseenart.org\/wp-content\/uploads\/2023\/03\/15675687_368610103500774_8858920395018785176_o-300x200.jpg 300w, https:\/\/fundacionseenart.org\/wp-content\/uploads\/2023\/03\/15675687_368610103500774_8858920395018785176_o-1024x683.jpg 1024w, https:\/\/fundacionseenart.org\/wp-content\/uploads\/2023\/03\/15675687_368610103500774_8858920395018785176_o-768x512.jpg 768w, https:\/\/fundacionseenart.org\/wp-content\/uploads\/2023\/03\/15675687_368610103500774_8858920395018785176_o-1536x1024.jpg 1536w\" sizes=\"auto, (max-width: 2048px) 100vw, 2048px\" \/><\/a>\n\t\t\t<\/div><\/figure>\n\t\t<\/div>\n\t\t<\/div>\n\t\t\t\t<\/div>\n\t\t\t\t<\/div>\n\t\t\t\t\t<\/div>\n\t\t<\/div>\n\t\t\t\t\t\t\t<\/div>\n\t\t<\/section>\n\t\t\t\t<section class=\"elementor-section elementor-top-section elementor-element elementor-element-099f5a8 elementor-section-content-bottom elementor-section-boxed elementor-section-height-default elementor-section-height-default\" data-id=\"099f5a8\" data-element_type=\"section\" data-settings=\"{&quot;background_background&quot;:&quot;classic&quot;}\">\n\t\t\t\t\t\t<div class=\"elementor-container elementor-column-gap-wide\">\n\t\t\t\t\t<div class=\"elementor-column elementor-col-100 elementor-top-column elementor-element elementor-element-0e8b125\" data-id=\"0e8b125\" data-element_type=\"column\">\n\t\t\t<div class=\"elementor-widget-wrap elementor-element-populated\">\n\t\t\t\t\t\t\t\t<div class=\"elementor-element elementor-element-d02beae elementor-widget elementor-widget-heading\" data-id=\"d02beae\" data-element_type=\"widget\" data-widget_type=\"heading.default\">\n\t\t\t\t<div class=\"elementor-widget-container\">\n\t\t\t<h4 class=\"elementor-heading-title elementor-size-default\">Let's make a difference<\/h4>\t\t<\/div>\n\t\t\t\t<\/div>\n\t\t\t\t<div class=\"elementor-element elementor-element-58adc68 elementor-widget elementor-widget-heading\" data-id=\"58adc68\" data-element_type=\"widget\" data-widget_type=\"heading.default\">\n\t\t\t\t<div class=\"elementor-widget-container\">\n\t\t\t<h2 class=\"elementor-heading-title elementor-size-default\">Changing lives, one community at a time<\/h2>\t\t<\/div>\n\t\t\t\t<\/div>\n\t\t\t\t<div class=\"elementor-element elementor-element-615e54b elementor-widget elementor-widget-text-editor\" data-id=\"615e54b\" data-element_type=\"widget\" data-widget_type=\"text-editor.default\">\n\t\t\t\t<div class=\"elementor-widget-container\">\n\t\t\t\t\t\t\t<p>Together we can make a difference in the lives of children and youth in El Salvador. Our community-based approach allows us to connect with real needs and provide efficient and sustainable solutions.<\/p>\t\t\t\t\t\t<\/div>\n\t\t\t\t<\/div>\n\t\t\t\t\t<\/div>\n\t\t<\/div>\n\t\t\t\t\t\t\t<\/div>\n\t\t<\/section>\n\t\t\t\t<section class=\"elementor-section elementor-top-section elementor-element elementor-element-18e4a9f elementor-section-full_width elementor-section-content-top elementor-section-height-default elementor-section-height-default\" data-id=\"18e4a9f\" data-element_type=\"section\" data-settings=\"{&quot;background_background&quot;:&quot;classic&quot;}\">\n\t\t\t\t\t\t<div class=\"elementor-container elementor-column-gap-no\">\n\t\t\t\t\t<div class=\"elementor-column elementor-col-16 elementor-top-column elementor-element elementor-element-f85d197\" data-id=\"f85d197\" data-element_type=\"column\" data-settings=\"{&quot;background_background&quot;:&quot;classic&quot;}\" data-e-bg-lazyload=\".elementor-element-populated\">\n\t\t\t<div class=\"elementor-widget-wrap elementor-element-populated\">\n\t\t\t\t\t<div class=\"elementor-background-overlay\"><\/div>\n\t\t\t\t\t\t\t\t<div class=\"elementor-element elementor-element-59d1d96 elementor-widget elementor-widget-heading\" data-id=\"59d1d96\" data-element_type=\"widget\" data-widget_type=\"heading.default\">\n\t\t\t\t<div class=\"elementor-widget-container\">\n\t\t\t<h3 class=\"elementor-heading-title elementor-size-default\">Esteban Mart\u00ednez<\/h3>\t\t<\/div>\n\t\t\t\t<\/div>\n\t\t\t\t<div class=\"elementor-element elementor-element-70488a5 elementor-widget elementor-widget-heading\" data-id=\"70488a5\" data-element_type=\"widget\" data-widget_type=\"heading.default\">\n\t\t\t\t<div class=\"elementor-widget-container\">\n\t\t\t<h5 class=\"elementor-heading-title elementor-size-default\">Urbanizaci\u00f3n Valle del Sol, Apopa<\/h5>\t\t<\/div>\n\t\t\t\t<\/div>\n\t\t\t\t\t<\/div>\n\t\t<\/div>\n\t\t\t\t<div class=\"elementor-column elementor-col-16 elementor-top-column elementor-element elementor-element-e05e5b6\" data-id=\"e05e5b6\" data-element_type=\"column\" data-settings=\"{&quot;background_background&quot;:&quot;classic&quot;}\" data-e-bg-lazyload=\".elementor-element-populated\">\n\t\t\t<div class=\"elementor-widget-wrap elementor-element-populated\">\n\t\t\t\t\t<div class=\"elementor-background-overlay\"><\/div>\n\t\t\t\t\t\t\t\t<div class=\"elementor-element elementor-element-2e16efc elementor-widget elementor-widget-heading\" data-id=\"2e16efc\" data-element_type=\"widget\" data-widget_type=\"heading.default\">\n\t\t\t\t<div class=\"elementor-widget-container\">\n\t\t\t<h3 class=\"elementor-heading-title elementor-size-default\">Sebasti\u00e1n Portillo<\/h3>\t\t<\/div>\n\t\t\t\t<\/div>\n\t\t\t\t<div class=\"elementor-element elementor-element-dad4518 elementor-widget elementor-widget-heading\" data-id=\"dad4518\" data-element_type=\"widget\" data-widget_type=\"heading.default\">\n\t\t\t\t<div class=\"elementor-widget-container\">\n\t\t\t<h5 class=\"elementor-heading-title elementor-size-default\">Guazapa, San Salvador<\/h5>\t\t<\/div>\n\t\t\t\t<\/div>\n\t\t\t\t\t<\/div>\n\t\t<\/div>\n\t\t\t\t<div class=\"elementor-column elementor-col-16 elementor-top-column elementor-element elementor-element-70046c5\" data-id=\"70046c5\" data-element_type=\"column\" data-settings=\"{&quot;background_background&quot;:&quot;classic&quot;}\" data-e-bg-lazyload=\".elementor-element-populated\">\n\t\t\t<div class=\"elementor-widget-wrap elementor-element-populated\">\n\t\t\t\t\t<div class=\"elementor-background-overlay\"><\/div>\n\t\t\t\t\t\t\t\t<div class=\"elementor-element elementor-element-e0416ce elementor-widget elementor-widget-heading\" data-id=\"e0416ce\" data-element_type=\"widget\" data-widget_type=\"heading.default\">\n\t\t\t\t<div class=\"elementor-widget-container\">\n\t\t\t<h3 class=\"elementor-heading-title elementor-size-default\">Mariana Zelaya<\/h3>\t\t<\/div>\n\t\t\t\t<\/div>\n\t\t\t\t<div class=\"elementor-element elementor-element-8598e53 elementor-widget elementor-widget-heading\" data-id=\"8598e53\" data-element_type=\"widget\" data-widget_type=\"heading.default\">\n\t\t\t\t<div class=\"elementor-widget-container\">\n\t\t\t<h5 class=\"elementor-heading-title elementor-size-default\">San Rafael Cedros, Cuscatl\u00e1n<\/h5>\t\t<\/div>\n\t\t\t\t<\/div>\n\t\t\t\t\t<\/div>\n\t\t<\/div>\n\t\t\t\t<div class=\"elementor-column elementor-col-16 elementor-top-column elementor-element elementor-element-a55786a\" data-id=\"a55786a\" data-element_type=\"column\" data-settings=\"{&quot;background_background&quot;:&quot;classic&quot;}\" data-e-bg-lazyload=\".elementor-element-populated\">\n\t\t\t<div class=\"elementor-widget-wrap elementor-element-populated\">\n\t\t\t\t\t<div class=\"elementor-background-overlay\"><\/div>\n\t\t\t\t\t\t\t\t<div class=\"elementor-element elementor-element-c71bb9c elementor-widget elementor-widget-heading\" data-id=\"c71bb9c\" data-element_type=\"widget\" data-widget_type=\"heading.default\">\n\t\t\t\t<div class=\"elementor-widget-container\">\n\t\t\t<h3 class=\"elementor-heading-title elementor-size-default\">Gabriela Menj\u00edvar<\/h3>\t\t<\/div>\n\t\t\t\t<\/div>\n\t\t\t\t<div class=\"elementor-element elementor-element-b0e2fd2 elementor-widget elementor-widget-heading\" data-id=\"b0e2fd2\" data-element_type=\"widget\" data-widget_type=\"heading.default\">\n\t\t\t\t<div class=\"elementor-widget-container\">\n\t\t\t<h5 class=\"elementor-heading-title elementor-size-default\">Colonia La Presita, San Miguel\n<\/h5>\t\t<\/div>\n\t\t\t\t<\/div>\n\t\t\t\t\t<\/div>\n\t\t<\/div>\n\t\t\t\t<div class=\"elementor-column elementor-col-16 elementor-top-column elementor-element elementor-element-57abcd8\" data-id=\"57abcd8\" data-element_type=\"column\" data-settings=\"{&quot;background_background&quot;:&quot;classic&quot;}\" data-e-bg-lazyload=\".elementor-element-populated\">\n\t\t\t<div class=\"elementor-widget-wrap elementor-element-populated\">\n\t\t\t\t\t<div class=\"elementor-background-overlay\"><\/div>\n\t\t\t\t\t\t\t\t<div class=\"elementor-element elementor-element-506cff7 elementor-widget elementor-widget-heading\" data-id=\"506cff7\" data-element_type=\"widget\" data-widget_type=\"heading.default\">\n\t\t\t\t<div class=\"elementor-widget-container\">\n\t\t\t<h3 class=\"elementor-heading-title elementor-size-default\">Ricardo Orellana<\/h3>\t\t<\/div>\n\t\t\t\t<\/div>\n\t\t\t\t<div class=\"elementor-element elementor-element-df8f4a1 elementor-widget elementor-widget-heading\" data-id=\"df8f4a1\" data-element_type=\"widget\" data-widget_type=\"heading.default\">\n\t\t\t\t<div class=\"elementor-widget-container\">\n\t\t\t<h5 class=\"elementor-heading-title elementor-size-default\">Isla La Pirraya, Usulut\u00e1n<\/h5>\t\t<\/div>\n\t\t\t\t<\/div>\n\t\t\t\t\t<\/div>\n\t\t<\/div>\n\t\t\t\t<div class=\"elementor-column elementor-col-16 elementor-top-column elementor-element elementor-element-20ee04b\" data-id=\"20ee04b\" data-element_type=\"column\" data-settings=\"{&quot;background_background&quot;:&quot;classic&quot;}\" data-e-bg-lazyload=\".elementor-element-populated\">\n\t\t\t<div class=\"elementor-widget-wrap elementor-element-populated\">\n\t\t\t\t\t<div class=\"elementor-background-overlay\"><\/div>\n\t\t\t\t\t\t\t\t<div class=\"elementor-element elementor-element-815242f elementor-widget elementor-widget-heading\" data-id=\"815242f\" data-element_type=\"widget\" data-widget_type=\"heading.default\">\n\t\t\t\t<div class=\"elementor-widget-container\">\n\t\t\t<h3 class=\"elementor-heading-title elementor-size-default\">Ricardo Orellana<\/h3>\t\t<\/div>\n\t\t\t\t<\/div>\n\t\t\t\t<div class=\"elementor-element elementor-element-a7024c0 elementor-widget elementor-widget-heading\" data-id=\"a7024c0\" data-element_type=\"widget\" data-widget_type=\"heading.default\">\n\t\t\t\t<div class=\"elementor-widget-container\">\n\t\t\t<h5 class=\"elementor-heading-title elementor-size-default\">Colonia El Carmen, Puerto La Libertad<\/h5>\t\t<\/div>\n\t\t\t\t<\/div>\n\t\t\t\t\t<\/div>\n\t\t<\/div>\n\t\t\t\t\t\t\t<\/div>\n\t\t<\/section>\n\t\t<div class=\"elementor-element elementor-element-a64d928 e-con-boxed e-con\" data-id=\"a64d928\" data-element_type=\"container\" data-settings=\"{&quot;background_background&quot;:&quot;classic&quot;,&quot;content_width&quot;:&quot;boxed&quot;}\">\n\t\t\t\t\t<div class=\"e-con-inner\">\n\t\t<div class=\"elementor-element elementor-element-17ef053 e-con-full e-con\" data-id=\"17ef053\" data-element_type=\"container\" data-settings=\"{&quot;content_width&quot;:&quot;full&quot;}\">\n\t\t\t\t<div class=\"elementor-element elementor-element-7a2e6f9 elementor-widget elementor-widget-heading\" data-id=\"7a2e6f9\" data-element_type=\"widget\" data-widget_type=\"heading.default\">\n\t\t\t\t<div class=\"elementor-widget-container\">\n\t\t\t<h4 class=\"elementor-heading-title elementor-size-default\">Alianzas y colaboraciones<\/h4>\t\t<\/div>\n\t\t\t\t<\/div>\n\t\t\t\t<div class=\"elementor-element elementor-element-96fb45f elementor-widget elementor-widget-heading\" data-id=\"96fb45f\" data-element_type=\"widget\" data-widget_type=\"heading.default\">\n\t\t\t\t<div class=\"elementor-widget-container\">\n\t\t\t<h2 class=\"elementor-heading-title elementor-size-default\">Seen Art Foundation Friends and partners<\/h2>\t\t<\/div>\n\t\t\t\t<\/div>\n\t\t\t\t<div class=\"elementor-element elementor-element-c2df065 elementor-widget elementor-widget-text-editor\" data-id=\"c2df065\" data-element_type=\"widget\" data-widget_type=\"text-editor.default\">\n\t\t\t\t<div class=\"elementor-widget-container\">\n\t\t\t\t\t\t\t<p>To achieve significant change, it is essential to have the support and collaboration of people, companies and allied organizations. We invite all those interested in joining our cause to join our efforts, sharing resources, knowledge and experiences to build together a more prosperous and equitable country and region.<\/p>\t\t\t\t\t\t<\/div>\n\t\t\t\t<\/div>\n\t\t\t\t<div class=\"elementor-element elementor-element-074fe8a gallery-spacing-custom elementor-widget elementor-widget-image-gallery\" data-id=\"074fe8a\" data-element_type=\"widget\" data-widget_type=\"image-gallery.default\">\n\t\t\t\t<div class=\"elementor-widget-container\">\n\t\t\t\t\t<div class=\"elementor-image-gallery\">\n\t\t\t<div id='gallery-2' class='gallery galleryid-1691 gallery-columns-5 gallery-size-full'><figure class='gallery-item'>\n\t\t\t<div class='gallery-icon landscape'>\n\t\t\t\t<img loading=\"lazy\" decoding=\"async\" width=\"430\" height=\"215\" src=\"https:\/\/fundacionseenart.org\/wp-content\/uploads\/2023\/04\/Consulado-General-de-Paises-Bajos-filtered-1016.png\" class=\"attachment-full size-full\" alt=\"\" srcset=\"https:\/\/fundacionseenart.org\/wp-content\/uploads\/2023\/04\/Consulado-General-de-Paises-Bajos-filtered-1016.png 430w, https:\/\/fundacionseenart.org\/wp-content\/uploads\/2023\/04\/Consulado-General-de-Paises-Bajos-filtered-1016-300x150.png 300w, https:\/\/fundacionseenart.org\/wp-content\/uploads\/2023\/04\/Consulado-General-de-Paises-Bajos-filtered-1016-18x9.png 18w\" sizes=\"auto, (max-width: 430px) 100vw, 430px\" \/>\n\t\t\t<\/div><\/figure><figure class='gallery-item'>\n\t\t\t<div class='gallery-icon landscape'>\n\t\t\t\t<img loading=\"lazy\" decoding=\"async\" width=\"339\" height=\"46\" src=\"https:\/\/fundacionseenart.org\/wp-content\/uploads\/2023\/04\/nethcham-2-1.png\" class=\"attachment-full size-full\" alt=\"\" srcset=\"https:\/\/fundacionseenart.org\/wp-content\/uploads\/2023\/04\/nethcham-2-1.png 339w, https:\/\/fundacionseenart.org\/wp-content\/uploads\/2023\/04\/nethcham-2-1-300x41.png 300w, https:\/\/fundacionseenart.org\/wp-content\/uploads\/2023\/04\/nethcham-2-1-18x2.png 18w\" sizes=\"auto, (max-width: 339px) 100vw, 339px\" \/>\n\t\t\t<\/div><\/figure><figure class='gallery-item'>\n\t\t\t<div class='gallery-icon landscape'>\n\t\t\t\t<img loading=\"lazy\" decoding=\"async\" width=\"450\" height=\"127\" src=\"https:\/\/fundacionseenart.org\/wp-content\/uploads\/2023\/04\/FTC-Logo-White.png\" class=\"attachment-full size-full\" alt=\"\" srcset=\"https:\/\/fundacionseenart.org\/wp-content\/uploads\/2023\/04\/FTC-Logo-White.png 450w, https:\/\/fundacionseenart.org\/wp-content\/uploads\/2023\/04\/FTC-Logo-White-300x85.png 300w, https:\/\/fundacionseenart.org\/wp-content\/uploads\/2023\/04\/FTC-Logo-White-18x5.png 18w\" sizes=\"auto, (max-width: 450px) 100vw, 450px\" \/>\n\t\t\t<\/div><\/figure><figure class='gallery-item'>\n\t\t\t<div class='gallery-icon landscape'>\n\t\t\t\t<img loading=\"lazy\" decoding=\"async\" width=\"3194\" height=\"1200\" src=\"https:\/\/fundacionseenart.org\/wp-content\/uploads\/2023\/04\/RotaryMBS-Simple_RGB.png\" class=\"attachment-full size-full\" alt=\"\" srcset=\"https:\/\/fundacionseenart.org\/wp-content\/uploads\/2023\/04\/RotaryMBS-Simple_RGB.png 3194w, https:\/\/fundacionseenart.org\/wp-content\/uploads\/2023\/04\/RotaryMBS-Simple_RGB-300x113.png 300w, https:\/\/fundacionseenart.org\/wp-content\/uploads\/2023\/04\/RotaryMBS-Simple_RGB-1024x385.png 1024w, https:\/\/fundacionseenart.org\/wp-content\/uploads\/2023\/04\/RotaryMBS-Simple_RGB-768x289.png 768w, https:\/\/fundacionseenart.org\/wp-content\/uploads\/2023\/04\/RotaryMBS-Simple_RGB-1536x577.png 1536w, https:\/\/fundacionseenart.org\/wp-content\/uploads\/2023\/04\/RotaryMBS-Simple_RGB-2048x769.png 2048w, https:\/\/fundacionseenart.org\/wp-content\/uploads\/2023\/04\/RotaryMBS-Simple_RGB-18x7.png 18w\" sizes=\"auto, (max-width: 3194px) 100vw, 3194px\" \/>\n\t\t\t<\/div><\/figure><figure class='gallery-item'>\n\t\t\t<div class='gallery-icon landscape'>\n\t\t\t\t<img loading=\"lazy\" decoding=\"async\" width=\"318\" height=\"80\" src=\"https:\/\/fundacionseenart.org\/wp-content\/uploads\/2023\/04\/convoy-of-hope-logo.png\" class=\"attachment-full size-full\" alt=\"\" srcset=\"https:\/\/fundacionseenart.org\/wp-content\/uploads\/2023\/04\/convoy-of-hope-logo.png 318w, https:\/\/fundacionseenart.org\/wp-content\/uploads\/2023\/04\/convoy-of-hope-logo-300x75.png 300w, https:\/\/fundacionseenart.org\/wp-content\/uploads\/2023\/04\/convoy-of-hope-logo-18x5.png 18w\" sizes=\"auto, (max-width: 318px) 100vw, 318px\" \/>\n\t\t\t<\/div><\/figure>\n\t\t<\/div>\n\t\t<\/div>\n\t\t\t\t<\/div>\n\t\t\t\t<\/div>\n\t\t\t\t<\/div>\n\t\t\t\t\t<\/div>\n\t\t\t\t<\/div>\n\t\t\t\t\t\t\t<\/div>","protected":false},"excerpt":{"rendered":"<p>Fundaci\u00f3n Seen Art. Impulsando la cultura. Somos una organizaci\u00f3n sin fines de lucro dedicada a mejorar la vida de ni\u00f1os y j\u00f3venes en El Salvador a trav\u00e9s de programas en arte y m\u00fasica, alimentaci\u00f3n, deporte, cultura y tecnolog\u00eda.\u00a0\u00a0 Nuestro trabajo Instituci\u00f3n. Nuestra historia Conozca los or\u00edgenes de la Fundaci\u00f3n Seen Art y los valores que &hellip;<\/p>\n<p class=\"read-more\"> <a class=\"\" href=\"https:\/\/fundacionseenart.org\/en\/2023\/04\/02\/construyendo-puentes-con-las-comunidades-la-importancia-de-trabajar-en-conjunto-con-las-alcaldias-locales\/\"> <span class=\"screen-reader-text\">Building bridges with communities: The importance of mayors' offices in poverty reduction.<\/span> Read More &raquo;<\/a><\/p>","protected":false},"author":1,"featured_media":1411,"parent":0,"menu_order":0,"comment_status":"closed","ping_status":"closed","template":"","meta":{"site-sidebar-layout":"no-sidebar","site-content-layout":"page-builder","ast-global-header-display":"","ast-main-header-display":"","ast-hfb-above-header-display":"","ast-hfb-below-header-display":"","ast-hfb-mobile-header-display":"","site-post-title":"disabled","ast-breadcrumbs-content":"","ast-featured-img":"disabled","footer-sml-layout":"","theme-transparent-header-meta":"default","adv-header-id-meta":"","stick-header-meta":"","header-above-stick-meta":"","header-main-stick-meta":"","header-below-stick-meta":"","footnotes":""},"class_list":["post-176","page","type-page","status-publish","has-post-thumbnail","hentry"],"yoast_head":"<!-- This site is optimized with the Yoast SEO plugin v20.5 - https:\/\/yoast.com\/wordpress\/plugins\/seo\/ -->\n<title>Fundaci\u00f3n Seen Art El Salvador<\/title>\n<meta name=\"description\" content=\"Conoce a los fundadores y directivos comprometidos con la labor cultural y social de la Fundaci\u00f3n Seen Art. Descubre nuestros programas y proyectos para promover el arte y la cultura en la regi\u00f3n.\" \/>\n<meta name=\"robots\" content=\"index, follow, max-snippet:-1, max-image-preview:large, max-video-preview:-1\" \/>\n<link rel=\"canonical\" href=\"https:\/\/fundacionseenart.org\/en\/\" \/>\n<meta property=\"og:locale\" content=\"en_US\" \/>\n<meta property=\"og:type\" content=\"article\" \/>\n<meta property=\"og:title\" content=\"Fundaci\u00f3n Seen Art El Salvador\" \/>\n<meta property=\"og:description\" content=\"Conoce a los fundadores y directivos comprometidos con la labor cultural y social de la Fundaci\u00f3n Seen Art. Descubre nuestros programas y proyectos para promover el arte y la cultura en la regi\u00f3n.\" \/>\n<meta property=\"og:url\" content=\"https:\/\/fundacionseenart.org\/en\/\" \/>\n<meta property=\"og:site_name\" content=\"Fundaci\u00f3n Seen Art\" \/>\n<meta property=\"article:publisher\" content=\"https:\/\/www.facebook.com\/fundacionseenartsv?ref=br_tf\" \/>\n<meta property=\"article:modified_time\" content=\"2023-04-30T18:14:20+00:00\" \/>\n<meta property=\"og:image\" content=\"https:\/\/fundacionseenart.org\/wp-content\/uploads\/2023\/04\/SEEN_SEO.jpg\" \/>\n\t<meta property=\"og:image:width\" content=\"960\" \/>\n\t<meta property=\"og:image:height\" content=\"540\" \/>\n\t<meta property=\"og:image:type\" content=\"image\/jpeg\" \/>\n<meta name=\"twitter:card\" content=\"summary_large_image\" \/>\n<meta name=\"twitter:site\" content=\"@FundacionSeen\" \/>\n<meta name=\"twitter:label1\" content=\"Est. reading time\" \/>\n\t<meta name=\"twitter:data1\" content=\"6 minutes\" \/>\n<script type=\"application\/ld+json\" class=\"yoast-schema-graph\">{\"@context\":\"https:\/\/schema.org\",\"@graph\":[{\"@type\":\"WebPage\",\"@id\":\"https:\/\/fundacionseenart.org\/\",\"url\":\"https:\/\/fundacionseenart.org\/\",\"name\":\"Fundaci\u00f3n Seen Art El Salvador\",\"isPartOf\":{\"@id\":\"https:\/\/fundacionseenart.org\/#website\"},\"datePublished\":\"2018-02-28T19:17:30+00:00\",\"dateModified\":\"2023-04-30T18:14:20+00:00\",\"description\":\"Conoce a los fundadores y directivos comprometidos con la labor cultural y social de la Fundaci\u00f3n Seen Art. Descubre nuestros programas y proyectos para promover el arte y la cultura en la regi\u00f3n.\",\"breadcrumb\":{\"@id\":\"https:\/\/fundacionseenart.org\/#breadcrumb\"},\"inLanguage\":\"en-US\",\"potentialAction\":[{\"@type\":\"ReadAction\",\"target\":[\"https:\/\/fundacionseenart.org\/\"]}]},{\"@type\":\"BreadcrumbList\",\"@id\":\"https:\/\/fundacionseenart.org\/#breadcrumb\",\"itemListElement\":[{\"@type\":\"ListItem\",\"position\":1,\"name\":\"Portada\",\"item\":\"https:\/\/fundacionseenart.org\/\"},{\"@type\":\"ListItem\",\"position\":2,\"name\":\"Fundaci\u00f3n Seen Art\"}]},{\"@type\":\"WebSite\",\"@id\":\"https:\/\/fundacionseenart.org\/#website\",\"url\":\"https:\/\/fundacionseenart.org\/\",\"name\":\"Fundaci\u00f3n Seen Art\",\"description\":\"Ay&uacute;danos a ayudar\",\"publisher\":{\"@id\":\"https:\/\/fundacionseenart.org\/#organization\"},\"potentialAction\":[{\"@type\":\"SearchAction\",\"target\":{\"@type\":\"EntryPoint\",\"urlTemplate\":\"https:\/\/fundacionseenart.org\/?s={search_term_string}\"},\"query-input\":\"required name=search_term_string\"}],\"inLanguage\":\"en-US\"},{\"@type\":\"Organization\",\"@id\":\"https:\/\/fundacionseenart.org\/#organization\",\"name\":\"Fundaci\u00f3n Seen Art\",\"url\":\"https:\/\/fundacionseenart.org\/\",\"logo\":{\"@type\":\"ImageObject\",\"inLanguage\":\"en-US\",\"@id\":\"https:\/\/fundacionseenart.org\/#\/schema\/logo\/image\/\",\"url\":\"https:\/\/fundacionseenart.org\/wp-content\/uploads\/2023\/04\/Fundacion-Seen-Art_gold-e1680363446728.png\",\"contentUrl\":\"https:\/\/fundacionseenart.org\/wp-content\/uploads\/2023\/04\/Fundacion-Seen-Art_gold-e1680363446728.png\",\"width\":1920,\"height\":571,\"caption\":\"Fundaci\u00f3n Seen Art\"},\"image\":{\"@id\":\"https:\/\/fundacionseenart.org\/#\/schema\/logo\/image\/\"},\"sameAs\":[\"https:\/\/www.facebook.com\/fundacionseenartsv?ref=br_tf\",\"https:\/\/twitter.com\/FundacionSeen\",\"https:\/\/www.instagram.com\/fundacionseen\/\"]}]}<\/script>\n<!-- \/ Yoast SEO plugin. -->","yoast_head_json":{"title":"Fundaci\u00f3n Seen Art El Salvador","description":"Conoce a los fundadores y directivos comprometidos con la labor cultural y social de la Fundaci\u00f3n Seen Art. Descubre nuestros programas y proyectos para promover el arte y la cultura en la regi\u00f3n.","robots":{"index":"index","follow":"follow","max-snippet":"max-snippet:-1","max-image-preview":"max-image-preview:large","max-video-preview":"max-video-preview:-1"},"canonical":"https:\/\/fundacionseenart.org\/en\/","og_locale":"en_US","og_type":"article","og_title":"Fundaci\u00f3n Seen Art El Salvador","og_description":"Conoce a los fundadores y directivos comprometidos con la labor cultural y social de la Fundaci\u00f3n Seen Art. Descubre nuestros programas y proyectos para promover el arte y la cultura en la regi\u00f3n.","og_url":"https:\/\/fundacionseenart.org\/en\/","og_site_name":"Fundaci\u00f3n Seen Art","article_publisher":"https:\/\/www.facebook.com\/fundacionseenartsv?ref=br_tf","article_modified_time":"2023-04-30T18:14:20+00:00","og_image":[{"width":960,"height":540,"url":"https:\/\/fundacionseenart.org\/wp-content\/uploads\/2023\/04\/SEEN_SEO.jpg","type":"image\/jpeg"}],"twitter_card":"summary_large_image","twitter_site":"@FundacionSeen","twitter_misc":{"Est. reading time":"6 minutes"},"schema":{"@context":"https:\/\/schema.org","@graph":[{"@type":"WebPage","@id":"https:\/\/fundacionseenart.org\/","url":"https:\/\/fundacionseenart.org\/","name":"Fundaci\u00f3n Seen Art El Salvador","isPartOf":{"@id":"https:\/\/fundacionseenart.org\/#website"},"datePublished":"2018-02-28T19:17:30+00:00","dateModified":"2023-04-30T18:14:20+00:00","description":"Conoce a los fundadores y directivos comprometidos con la labor cultural y social de la Fundaci\u00f3n Seen Art. Descubre nuestros programas y proyectos para promover el arte y la cultura en la regi\u00f3n.","breadcrumb":{"@id":"https:\/\/fundacionseenart.org\/#breadcrumb"},"inLanguage":"en-US","potentialAction":[{"@type":"ReadAction","target":["https:\/\/fundacionseenart.org\/"]}]},{"@type":"BreadcrumbList","@id":"https:\/\/fundacionseenart.org\/#breadcrumb","itemListElement":[{"@type":"ListItem","position":1,"name":"Portada","item":"https:\/\/fundacionseenart.org\/"},{"@type":"ListItem","position":2,"name":"Fundaci\u00f3n Seen Art"}]},{"@type":"WebSite","@id":"https:\/\/fundacionseenart.org\/#website","url":"https:\/\/fundacionseenart.org\/","name":"Fundaci\u00f3n Seen Art","description":"Ay&uacute;danos a ayudar","publisher":{"@id":"https:\/\/fundacionseenart.org\/#organization"},"potentialAction":[{"@type":"SearchAction","target":{"@type":"EntryPoint","urlTemplate":"https:\/\/fundacionseenart.org\/?s={search_term_string}"},"query-input":"required name=search_term_string"}],"inLanguage":"en-US"},{"@type":"Organization","@id":"https:\/\/fundacionseenart.org\/#organization","name":"Fundaci\u00f3n Seen Art","url":"https:\/\/fundacionseenart.org\/","logo":{"@type":"ImageObject","inLanguage":"en-US","@id":"https:\/\/fundacionseenart.org\/#\/schema\/logo\/image\/","url":"https:\/\/fundacionseenart.org\/wp-content\/uploads\/2023\/04\/Fundacion-Seen-Art_gold-e1680363446728.png","contentUrl":"https:\/\/fundacionseenart.org\/wp-content\/uploads\/2023\/04\/Fundacion-Seen-Art_gold-e1680363446728.png","width":1920,"height":571,"caption":"Fundaci\u00f3n Seen Art"},"image":{"@id":"https:\/\/fundacionseenart.org\/#\/schema\/logo\/image\/"},"sameAs":["https:\/\/www.facebook.com\/fundacionseenartsv?ref=br_tf","https:\/\/twitter.com\/FundacionSeen","https:\/\/www.instagram.com\/fundacionseen\/"]}]}},"_links":{"self":[{"href":"https:\/\/fundacionseenart.org\/en\/wp-json\/wp\/v2\/pages\/176","targetHints":{"allow":["GET"]}}],"collection":[{"href":"https:\/\/fundacionseenart.org\/en\/wp-json\/wp\/v2\/pages"}],"about":[{"href":"https:\/\/fundacionseenart.org\/en\/wp-json\/wp\/v2\/types\/page"}],"author":[{"embeddable":true,"href":"https:\/\/fundacionseenart.org\/en\/wp-json\/wp\/v2\/users\/1"}],"replies":[{"embeddable":true,"href":"https:\/\/fundacionseenart.org\/en\/wp-json\/wp\/v2\/comments?post=176"}],"version-history":[{"count":794,"href":"https:\/\/fundacionseenart.org\/en\/wp-json\/wp\/v2\/pages\/176\/revisions"}],"predecessor-version":[{"id":2016,"href":"https:\/\/fundacionseenart.org\/en\/wp-json\/wp\/v2\/pages\/176\/revisions\/2016"}],"wp:featuredmedia":[{"embeddable":true,"href":"https:\/\/fundacionseenart.org\/en\/wp-json\/wp\/v2\/media\/1411"}],"wp:attachment":[{"href":"https:\/\/fundacionseenart.org\/en\/wp-json\/wp\/v2\/media?parent=176"}],"curies":[{"name":"wp","href":"https:\/\/api.w.org\/{rel}","templated":true}]}}