{"id":1493,"date":"2023-04-02T02:52:25","date_gmt":"2023-04-02T02:52:25","guid":{"rendered":"https:\/\/fundacionseenart.org\/?page_id=1493"},"modified":"2023-04-21T19:16:38","modified_gmt":"2023-04-21T19:16:38","slug":"kit-digital","status":"publish","type":"page","link":"https:\/\/fundacionseenart.org\/en\/kit-digital\/","title":{"rendered":"Kit Digital"},"content":{"rendered":"<div data-elementor-type=\"wp-page\" data-elementor-id=\"1493\" class=\"elementor elementor-1493\">\n\t\t\t\t\t\t\t<div class=\"elementor-element elementor-element-1e3a5753 e-con-boxed e-con\" data-id=\"1e3a5753\" data-element_type=\"container\" data-settings=\"{&quot;background_background&quot;:&quot;classic&quot;,&quot;content_width&quot;:&quot;boxed&quot;}\">\n\t\t\t\t\t<div class=\"e-con-inner\">\n\t\t<div class=\"elementor-element elementor-element-2fff2bdf e-con-full e-con\" data-id=\"2fff2bdf\" data-element_type=\"container\" data-settings=\"{&quot;content_width&quot;:&quot;full&quot;}\">\n\t\t\t\t<div class=\"elementor-element elementor-element-58176c7c elementor-widget elementor-widget-heading\" data-id=\"58176c7c\" data-element_type=\"widget\" data-widget_type=\"heading.default\">\n\t\t\t\t<div class=\"elementor-widget-container\">\n\t\t\t<style>\/*! elementor - v3.12.1 - 02-04-2023 *\/\n.elementor-heading-title{padding:0;margin:0;line-height:1}.elementor-widget-heading .elementor-heading-title[class*=elementor-size-]>a{color:inherit;font-size:inherit;line-height:inherit}.elementor-widget-heading .elementor-heading-title.elementor-size-small{font-size:15px}.elementor-widget-heading .elementor-heading-title.elementor-size-medium{font-size:19px}.elementor-widget-heading .elementor-heading-title.elementor-size-large{font-size:29px}.elementor-widget-heading .elementor-heading-title.elementor-size-xl{font-size:39px}.elementor-widget-heading .elementor-heading-title.elementor-size-xxl{font-size:59px}<\/style><h1 class=\"elementor-heading-title elementor-size-default\">S\u00e9 parte de la transformaci\u00f3n digital<\/h1>\t\t<\/div>\n\t\t\t\t<\/div>\n\t\t\t\t<div class=\"elementor-element elementor-element-665ac91b elementor-widget elementor-widget-text-editor\" data-id=\"665ac91b\" data-element_type=\"widget\" data-widget_type=\"text-editor.default\">\n\t\t\t\t<div class=\"elementor-widget-container\">\n\t\t\t<style>\/*! elementor - v3.12.1 - 02-04-2023 *\/\n.elementor-widget-text-editor.elementor-drop-cap-view-stacked .elementor-drop-cap{background-color:#69727d;color:#fff}.elementor-widget-text-editor.elementor-drop-cap-view-framed .elementor-drop-cap{color:#69727d;border:3px solid;background-color:transparent}.elementor-widget-text-editor:not(.elementor-drop-cap-view-default) .elementor-drop-cap{margin-top:8px}.elementor-widget-text-editor:not(.elementor-drop-cap-view-default) .elementor-drop-cap-letter{width:1em;height:1em}.elementor-widget-text-editor .elementor-drop-cap{float:left;text-align:center;line-height:1;font-size:50px}.elementor-widget-text-editor .elementor-drop-cap-letter{display:inline-block}<\/style>\t\t\t\t<p class=\"p1\">Hasta 2 mil usd de apoyo digital para emprendedores y empresas en etapa inicial que quieren digitalizar su negocio o vender en linea.<\/p>\t\t\t\t\t\t<\/div>\n\t\t\t\t<\/div>\n\t\t\t\t<div class=\"elementor-element elementor-element-6843001b elementor-mobile-align-center elementor-widget elementor-widget-button\" data-id=\"6843001b\" data-element_type=\"widget\" data-widget_type=\"button.default\">\n\t\t\t\t<div class=\"elementor-widget-container\">\n\t\t\t\t\t<div class=\"elementor-button-wrapper\">\n\t\t\t<a href=\"#\" class=\"elementor-button-link elementor-button elementor-size-sm\" role=\"button\">\n\t\t\t\t\t\t<span class=\"elementor-button-content-wrapper\">\n\t\t\t\t\t\t<span class=\"elementor-button-text\">Solicitar Bono<\/span>\n\t\t<\/span>\n\t\t\t\t\t<\/a>\n\t\t<\/div>\n\t\t\t\t<\/div>\n\t\t\t\t<\/div>\n\t\t\t\t<\/div>\n\t\t<div class=\"elementor-element elementor-element-3fd2b469 e-con-full e-con\" data-id=\"3fd2b469\" data-element_type=\"container\" data-settings=\"{&quot;content_width&quot;:&quot;full&quot;}\">\n\t\t\t\t<div class=\"elementor-element elementor-element-2bf47d7b elementor-widget elementor-widget-image\" data-id=\"2bf47d7b\" data-element_type=\"widget\" data-widget_type=\"image.default\">\n\t\t\t\t<div class=\"elementor-widget-container\">\n\t\t\t<style>\/*! elementor - v3.12.1 - 02-04-2023 *\/\n.elementor-widget-image{text-align:center}.elementor-widget-image a{display:inline-block}.elementor-widget-image a img[src$=\".svg\"]{width:48px}.elementor-widget-image img{vertical-align:middle;display:inline-block}<\/style>\t\t\t\t\t\t\t\t\t\t\t\t<img loading=\"lazy\" decoding=\"async\" width=\"1024\" height=\"574\" src=\"https:\/\/fundacionseenart.org\/wp-content\/uploads\/2023\/04\/robertodiaz_A_Hispanic_store_owner_stands_proudly_in_front_of_h_d4a3d403-22cb-400c-9eda-3a641389584a-1024x574.png\" class=\"attachment-large size-large wp-image-1766\" alt=\"\" srcset=\"https:\/\/fundacionseenart.org\/wp-content\/uploads\/2023\/04\/robertodiaz_A_Hispanic_store_owner_stands_proudly_in_front_of_h_d4a3d403-22cb-400c-9eda-3a641389584a-1024x574.png 1024w, https:\/\/fundacionseenart.org\/wp-content\/uploads\/2023\/04\/robertodiaz_A_Hispanic_store_owner_stands_proudly_in_front_of_h_d4a3d403-22cb-400c-9eda-3a641389584a-300x168.png 300w, https:\/\/fundacionseenart.org\/wp-content\/uploads\/2023\/04\/robertodiaz_A_Hispanic_store_owner_stands_proudly_in_front_of_h_d4a3d403-22cb-400c-9eda-3a641389584a-768x430.png 768w, https:\/\/fundacionseenart.org\/wp-content\/uploads\/2023\/04\/robertodiaz_A_Hispanic_store_owner_stands_proudly_in_front_of_h_d4a3d403-22cb-400c-9eda-3a641389584a-18x10.png 18w, https:\/\/fundacionseenart.org\/wp-content\/uploads\/2023\/04\/robertodiaz_A_Hispanic_store_owner_stands_proudly_in_front_of_h_d4a3d403-22cb-400c-9eda-3a641389584a.png 1456w\" sizes=\"auto, (max-width: 1024px) 100vw, 1024px\" \/>\t\t\t\t\t\t\t\t\t\t\t\t\t\t\t<\/div>\n\t\t\t\t<\/div>\n\t\t\t\t<\/div>\n\t\t\t\t\t<\/div>\n\t\t\t\t<\/div>\n\t\t\t\t\t\t\t<\/div>","protected":false},"excerpt":{"rendered":"<p>S\u00e9 parte de la transformaci\u00f3n digital Hasta 2 mil usd de apoyo digital para emprendedores y empresas en etapa inicial que quieren digitalizar su negocio o vender en linea. Solicitar Bono<\/p>","protected":false},"author":1,"featured_media":0,"parent":0,"menu_order":0,"comment_status":"closed","ping_status":"closed","template":"elementor_header_footer","meta":{"site-sidebar-layout":"no-sidebar","site-content-layout":"page-builder","ast-global-header-display":"","ast-main-header-display":"","ast-hfb-above-header-display":"","ast-hfb-below-header-display":"","ast-hfb-mobile-header-display":"","site-post-title":"disabled","ast-breadcrumbs-content":"","ast-featured-img":"disabled","footer-sml-layout":"","theme-transparent-header-meta":"","adv-header-id-meta":"","stick-header-meta":"","header-above-stick-meta":"","header-main-stick-meta":"","header-below-stick-meta":"","footnotes":""},"class_list":["post-1493","page","type-page","status-publish","hentry"],"yoast_head":"<!-- This site is optimized with the Yoast SEO plugin v20.5 - https:\/\/yoast.com\/wordpress\/plugins\/seo\/ -->\n<title>Kit Digital - Fundaci\u00f3n Seen Art<\/title>\n<meta name=\"robots\" content=\"index, follow, max-snippet:-1, max-image-preview:large, max-video-preview:-1\" \/>\n<link rel=\"canonical\" href=\"https:\/\/fundacionseenart.org\/en\/kit-digital\/\" \/>\n<meta property=\"og:locale\" content=\"en_US\" \/>\n<meta property=\"og:type\" content=\"article\" \/>\n<meta property=\"og:title\" content=\"Kit Digital - Fundaci\u00f3n Seen Art\" \/>\n<meta property=\"og:description\" content=\"S\u00e9 parte de la transformaci\u00f3n digital Hasta 2 mil usd de apoyo digital para emprendedores y empresas en etapa inicial que quieren digitalizar su negocio o vender en linea. Solicitar Bono\" \/>\n<meta property=\"og:url\" content=\"https:\/\/fundacionseenart.org\/en\/kit-digital\/\" \/>\n<meta property=\"og:site_name\" content=\"Fundaci\u00f3n Seen Art\" \/>\n<meta property=\"article:publisher\" content=\"https:\/\/www.facebook.com\/fundacionseenartsv?ref=br_tf\" \/>\n<meta property=\"article:modified_time\" content=\"2023-04-21T19:16:38+00:00\" \/>\n<meta property=\"og:image\" content=\"https:\/\/fundacionseenart.org\/wp-content\/uploads\/2023\/04\/robertodiaz_A_Hispanic_store_owner_stands_proudly_in_front_of_h_d4a3d403-22cb-400c-9eda-3a641389584a-1024x574.png\" \/>\n<meta name=\"twitter:card\" content=\"summary_large_image\" \/>\n<meta name=\"twitter:site\" content=\"@FundacionSeen\" \/>\n<meta name=\"twitter:label1\" content=\"Est. reading time\" \/>\n\t<meta name=\"twitter:data1\" content=\"1 minute\" \/>\n<script type=\"application\/ld+json\" class=\"yoast-schema-graph\">{\"@context\":\"https:\/\/schema.org\",\"@graph\":[{\"@type\":\"WebPage\",\"@id\":\"https:\/\/fundacionseenart.org\/kit-digital\/\",\"url\":\"https:\/\/fundacionseenart.org\/kit-digital\/\",\"name\":\"Kit Digital - Fundaci\u00f3n Seen Art\",\"isPartOf\":{\"@id\":\"https:\/\/fundacionseenart.org\/#website\"},\"datePublished\":\"2023-04-02T02:52:25+00:00\",\"dateModified\":\"2023-04-21T19:16:38+00:00\",\"breadcrumb\":{\"@id\":\"https:\/\/fundacionseenart.org\/kit-digital\/#breadcrumb\"},\"inLanguage\":\"en-US\",\"potentialAction\":[{\"@type\":\"ReadAction\",\"target\":[\"https:\/\/fundacionseenart.org\/kit-digital\/\"]}]},{\"@type\":\"BreadcrumbList\",\"@id\":\"https:\/\/fundacionseenart.org\/kit-digital\/#breadcrumb\",\"itemListElement\":[{\"@type\":\"ListItem\",\"position\":1,\"name\":\"Portada\",\"item\":\"https:\/\/fundacionseenart.org\/\"},{\"@type\":\"ListItem\",\"position\":2,\"name\":\"Kit Digital\"}]},{\"@type\":\"WebSite\",\"@id\":\"https:\/\/fundacionseenart.org\/#website\",\"url\":\"https:\/\/fundacionseenart.org\/\",\"name\":\"Fundaci\u00f3n Seen Art\",\"description\":\"Ay&uacute;danos a ayudar\",\"publisher\":{\"@id\":\"https:\/\/fundacionseenart.org\/#organization\"},\"potentialAction\":[{\"@type\":\"SearchAction\",\"target\":{\"@type\":\"EntryPoint\",\"urlTemplate\":\"https:\/\/fundacionseenart.org\/?s={search_term_string}\"},\"query-input\":\"required name=search_term_string\"}],\"inLanguage\":\"en-US\"},{\"@type\":\"Organization\",\"@id\":\"https:\/\/fundacionseenart.org\/#organization\",\"name\":\"Fundaci\u00f3n Seen Art\",\"url\":\"https:\/\/fundacionseenart.org\/\",\"logo\":{\"@type\":\"ImageObject\",\"inLanguage\":\"en-US\",\"@id\":\"https:\/\/fundacionseenart.org\/#\/schema\/logo\/image\/\",\"url\":\"https:\/\/fundacionseenart.org\/wp-content\/uploads\/2023\/04\/Fundacion-Seen-Art_gold-e1680363446728.png\",\"contentUrl\":\"https:\/\/fundacionseenart.org\/wp-content\/uploads\/2023\/04\/Fundacion-Seen-Art_gold-e1680363446728.png\",\"width\":1920,\"height\":571,\"caption\":\"Fundaci\u00f3n Seen Art\"},\"image\":{\"@id\":\"https:\/\/fundacionseenart.org\/#\/schema\/logo\/image\/\"},\"sameAs\":[\"https:\/\/www.facebook.com\/fundacionseenartsv?ref=br_tf\",\"https:\/\/twitter.com\/FundacionSeen\",\"https:\/\/www.instagram.com\/fundacionseen\/\"]}]}<\/script>\n<!-- \/ Yoast SEO plugin. -->","yoast_head_json":{"title":"Kit Digital - Fundaci\u00f3n Seen Art","robots":{"index":"index","follow":"follow","max-snippet":"max-snippet:-1","max-image-preview":"max-image-preview:large","max-video-preview":"max-video-preview:-1"},"canonical":"https:\/\/fundacionseenart.org\/en\/kit-digital\/","og_locale":"en_US","og_type":"article","og_title":"Kit Digital - Fundaci\u00f3n Seen Art","og_description":"S\u00e9 parte de la transformaci\u00f3n digital Hasta 2 mil usd de apoyo digital para emprendedores y empresas en etapa inicial que quieren digitalizar su negocio o vender en linea. Solicitar Bono","og_url":"https:\/\/fundacionseenart.org\/en\/kit-digital\/","og_site_name":"Fundaci\u00f3n Seen Art","article_publisher":"https:\/\/www.facebook.com\/fundacionseenartsv?ref=br_tf","article_modified_time":"2023-04-21T19:16:38+00:00","og_image":[{"url":"https:\/\/fundacionseenart.org\/wp-content\/uploads\/2023\/04\/robertodiaz_A_Hispanic_store_owner_stands_proudly_in_front_of_h_d4a3d403-22cb-400c-9eda-3a641389584a-1024x574.png"}],"twitter_card":"summary_large_image","twitter_site":"@FundacionSeen","twitter_misc":{"Est. reading time":"1 minute"},"schema":{"@context":"https:\/\/schema.org","@graph":[{"@type":"WebPage","@id":"https:\/\/fundacionseenart.org\/kit-digital\/","url":"https:\/\/fundacionseenart.org\/kit-digital\/","name":"Kit Digital - Fundaci\u00f3n Seen Art","isPartOf":{"@id":"https:\/\/fundacionseenart.org\/#website"},"datePublished":"2023-04-02T02:52:25+00:00","dateModified":"2023-04-21T19:16:38+00:00","breadcrumb":{"@id":"https:\/\/fundacionseenart.org\/kit-digital\/#breadcrumb"},"inLanguage":"en-US","potentialAction":[{"@type":"ReadAction","target":["https:\/\/fundacionseenart.org\/kit-digital\/"]}]},{"@type":"BreadcrumbList","@id":"https:\/\/fundacionseenart.org\/kit-digital\/#breadcrumb","itemListElement":[{"@type":"ListItem","position":1,"name":"Portada","item":"https:\/\/fundacionseenart.org\/"},{"@type":"ListItem","position":2,"name":"Kit Digital"}]},{"@type":"WebSite","@id":"https:\/\/fundacionseenart.org\/#website","url":"https:\/\/fundacionseenart.org\/","name":"Fundaci\u00f3n Seen Art","description":"Ay&uacute;danos a ayudar","publisher":{"@id":"https:\/\/fundacionseenart.org\/#organization"},"potentialAction":[{"@type":"SearchAction","target":{"@type":"EntryPoint","urlTemplate":"https:\/\/fundacionseenart.org\/?s={search_term_string}"},"query-input":"required name=search_term_string"}],"inLanguage":"en-US"},{"@type":"Organization","@id":"https:\/\/fundacionseenart.org\/#organization","name":"Fundaci\u00f3n Seen Art","url":"https:\/\/fundacionseenart.org\/","logo":{"@type":"ImageObject","inLanguage":"en-US","@id":"https:\/\/fundacionseenart.org\/#\/schema\/logo\/image\/","url":"https:\/\/fundacionseenart.org\/wp-content\/uploads\/2023\/04\/Fundacion-Seen-Art_gold-e1680363446728.png","contentUrl":"https:\/\/fundacionseenart.org\/wp-content\/uploads\/2023\/04\/Fundacion-Seen-Art_gold-e1680363446728.png","width":1920,"height":571,"caption":"Fundaci\u00f3n Seen Art"},"image":{"@id":"https:\/\/fundacionseenart.org\/#\/schema\/logo\/image\/"},"sameAs":["https:\/\/www.facebook.com\/fundacionseenartsv?ref=br_tf","https:\/\/twitter.com\/FundacionSeen","https:\/\/www.instagram.com\/fundacionseen\/"]}]}},"_links":{"self":[{"href":"https:\/\/fundacionseenart.org\/en\/wp-json\/wp\/v2\/pages\/1493","targetHints":{"allow":["GET"]}}],"collection":[{"href":"https:\/\/fundacionseenart.org\/en\/wp-json\/wp\/v2\/pages"}],"about":[{"href":"https:\/\/fundacionseenart.org\/en\/wp-json\/wp\/v2\/types\/page"}],"author":[{"embeddable":true,"href":"https:\/\/fundacionseenart.org\/en\/wp-json\/wp\/v2\/users\/1"}],"replies":[{"embeddable":true,"href":"https:\/\/fundacionseenart.org\/en\/wp-json\/wp\/v2\/comments?post=1493"}],"version-history":[{"count":25,"href":"https:\/\/fundacionseenart.org\/en\/wp-json\/wp\/v2\/pages\/1493\/revisions"}],"predecessor-version":[{"id":1913,"href":"https:\/\/fundacionseenart.org\/en\/wp-json\/wp\/v2\/pages\/1493\/revisions\/1913"}],"wp:attachment":[{"href":"https:\/\/fundacionseenart.org\/en\/wp-json\/wp\/v2\/media?parent=1493"}],"curies":[{"name":"wp","href":"https:\/\/api.w.org\/{rel}","templated":true}]}}