{"id":1441,"date":"2023-04-02T02:36:12","date_gmt":"2023-04-02T02:36:12","guid":{"rendered":"https:\/\/fundacionseenart.org\/?page_id=1441"},"modified":"2023-04-30T18:25:35","modified_gmt":"2023-04-30T18:25:35","slug":"programas","status":"publish","type":"page","link":"https:\/\/fundacionseenart.org\/en\/programas\/","title":{"rendered":"Our Programs"},"content":{"rendered":"<div data-elementor-type=\"wp-page\" data-elementor-id=\"1441\" class=\"elementor elementor-1441\">\n\t\t\t\t\t\t\t<div class=\"elementor-element elementor-element-47185b70 e-con-boxed e-con\" data-id=\"47185b70\" data-element_type=\"container\" data-settings=\"{&quot;background_background&quot;:&quot;classic&quot;,&quot;content_width&quot;:&quot;boxed&quot;}\" data-e-bg-lazyload=\"\">\n\t\t\t\t\t<div class=\"e-con-inner\">\n\t\t\t\t<div class=\"elementor-element elementor-element-18989f49 elementor-widget elementor-widget-heading\" data-id=\"18989f49\" data-element_type=\"widget\" data-widget_type=\"heading.default\">\n\t\t\t\t<div class=\"elementor-widget-container\">\n\t\t\t<style>\/*! elementor - v3.12.1 - 02-04-2023 *\/\n.elementor-heading-title{padding:0;margin:0;line-height:1}.elementor-widget-heading .elementor-heading-title[class*=elementor-size-]>a{color:inherit;font-size:inherit;line-height:inherit}.elementor-widget-heading .elementor-heading-title.elementor-size-small{font-size:15px}.elementor-widget-heading .elementor-heading-title.elementor-size-medium{font-size:19px}.elementor-widget-heading .elementor-heading-title.elementor-size-large{font-size:29px}.elementor-widget-heading .elementor-heading-title.elementor-size-xl{font-size:39px}.elementor-widget-heading .elementor-heading-title.elementor-size-xxl{font-size:59px}<\/style><h1 class=\"elementor-heading-title elementor-size-default\">Our programs<\/h1>\t\t<\/div>\n\t\t\t\t<\/div>\n\t\t\t\t<div class=\"elementor-element elementor-element-52451fbf elementor-widget elementor-widget-text-editor\" data-id=\"52451fbf\" data-element_type=\"widget\" data-widget_type=\"text-editor.default\">\n\t\t\t\t<div class=\"elementor-widget-container\">\n\t\t\t<style>\/*! elementor - v3.12.1 - 02-04-2023 *\/\n.elementor-widget-text-editor.elementor-drop-cap-view-stacked .elementor-drop-cap{background-color:#69727d;color:#fff}.elementor-widget-text-editor.elementor-drop-cap-view-framed .elementor-drop-cap{color:#69727d;border:3px solid;background-color:transparent}.elementor-widget-text-editor:not(.elementor-drop-cap-view-default) .elementor-drop-cap{margin-top:8px}.elementor-widget-text-editor:not(.elementor-drop-cap-view-default) .elementor-drop-cap-letter{width:1em;height:1em}.elementor-widget-text-editor .elementor-drop-cap{float:left;text-align:center;line-height:1;font-size:50px}.elementor-widget-text-editor .elementor-drop-cap-letter{display:inline-block}<\/style>\t\t\t\t<p>We are committed to the promotion and development of art and culture, and work tirelessly to offer a wide range of educational, artistic and community initiatives and programs.<\/p>\t\t\t\t\t\t<\/div>\n\t\t\t\t<\/div>\n\t\t\t\t\t<\/div>\n\t\t\t\t<\/div>\n\t\t<div class=\"elementor-element elementor-element-e6ab394 e-con-full e-con\" data-id=\"e6ab394\" data-element_type=\"container\" data-settings=\"{&quot;background_background&quot;:&quot;classic&quot;,&quot;content_width&quot;:&quot;full&quot;}\">\n\t\t<div class=\"elementor-element elementor-element-75d25f4a e-con-full e-con\" data-id=\"75d25f4a\" data-element_type=\"container\" data-settings=\"{&quot;content_width&quot;:&quot;full&quot;}\">\n\t\t\t\t<div class=\"elementor-element elementor-element-4043a446 elementor-widget elementor-widget-heading\" data-id=\"4043a446\" data-element_type=\"widget\" data-widget_type=\"heading.default\">\n\t\t\t\t<div class=\"elementor-widget-container\">\n\t\t\t<h3 class=\"elementor-heading-title elementor-size-default\">Digital Kit Program<\/h3>\t\t<\/div>\n\t\t\t\t<\/div>\n\t\t\t\t<div class=\"elementor-element elementor-element-66d31116 elementor-widget elementor-widget-text-editor\" data-id=\"66d31116\" data-element_type=\"widget\" data-widget_type=\"text-editor.default\">\n\t\t\t\t<div class=\"elementor-widget-container\">\n\t\t\t\t\t\t\t<p>Open the doors to your small business future with a Digital Kit, all the tools you need to grow your business. In addition, it is modular, so you can customize it to suit your needs.<\/p>\t\t\t\t\t\t<\/div>\n\t\t\t\t<\/div>\n\t\t\t\t<div class=\"elementor-element elementor-element-2b5cbb0 elementor-widget elementor-widget-button\" data-id=\"2b5cbb0\" data-element_type=\"widget\" data-widget_type=\"button.default\">\n\t\t\t\t<div class=\"elementor-widget-container\">\n\t\t\t\t\t<div class=\"elementor-button-wrapper\">\n\t\t\t<a href=\"https:\/\/fundacionseenart.org\/en\/kit-digital\/\" class=\"elementor-button-link elementor-button elementor-size-sm\" role=\"button\">\n\t\t\t\t\t\t<span class=\"elementor-button-content-wrapper\">\n\t\t\t\t\t\t<span class=\"elementor-button-text\">Meet the program<\/span>\n\t\t<\/span>\n\t\t\t\t\t<\/a>\n\t\t<\/div>\n\t\t\t\t<\/div>\n\t\t\t\t<\/div>\n\t\t\t\t<\/div>\n\t\t<div class=\"elementor-element elementor-element-4f54edb e-con-full e-con\" data-id=\"4f54edb\" data-element_type=\"container\" data-settings=\"{&quot;content_width&quot;:&quot;full&quot;}\">\n\t\t\t\t<div class=\"elementor-element elementor-element-1c05d7f0 elementor-widget elementor-widget-image\" data-id=\"1c05d7f0\" data-element_type=\"widget\" data-widget_type=\"image.default\">\n\t\t\t\t<div class=\"elementor-widget-container\">\n\t\t\t<style>\/*! elementor - v3.12.1 - 02-04-2023 *\/\n.elementor-widget-image{text-align:center}.elementor-widget-image a{display:inline-block}.elementor-widget-image a img[src$=\".svg\"]{width:48px}.elementor-widget-image img{vertical-align:middle;display:inline-block}<\/style>\t\t\t\t\t\t\t\t\t\t\t\t<img loading=\"lazy\" decoding=\"async\" width=\"1024\" height=\"574\" src=\"https:\/\/fundacionseenart.org\/wp-content\/uploads\/2023\/04\/robertodiaz_happy_hispanic_software_developer_woman_portrait_wi_183ffe40-aa98-48a9-b1f3-6985ca9ea2e4-1024x574.png\" class=\"attachment-large size-large wp-image-1960\" alt=\"\" srcset=\"https:\/\/fundacionseenart.org\/wp-content\/uploads\/2023\/04\/robertodiaz_happy_hispanic_software_developer_woman_portrait_wi_183ffe40-aa98-48a9-b1f3-6985ca9ea2e4-1024x574.png 1024w, https:\/\/fundacionseenart.org\/wp-content\/uploads\/2023\/04\/robertodiaz_happy_hispanic_software_developer_woman_portrait_wi_183ffe40-aa98-48a9-b1f3-6985ca9ea2e4-300x168.png 300w, https:\/\/fundacionseenart.org\/wp-content\/uploads\/2023\/04\/robertodiaz_happy_hispanic_software_developer_woman_portrait_wi_183ffe40-aa98-48a9-b1f3-6985ca9ea2e4-768x430.png 768w, https:\/\/fundacionseenart.org\/wp-content\/uploads\/2023\/04\/robertodiaz_happy_hispanic_software_developer_woman_portrait_wi_183ffe40-aa98-48a9-b1f3-6985ca9ea2e4-18x10.png 18w, https:\/\/fundacionseenart.org\/wp-content\/uploads\/2023\/04\/robertodiaz_happy_hispanic_software_developer_woman_portrait_wi_183ffe40-aa98-48a9-b1f3-6985ca9ea2e4.png 1456w\" sizes=\"auto, (max-width: 1024px) 100vw, 1024px\" \/>\t\t\t\t\t\t\t\t\t\t\t\t\t\t\t<\/div>\n\t\t\t\t<\/div>\n\t\t\t\t<\/div>\n\t\t\t\t<\/div>\n\t\t<div class=\"elementor-element elementor-element-4c084d4c e-con-full e-con\" data-id=\"4c084d4c\" data-element_type=\"container\" data-settings=\"{&quot;background_background&quot;:&quot;classic&quot;,&quot;content_width&quot;:&quot;full&quot;}\">\n\t\t<div class=\"elementor-element elementor-element-67c90a4c e-con-full e-con\" data-id=\"67c90a4c\" data-element_type=\"container\" data-settings=\"{&quot;content_width&quot;:&quot;full&quot;}\">\n\t\t\t\t<div class=\"elementor-element elementor-element-4a9799a elementor-widget elementor-widget-heading\" data-id=\"4a9799a\" data-element_type=\"widget\" data-widget_type=\"heading.default\">\n\t\t\t\t<div class=\"elementor-widget-container\">\n\t\t\t<h3 class=\"elementor-heading-title elementor-size-default\">Programa Nutricrecer<\/h3>\t\t<\/div>\n\t\t\t\t<\/div>\n\t\t\t\t<div class=\"elementor-element elementor-element-2e035091 elementor-widget elementor-widget-text-editor\" data-id=\"2e035091\" data-element_type=\"widget\" data-widget_type=\"text-editor.default\">\n\t\t\t\t<div class=\"elementor-widget-container\">\n\t\t\t\t\t\t\t<div class=\"group w-full text-gray-800 dark:text-gray-100 border-b border-black\/10 dark:border-gray-900\/50 bg-gray-50 dark:bg-[#444654] sm:AIPRM__conversation__response\"><div class=\"text-base gap-4 md:gap-6 md:max-w-2xl lg:max-w-xl xl:max-w-3xl p-4 md:py-6 flex lg:px-0 m-auto\"><div class=\"relative flex w-[calc(100%-50px)] flex-col gap-1 md:gap-3 lg:w-[calc(100%-115px)]\"><div class=\"flex flex-grow flex-col gap-3\"><div class=\"min-h-[20px] flex flex-col items-start gap-4 whitespace-pre-wrap break-words\"><div class=\"markdown prose w-full break-words dark:prose-invert dark AIPRM__conversation__response\"><p>Promueve una alimentaci\u00f3n saludable, atenci\u00f3n m\u00e9dica y nutricional, y actividades de desarrollo personal y educativo. Este programa inclusivo est\u00e1 dise\u00f1ado para que todos los participantes se sientan valorados y empoderados en su proceso de crecimiento personal y comunitario.<\/p><\/div><\/div><\/div><\/div><\/div><\/div>\t\t\t\t\t\t<\/div>\n\t\t\t\t<\/div>\n\t\t\t\t<div class=\"elementor-element elementor-element-9b27713 elementor-widget elementor-widget-button\" data-id=\"9b27713\" data-element_type=\"widget\" data-widget_type=\"button.default\">\n\t\t\t\t<div class=\"elementor-widget-container\">\n\t\t\t\t\t<div class=\"elementor-button-wrapper\">\n\t\t\t<a href=\"https:\/\/fundacionseenart.org\/en\/2023\/04\/01\/1175\/\" class=\"elementor-button-link elementor-button elementor-size-sm\" role=\"button\">\n\t\t\t\t\t\t<span class=\"elementor-button-content-wrapper\">\n\t\t\t\t\t\t<span class=\"elementor-button-text\">Meet the program<\/span>\n\t\t<\/span>\n\t\t\t\t\t<\/a>\n\t\t<\/div>\n\t\t\t\t<\/div>\n\t\t\t\t<\/div>\n\t\t\t\t<\/div>\n\t\t<div class=\"elementor-element elementor-element-7c5e0fea e-con-full e-con\" data-id=\"7c5e0fea\" data-element_type=\"container\" data-settings=\"{&quot;content_width&quot;:&quot;full&quot;}\">\n\t\t\t\t<div class=\"elementor-element elementor-element-5139d4b0 elementor-widget elementor-widget-image\" data-id=\"5139d4b0\" data-element_type=\"widget\" data-widget_type=\"image.default\">\n\t\t\t\t<div class=\"elementor-widget-container\">\n\t\t\t\t\t\t\t\t\t\t\t\t\t\t\t<img loading=\"lazy\" decoding=\"async\" width=\"1024\" height=\"574\" src=\"https:\/\/fundacionseenart.org\/wp-content\/uploads\/2023\/04\/robertodiaz_happy_hispanic_kids_illustration_solid_on_a_golden__b4be53ed-77f9-4e6f-b231-900c05df7f95-1024x574.png\" class=\"attachment-large size-large wp-image-2022\" alt=\"\" srcset=\"https:\/\/fundacionseenart.org\/wp-content\/uploads\/2023\/04\/robertodiaz_happy_hispanic_kids_illustration_solid_on_a_golden__b4be53ed-77f9-4e6f-b231-900c05df7f95-1024x574.png 1024w, https:\/\/fundacionseenart.org\/wp-content\/uploads\/2023\/04\/robertodiaz_happy_hispanic_kids_illustration_solid_on_a_golden__b4be53ed-77f9-4e6f-b231-900c05df7f95-300x168.png 300w, https:\/\/fundacionseenart.org\/wp-content\/uploads\/2023\/04\/robertodiaz_happy_hispanic_kids_illustration_solid_on_a_golden__b4be53ed-77f9-4e6f-b231-900c05df7f95-768x430.png 768w, https:\/\/fundacionseenart.org\/wp-content\/uploads\/2023\/04\/robertodiaz_happy_hispanic_kids_illustration_solid_on_a_golden__b4be53ed-77f9-4e6f-b231-900c05df7f95-18x10.png 18w, https:\/\/fundacionseenart.org\/wp-content\/uploads\/2023\/04\/robertodiaz_happy_hispanic_kids_illustration_solid_on_a_golden__b4be53ed-77f9-4e6f-b231-900c05df7f95.png 1456w\" sizes=\"auto, (max-width: 1024px) 100vw, 1024px\" \/>\t\t\t\t\t\t\t\t\t\t\t\t\t\t\t<\/div>\n\t\t\t\t<\/div>\n\t\t\t\t<\/div>\n\t\t\t\t<\/div>\n\t\t<div class=\"elementor-element elementor-element-b1a4b48 e-con-full e-con\" data-id=\"b1a4b48\" data-element_type=\"container\" data-settings=\"{&quot;background_background&quot;:&quot;classic&quot;,&quot;content_width&quot;:&quot;full&quot;}\">\n\t\t<div class=\"elementor-element elementor-element-c3b7d28 e-con-full e-con\" data-id=\"c3b7d28\" data-element_type=\"container\" data-settings=\"{&quot;content_width&quot;:&quot;full&quot;}\">\n\t\t\t\t<div class=\"elementor-element elementor-element-9141a1c elementor-widget elementor-widget-heading\" data-id=\"9141a1c\" data-element_type=\"widget\" data-widget_type=\"heading.default\">\n\t\t\t\t<div class=\"elementor-widget-container\">\n\t\t\t<h3 class=\"elementor-heading-title elementor-size-default\">Programa de liderazgo<\/h3>\t\t<\/div>\n\t\t\t\t<\/div>\n\t\t\t\t<div class=\"elementor-element elementor-element-5d726c1 elementor-widget elementor-widget-text-editor\" data-id=\"5d726c1\" data-element_type=\"widget\" data-widget_type=\"text-editor.default\">\n\t\t\t\t<div class=\"elementor-widget-container\">\n\t\t\t\t\t\t\t<p>Tendr\u00e1s la oportunidad de adquirir nuevas habilidades y conocimientos, as\u00ed como tambi\u00e9n de conocer a personas con intereses y valores similares a los tuyos.<\/p>\t\t\t\t\t\t<\/div>\n\t\t\t\t<\/div>\n\t\t\t\t<div class=\"elementor-element elementor-element-79fadb6 elementor-widget elementor-widget-button\" data-id=\"79fadb6\" data-element_type=\"widget\" data-widget_type=\"button.default\">\n\t\t\t\t<div class=\"elementor-widget-container\">\n\t\t\t\t\t<div class=\"elementor-button-wrapper\">\n\t\t\t<a href=\"https:\/\/fundacionseenart.org\/en\/kit-digital\/\" class=\"elementor-button-link elementor-button elementor-size-sm\" role=\"button\">\n\t\t\t\t\t\t<span class=\"elementor-button-content-wrapper\">\n\t\t\t\t\t\t<span class=\"elementor-button-text\">Meet the program<\/span>\n\t\t<\/span>\n\t\t\t\t\t<\/a>\n\t\t<\/div>\n\t\t\t\t<\/div>\n\t\t\t\t<\/div>\n\t\t\t\t<\/div>\n\t\t<div class=\"elementor-element elementor-element-8d72335 e-con-full e-con\" data-id=\"8d72335\" data-element_type=\"container\" data-settings=\"{&quot;content_width&quot;:&quot;full&quot;}\">\n\t\t\t\t<div class=\"elementor-element elementor-element-60b9e52 elementor-widget elementor-widget-image\" data-id=\"60b9e52\" data-element_type=\"widget\" data-widget_type=\"image.default\">\n\t\t\t\t<div class=\"elementor-widget-container\">\n\t\t\t\t\t\t\t\t\t\t\t\t\t\t\t<img loading=\"lazy\" decoding=\"async\" width=\"1024\" height=\"574\" src=\"https:\/\/fundacionseenart.org\/wp-content\/uploads\/2023\/04\/robertodiaz_happy_hispanic_software_developer_woman_portrait_wi_33b919ff-5808-4c02-b793-81e925c911fa-1024x574.png\" class=\"attachment-large size-large wp-image-2004\" alt=\"\" srcset=\"https:\/\/fundacionseenart.org\/wp-content\/uploads\/2023\/04\/robertodiaz_happy_hispanic_software_developer_woman_portrait_wi_33b919ff-5808-4c02-b793-81e925c911fa-1024x574.png 1024w, https:\/\/fundacionseenart.org\/wp-content\/uploads\/2023\/04\/robertodiaz_happy_hispanic_software_developer_woman_portrait_wi_33b919ff-5808-4c02-b793-81e925c911fa-300x168.png 300w, https:\/\/fundacionseenart.org\/wp-content\/uploads\/2023\/04\/robertodiaz_happy_hispanic_software_developer_woman_portrait_wi_33b919ff-5808-4c02-b793-81e925c911fa-768x430.png 768w, https:\/\/fundacionseenart.org\/wp-content\/uploads\/2023\/04\/robertodiaz_happy_hispanic_software_developer_woman_portrait_wi_33b919ff-5808-4c02-b793-81e925c911fa-18x10.png 18w, https:\/\/fundacionseenart.org\/wp-content\/uploads\/2023\/04\/robertodiaz_happy_hispanic_software_developer_woman_portrait_wi_33b919ff-5808-4c02-b793-81e925c911fa.png 1456w\" sizes=\"auto, (max-width: 1024px) 100vw, 1024px\" \/>\t\t\t\t\t\t\t\t\t\t\t\t\t\t\t<\/div>\n\t\t\t\t<\/div>\n\t\t\t\t<\/div>\n\t\t\t\t<\/div>\n\t\t\t\t\t\t\t<\/div>","protected":false},"excerpt":{"rendered":"<p>Nuestros programas Estamos comprometidos con el fomento y desarrollo del arte y la cultura, y trabajamos incansablemente para ofrecer una amplia gama de iniciativas y programas educativos, art\u00edsticos y comunitarios. Programa Kit Digital Abre las puertas al futuro de tu empresa con un kit Digital, Todas las herramientas que necesitas para hacer crecer tu negocio. &hellip;<\/p>\n<p class=\"read-more\"> <a class=\"\" href=\"https:\/\/fundacionseenart.org\/en\/programas\/\"> <span class=\"screen-reader-text\">Our Programs<\/span> Read More &raquo;<\/a><\/p>","protected":false},"author":1,"featured_media":0,"parent":0,"menu_order":0,"comment_status":"closed","ping_status":"closed","template":"elementor_header_footer","meta":{"site-sidebar-layout":"no-sidebar","site-content-layout":"page-builder","ast-global-header-display":"","ast-main-header-display":"","ast-hfb-above-header-display":"","ast-hfb-below-header-display":"","ast-hfb-mobile-header-display":"","site-post-title":"disabled","ast-breadcrumbs-content":"","ast-featured-img":"disabled","footer-sml-layout":"","theme-transparent-header-meta":"","adv-header-id-meta":"","stick-header-meta":"","header-above-stick-meta":"","header-main-stick-meta":"","header-below-stick-meta":"","footnotes":""},"class_list":["post-1441","page","type-page","status-publish","hentry"],"yoast_head":"<!-- This site is optimized with the Yoast SEO plugin v20.5 - https:\/\/yoast.com\/wordpress\/plugins\/seo\/ -->\n<title>Programas - Fundaci\u00f3n Seen Art<\/title>\n<meta name=\"robots\" content=\"index, follow, max-snippet:-1, max-image-preview:large, max-video-preview:-1\" \/>\n<link rel=\"canonical\" href=\"https:\/\/fundacionseenart.org\/en\/programas\/\" \/>\n<meta property=\"og:locale\" content=\"en_US\" \/>\n<meta property=\"og:type\" content=\"article\" \/>\n<meta property=\"og:title\" content=\"Programas - Fundaci\u00f3n Seen Art\" \/>\n<meta property=\"og:description\" content=\"Nuestros programas Estamos comprometidos con el fomento y desarrollo del arte y la cultura, y trabajamos incansablemente para ofrecer una amplia gama de iniciativas y programas educativos, art\u00edsticos y comunitarios. Programa Kit Digital Abre las puertas al futuro de tu empresa con un kit Digital, Todas las herramientas que necesitas para hacer crecer tu negocio. &hellip; Programas Read More &raquo;\" \/>\n<meta property=\"og:url\" content=\"https:\/\/fundacionseenart.org\/en\/programas\/\" \/>\n<meta property=\"og:site_name\" content=\"Fundaci\u00f3n Seen Art\" \/>\n<meta property=\"article:publisher\" content=\"https:\/\/www.facebook.com\/fundacionseenartsv?ref=br_tf\" \/>\n<meta property=\"article:modified_time\" content=\"2023-04-30T18:25:35+00:00\" \/>\n<meta property=\"og:image\" content=\"https:\/\/fundacionseenart.org\/wp-content\/uploads\/2023\/04\/robertodiaz_happy_hispanic_software_developer_woman_portrait_wi_183ffe40-aa98-48a9-b1f3-6985ca9ea2e4-1024x574.png\" \/>\n<meta name=\"twitter:card\" content=\"summary_large_image\" \/>\n<meta name=\"twitter:site\" content=\"@FundacionSeen\" \/>\n<meta name=\"twitter:label1\" content=\"Est. reading time\" \/>\n\t<meta name=\"twitter:data1\" content=\"2 minutes\" \/>\n<script type=\"application\/ld+json\" class=\"yoast-schema-graph\">{\"@context\":\"https:\/\/schema.org\",\"@graph\":[{\"@type\":\"WebPage\",\"@id\":\"https:\/\/fundacionseenart.org\/programas\/\",\"url\":\"https:\/\/fundacionseenart.org\/programas\/\",\"name\":\"Programas - Fundaci\u00f3n Seen Art\",\"isPartOf\":{\"@id\":\"https:\/\/fundacionseenart.org\/#website\"},\"datePublished\":\"2023-04-02T02:36:12+00:00\",\"dateModified\":\"2023-04-30T18:25:35+00:00\",\"breadcrumb\":{\"@id\":\"https:\/\/fundacionseenart.org\/programas\/#breadcrumb\"},\"inLanguage\":\"en-US\",\"potentialAction\":[{\"@type\":\"ReadAction\",\"target\":[\"https:\/\/fundacionseenart.org\/programas\/\"]}]},{\"@type\":\"BreadcrumbList\",\"@id\":\"https:\/\/fundacionseenart.org\/programas\/#breadcrumb\",\"itemListElement\":[{\"@type\":\"ListItem\",\"position\":1,\"name\":\"Portada\",\"item\":\"https:\/\/fundacionseenart.org\/\"},{\"@type\":\"ListItem\",\"position\":2,\"name\":\"Programas\"}]},{\"@type\":\"WebSite\",\"@id\":\"https:\/\/fundacionseenart.org\/#website\",\"url\":\"https:\/\/fundacionseenart.org\/\",\"name\":\"Fundaci\u00f3n Seen Art\",\"description\":\"Ay&uacute;danos a ayudar\",\"publisher\":{\"@id\":\"https:\/\/fundacionseenart.org\/#organization\"},\"potentialAction\":[{\"@type\":\"SearchAction\",\"target\":{\"@type\":\"EntryPoint\",\"urlTemplate\":\"https:\/\/fundacionseenart.org\/?s={search_term_string}\"},\"query-input\":\"required name=search_term_string\"}],\"inLanguage\":\"en-US\"},{\"@type\":\"Organization\",\"@id\":\"https:\/\/fundacionseenart.org\/#organization\",\"name\":\"Fundaci\u00f3n Seen Art\",\"url\":\"https:\/\/fundacionseenart.org\/\",\"logo\":{\"@type\":\"ImageObject\",\"inLanguage\":\"en-US\",\"@id\":\"https:\/\/fundacionseenart.org\/#\/schema\/logo\/image\/\",\"url\":\"https:\/\/fundacionseenart.org\/wp-content\/uploads\/2023\/04\/Fundacion-Seen-Art_gold-e1680363446728.png\",\"contentUrl\":\"https:\/\/fundacionseenart.org\/wp-content\/uploads\/2023\/04\/Fundacion-Seen-Art_gold-e1680363446728.png\",\"width\":1920,\"height\":571,\"caption\":\"Fundaci\u00f3n Seen Art\"},\"image\":{\"@id\":\"https:\/\/fundacionseenart.org\/#\/schema\/logo\/image\/\"},\"sameAs\":[\"https:\/\/www.facebook.com\/fundacionseenartsv?ref=br_tf\",\"https:\/\/twitter.com\/FundacionSeen\",\"https:\/\/www.instagram.com\/fundacionseen\/\"]}]}<\/script>\n<!-- \/ Yoast SEO plugin. -->","yoast_head_json":{"title":"Programas - Fundaci\u00f3n Seen Art","robots":{"index":"index","follow":"follow","max-snippet":"max-snippet:-1","max-image-preview":"max-image-preview:large","max-video-preview":"max-video-preview:-1"},"canonical":"https:\/\/fundacionseenart.org\/en\/programas\/","og_locale":"en_US","og_type":"article","og_title":"Programas - Fundaci\u00f3n Seen Art","og_description":"Nuestros programas Estamos comprometidos con el fomento y desarrollo del arte y la cultura, y trabajamos incansablemente para ofrecer una amplia gama de iniciativas y programas educativos, art\u00edsticos y comunitarios. Programa Kit Digital Abre las puertas al futuro de tu empresa con un kit Digital, Todas las herramientas que necesitas para hacer crecer tu negocio. &hellip; Programas Read More &raquo;","og_url":"https:\/\/fundacionseenart.org\/en\/programas\/","og_site_name":"Fundaci\u00f3n Seen Art","article_publisher":"https:\/\/www.facebook.com\/fundacionseenartsv?ref=br_tf","article_modified_time":"2023-04-30T18:25:35+00:00","og_image":[{"url":"https:\/\/fundacionseenart.org\/wp-content\/uploads\/2023\/04\/robertodiaz_happy_hispanic_software_developer_woman_portrait_wi_183ffe40-aa98-48a9-b1f3-6985ca9ea2e4-1024x574.png"}],"twitter_card":"summary_large_image","twitter_site":"@FundacionSeen","twitter_misc":{"Est. reading time":"2 minutes"},"schema":{"@context":"https:\/\/schema.org","@graph":[{"@type":"WebPage","@id":"https:\/\/fundacionseenart.org\/programas\/","url":"https:\/\/fundacionseenart.org\/programas\/","name":"Programas - Fundaci\u00f3n Seen Art","isPartOf":{"@id":"https:\/\/fundacionseenart.org\/#website"},"datePublished":"2023-04-02T02:36:12+00:00","dateModified":"2023-04-30T18:25:35+00:00","breadcrumb":{"@id":"https:\/\/fundacionseenart.org\/programas\/#breadcrumb"},"inLanguage":"en-US","potentialAction":[{"@type":"ReadAction","target":["https:\/\/fundacionseenart.org\/programas\/"]}]},{"@type":"BreadcrumbList","@id":"https:\/\/fundacionseenart.org\/programas\/#breadcrumb","itemListElement":[{"@type":"ListItem","position":1,"name":"Portada","item":"https:\/\/fundacionseenart.org\/"},{"@type":"ListItem","position":2,"name":"Programas"}]},{"@type":"WebSite","@id":"https:\/\/fundacionseenart.org\/#website","url":"https:\/\/fundacionseenart.org\/","name":"Fundaci\u00f3n Seen Art","description":"Ay&uacute;danos a ayudar","publisher":{"@id":"https:\/\/fundacionseenart.org\/#organization"},"potentialAction":[{"@type":"SearchAction","target":{"@type":"EntryPoint","urlTemplate":"https:\/\/fundacionseenart.org\/?s={search_term_string}"},"query-input":"required name=search_term_string"}],"inLanguage":"en-US"},{"@type":"Organization","@id":"https:\/\/fundacionseenart.org\/#organization","name":"Fundaci\u00f3n Seen Art","url":"https:\/\/fundacionseenart.org\/","logo":{"@type":"ImageObject","inLanguage":"en-US","@id":"https:\/\/fundacionseenart.org\/#\/schema\/logo\/image\/","url":"https:\/\/fundacionseenart.org\/wp-content\/uploads\/2023\/04\/Fundacion-Seen-Art_gold-e1680363446728.png","contentUrl":"https:\/\/fundacionseenart.org\/wp-content\/uploads\/2023\/04\/Fundacion-Seen-Art_gold-e1680363446728.png","width":1920,"height":571,"caption":"Fundaci\u00f3n Seen Art"},"image":{"@id":"https:\/\/fundacionseenart.org\/#\/schema\/logo\/image\/"},"sameAs":["https:\/\/www.facebook.com\/fundacionseenartsv?ref=br_tf","https:\/\/twitter.com\/FundacionSeen","https:\/\/www.instagram.com\/fundacionseen\/"]}]}},"_links":{"self":[{"href":"https:\/\/fundacionseenart.org\/en\/wp-json\/wp\/v2\/pages\/1441","targetHints":{"allow":["GET"]}}],"collection":[{"href":"https:\/\/fundacionseenart.org\/en\/wp-json\/wp\/v2\/pages"}],"about":[{"href":"https:\/\/fundacionseenart.org\/en\/wp-json\/wp\/v2\/types\/page"}],"author":[{"embeddable":true,"href":"https:\/\/fundacionseenart.org\/en\/wp-json\/wp\/v2\/users\/1"}],"replies":[{"embeddable":true,"href":"https:\/\/fundacionseenart.org\/en\/wp-json\/wp\/v2\/comments?post=1441"}],"version-history":[{"count":127,"href":"https:\/\/fundacionseenart.org\/en\/wp-json\/wp\/v2\/pages\/1441\/revisions"}],"predecessor-version":[{"id":2032,"href":"https:\/\/fundacionseenart.org\/en\/wp-json\/wp\/v2\/pages\/1441\/revisions\/2032"}],"wp:attachment":[{"href":"https:\/\/fundacionseenart.org\/en\/wp-json\/wp\/v2\/media?parent=1441"}],"curies":[{"name":"wp","href":"https:\/\/api.w.org\/{rel}","templated":true}]}}